{"id":844,"date":"2020-06-23T15:10:58","date_gmt":"2020-06-23T15:10:58","guid":{"rendered":"http:\/\/caralticonesa.com\/seguros-medicos\/"},"modified":"2022-09-27T11:59:57","modified_gmt":"2022-09-27T11:59:57","slug":"assegurances-mediques","status":"publish","type":"page","link":"https:\/\/caralticonesa.com\/ca\/assegurances-empreses\/assegurances-mediques\/","title":{"rendered":"ASSEGURANCES M\u00c8DIQUES"},"content":{"rendered":"<p>[vc_row][vc_column]\n\t\t\t<!-- START empleados 1 11 1 11 11 1 REVOLUTION SLIDER 6.1.3 --><p class=\"rs-p-wp-fix\"><\/p>\n\t\t\t<rs-module-wrap id=\"rev_slider_92_1_wrapper\" data-source=\"gallery\" style=\"background:transparent;padding:0;margin:0px auto;margin-top:0;margin-bottom:0;background-image:url(http:\/\/caralticonesa.com\/wp-content\/uploads\/2020\/03\/Intro-1-1.png);background-repeat:no-repeat;background-size:cover;background-position:center center;\">\n\t\t\t\t<rs-module id=\"rev_slider_92_1\" style=\"display:none;\" data-version=\"6.1.3\">\n\t\t\t\t\t<rs-slides>\n\t\t\t\t\t\t<rs-slide data-key=\"rs-96\" data-title=\"Slide\" data-anim=\"ei:d;eo:d;s:1000;r:0;t:fade;sl:0;\">\n\t\t\t\t\t\t\t<img loading=\"lazy\" decoding=\"async\" src=\"\/\/caralticonesa.com\/wp-content\/uploads\/2020\/06\/seguros-medicos.png\" title=\"seguros medicos\" width=\"1440\" height=\"229\" class=\"rev-slidebg\" data-no-retina>\n<!--\n\t\t\t\t\t\t\t--><rs-layer\n\t\t\t\t\t\t\t\tid=\"slider-92-slide-96-layer-0\" \n\t\t\t\t\t\t\t\tdata-type=\"text\"\n\t\t\t\t\t\t\t\tdata-color=\"#ffffff\"\n\t\t\t\t\t\t\t\tdata-rsp_ch=\"on\"\n\t\t\t\t\t\t\t\tdata-xy=\"x:c;y:c;\"\n\t\t\t\t\t\t\t\tdata-text=\"w:normal;s:45;l:55;\"\n\t\t\t\t\t\t\t\tdata-frame_999=\"o:0;st:w;\"\n\t\t\t\t\t\t\t\tstyle=\"z-index:5;font-family:Roboto;\"\n\t\t\t\t\t\t\t>SALUT PER EMPRESES I COLECTIUS \n\t\t\t\t\t\t\t<\/rs-layer><!--\n\n\t\t\t\t\t\t\t--><a\n\t\t\t\t\t\t\t\tid=\"slider-92-slide-96-layer-1\" \n\t\t\t\t\t\t\t\tclass=\"rs-layer\"\n\t\t\t\t\t\t\t\thref=\"tel:972336708\" target=\"_self\" rel=\"nofollow\"\n\t\t\t\t\t\t\t\tdata-type=\"image\"\n\t\t\t\t\t\t\t\tdata-rsp_ch=\"on\"\n\t\t\t\t\t\t\t\tdata-xy=\"x:r;y:c;\"\n\t\t\t\t\t\t\t\tdata-text=\"w:normal;\"\n\t\t\t\t\t\t\t\tdata-dim=\"w:40px;h:40px;\"\n\t\t\t\t\t\t\t\tdata-frame_999=\"o:0;st:w;\"\n\t\t\t\t\t\t\t\tstyle=\"z-index:6;font-family:Roboto;\"\n\t\t\t\t\t\t\t><img loading=\"lazy\" decoding=\"async\" src=\"\/\/caralticonesa.com\/wp-content\/uploads\/2020\/03\/Group-8.png\" width=\"40\" height=\"40\" data-no-retina> \n\t\t\t\t\t\t\t<\/a><!--\n-->\t\t\t\t\t\t<\/rs-slide>\n\t\t\t\t\t<\/rs-slides>\n\t\t\t\t\t<rs-progress class=\"rs-bottom\" style=\"visibility: hidden !important;\"><\/rs-progress>\n\t\t\t\t<\/rs-module>\n\t\t\t\t<script type=\"text\/javascript\">\n\t\t\t\t\tsetREVStartSize({c: 'rev_slider_92_1',rl:[1240,1024,778,480],el:[200],gw:[1240],gh:[200],layout:'fullwidth',mh:\"0\"});\n\t\t\t\t\tvar\trevapi92,\n\t\t\t\t\t\ttpj;\n\t\t\t\t\tjQuery(function() {\n\t\t\t\t\t\ttpj = jQuery;\n\t\t\t\t\t\tif(tpj(\"#rev_slider_92_1\").revolution == undefined){\n\t\t\t\t\t\t\trevslider_showDoubleJqueryError(\"#rev_slider_92_1\");\n\t\t\t\t\t\t}else{\n\t\t\t\t\t\t\trevapi92 = tpj(\"#rev_slider_92_1\").show().revolution({\n\t\t\t\t\t\t\t\tjsFileLocation:\"\/\/caralticonesa.com\/wp-content\/plugins\/revslider\/public\/assets\/js\/\",\n\t\t\t\t\t\t\t\tsliderLayout:\"fullwidth\",\n\t\t\t\t\t\t\t\tvisibilityLevels:\"1240,1024,778,480\",\n\t\t\t\t\t\t\t\tgridwidth:1240,\n\t\t\t\t\t\t\t\tgridheight:200,\n\t\t\t\t\t\t\t\tminHeight:\"\",\n\t\t\t\t\t\t\t\tspinner:\"spinner0\",\n\t\t\t\t\t\t\t\teditorheight:\"200,768,960,720\",\n\t\t\t\t\t\t\t\tresponsiveLevels:\"1240,1024,778,480\",\n\t\t\t\t\t\t\t\tdisableProgressBar:\"on\",\n\t\t\t\t\t\t\t\tnavigation: {\n\t\t\t\t\t\t\t\t\tonHoverStop:false\n\t\t\t\t\t\t\t\t},\n\t\t\t\t\t\t\t\tfallbacks: {\n\t\t\t\t\t\t\t\t\tallowHTML5AutoPlayOnAndroid:true\n\t\t\t\t\t\t\t\t},\n\t\t\t\t\t\t\t});\n\t\t\t\t\t\t}\n\t\t\t\t\t\t\n\t\t\t\t\t});\n\t\t\t\t<\/script>\n\t\t\t<\/rs-module-wrap>\n\t\t\t<!-- END REVOLUTION SLIDER -->\n[vc_empty_space height=&#8221;50px&#8221;][\/vc_column][\/vc_row][vc_row full_width=&#8221;stretch_row_content&#8221; equal_height=&#8221;yes&#8221; css=&#8221;.vc_custom_1585902987499{padding-right: 5% !important;padding-left: 5% !important;}&#8221;][vc_column width=&#8221;1\/3&#8243;][vc_single_image image=&#8221;383&#8243; img_size=&#8221;full&#8221;][\/vc_column][vc_column width=&#8221;2\/3&#8243; css=&#8221;.vc_custom_1585901377232{padding-right: 3% !important;}&#8221;][vc_column_text el_class=&#8221;intro-text&#8221;]Millora la qualitat de vida dels empleats, i la imatge d&#8217;empresa.<\/p>\n<p>L&#8217;asseguran\u00e7a de salut \u00e9s una inversi\u00f3 on a trav\u00e9s de la contractaci\u00f3 col\u00b7lectiva, l&#8217;empresa aconsegueix un important estalvi, ja que evita l&#8217;absentisme laboral, causat pel retard de diagn\u00f2stics, tractaments m\u00e8dics, i intervencions, de la sanitat p\u00fablica i accelera la reincorporaci\u00f3 de treballadors gr\u00e0cies als accessos de tecnologies i tractaments m\u00e9s innovadors i una recuperaci\u00f3 de pacient en menys temps, en la medicina privada.Ofrece la possibilitat d&#8217;escollir centres m\u00e8dics i professionals.<\/p>\n<p>Hi ha diferents f\u00f3rmules que s&#8217;adapten a les necessitats de l&#8217;empresa.[\/vc_column_text][vc_empty_space height=&#8221;50px&#8221;][vc_btn title=&#8221;Cotitza&#8221; color=&#8221;green&#8221; align=&#8221;left&#8221; link=&#8221;url:http%3A%2F%2Fcaralticonesa.com%2Fca%2Fassegurances-empreses%2F|title:Empreses||&#8221; el_class=&#8221;botonverde cotitza&#8221;][\/vc_column][\/vc_row][vc_row full_width=&#8221;stretch_row&#8221; css=&#8221;.vc_custom_1585903095164{padding-right: 5% !important;padding-left: 5% !important;}&#8221;][vc_column][vc_empty_space][vc_column_text]<strong>BENEFICI SOCIAL<\/strong><\/p>\n<p>L&#8217;empresa assumeix el cost de l&#8217;asseguran\u00e7a de salut i es converteix en un benefici social si l&#8217;empresa assumeix el cost, I podr\u00e0 deduir-se el 100% de el cost de la contractaci\u00f3 de l&#8217;asseguran\u00e7a sobre el I.S. , Aconseguir\u00e0 treballadors m\u00e9s motivats i un augment de la productivitat.<\/p>\n<p>\u00c9s una eina per retenir el talent i disminueix la fugida de coneixement.<br \/>\nI els treballadors ho valoren molt positivament, generant pertinen\u00e7a a grup empresa.<\/p>\n<p><strong>COL\u00b7LECTIU OBERT<\/strong><\/p>\n<p>La companyia participa d&#8217;en la negociaci\u00f3, i actua com a central de compres, oferint de manera lliure i volunt\u00e0ria als seus treballadors, unes condicions de contractaci\u00f3 m\u00e9s avantatjoses que les que podria trobar el treballador de manera individual.<\/p>\n<p><strong>REMUNERACI\u00d2 FLEXIBLE<\/strong><\/p>\n<p>Aquesta possibilitat permet que l&#8217;empleat decideixi sobre quins productes o serveis vol contractar, i el cost d&#8217;aquests sigui descomptat del seu salari brut tot el cost o una part, podent oferir tamb\u00e9 com a benefici social.<\/p>\n<ul>\n<li>Augmenta el poder adquisitiu dels empleats, ja que redueix el pagament d&#8217;impostos a l&#8217;reduir les cotitzacions a la Seguretat Social.<\/li>\n<li>Aquesta soluci\u00f3 t\u00e9 m\u00e9s acceptaci\u00f3 i impacte sobre els empleats que i un cost inferior a una actualitzaci\u00f3 salarial.<\/li>\n<li>Eleva els nivells de satisfacci\u00f3 i implicaci\u00f3 de l&#8217;equip hum\u00e0 de l&#8217;empresa a tots els nivells.<\/li>\n<li>Permite usar-lo com a eina de negociaci\u00f2 positiva per a tots.<\/li>\n<\/ul>\n<p>[\/vc_column_text][vc_empty_space][\/vc_column][\/vc_row][vc_row full_width=&#8221;stretch_row&#8221; css=&#8221;.vc_custom_1585903095164{padding-right: 5% !important;padding-left: 5% !important;}&#8221;][vc_column][vc_empty_space][vc_column_text]<\/p>\n<h2 style=\"text-align: left;\">PREGUNTES FREQ\u00dcENTS<\/h2>\n<p>[\/vc_column_text][vc_empty_space][vc_tta_accordion][vc_tta_section title=&#8221;\u00bfLES COBERTURA D&#8217;UNA P\u00d2LISSA D&#8217;EMPRESA S\u00d3N SUPERIORS A les D&#8217;UNA P\u00d2LISSA PARTICULAR?&#8221; tab_id=&#8221;1596632816267-366e1083-1a71&#8243;][vc_column_text]Dependr\u00e0 de companyies i productes, encara que a nivell general, les cobertures solen ser les mateixes, i la difer\u00e8ncia de preu est\u00e0 motivada pel nombre d&#8217;assegurat superior a una asseguran\u00e7a de salut per a empresa que per a una fam\u00edlia.[\/vc_column_text][\/vc_tta_section][vc_tta_section title=&#8221;\u00bfMI ASSEGURAN\u00c7A M\u00c8DICA COBREIX ELS ACCIDENTS LABORALS?&#8221; tab_id=&#8221;1596632816322-776c55c0-7f56&#8243;][vc_column_text]La gran majoria de companyies d\u00f3na la possibilitat d&#8217;emparar, els accidents laborals, tot i que \u00e9s important consultar-ho amb el seu corredor d&#8217;assegurances.[\/vc_column_text][\/vc_tta_section][vc_tta_section title=&#8221;QUAN TRIGAR\u00c0 LA COMPANYIA DES A DISPOSA DE LA TARGETES I PODER UTILITZAR LA P\u00d2LISSA?&#8221; tab_id=&#8221;1596632842777-4dee5d86-1372&#8243;][vc_column_text]Dep\u00e8n de la companyia, tot i que el proc\u00e9s \u00e9s r\u00e1pido.Entre 1 i tres setmanes \u00e9s el temps habitual tenir activades totes les cobertures en una p\u00f2lissa de salut d&#8217;empresa, dependr\u00e0 de si els treballadors han de passar un q\u00fcestionari m\u00e8dic, entrevista m\u00e8dica o sense q\u00fcestionari.[\/vc_column_text][\/vc_tta_section][vc_tta_section title=&#8221;COM ES CONTRACTA UNA ASSEGURAN\u00c7A M\u00c8DIC, QU\u00c8 PROVES, PREGUNTES I REQUISITS?&#8221; tab_id=&#8221;1596632861763-452bc800-d70e&#8221;][vc_column_text]Per norma general, les companyies, fer passar un q\u00fcestionari m\u00e8dic a l&#8217;candidat, on s&#8217;han de contestar diverses preguntes relacionades amb el nostre estat de salut actual i passat.[\/vc_column_text][\/vc_tta_section][vc_tta_section title=&#8221;DES DEL PRIMER DIA PUC UTILITZAR TOTS ELS SERVEIS&#8221; tab_id=&#8221;1596632880415-25774290-f5b6&#8243;][vc_column_text]Si \u00e9s la primera vegada que estem assegurats en una asseguran\u00e7a de salut, des del primer dia, es pot utilitzar una gran varietat de serveis i altres com, hospitalitzaci\u00f3, proves diagn\u00f2stiques per imatge, o part haurem d&#8217;esperar entre 6 mesos a deu, depenent de compa\u00f1\u00edas.El nom que rep aquesta limitaci\u00f3 \u00e9s Manca, el vostre corredor d&#8217;assegurances haur\u00e0 explicar-vos amb deteniment l&#8217;abast d&#8217;aquestes limitacions.[\/vc_column_text][\/vc_tta_section][vc_tta_section title=&#8221;QU\u00c8 S\u00d3N les preexist\u00e8ncies&#8221; tab_id=&#8221;1596632897020-237d5555-09c3&#8243;][vc_column_text]S\u00f3n la patologies o dol\u00e8ncies cr\u00f2niques adquirides amb anterioritat a la contractaci\u00f3 de la p\u00f3liza.Por norma general, les companyies que seran coneixedores d&#8217;aix\u00f2, a trav\u00e9s del q\u00fcestionari m\u00e8dic, i decidiran si donen cobertura a aix\u00f2 o no.[\/vc_column_text][\/vc_tta_section][vc_tta_section title=&#8221;COM CANVIAR DE COMPANYIA&#8221; tab_id=&#8221;1596632915652-d30ba56b-688e&#8221;][vc_column_text]Per canviar de companyia, com la majoria de contractes d&#8217;assegurances, s&#8217;ha d&#8217;informar fefaentment amb un m\u00ednim de 30 dies a l&#8217;venciment de l&#8217;contrato.Se recomana abans d&#8217;informar la companyia de la intenci\u00f3 d&#8217;anul\u00b7lar el contracte realitzar el q\u00fcestionari de salut amb la nova companyia per verificar que ens acceptessin sense cap preexistencia.Aunque el mes important per canviar de companyia en una asseguran\u00e7a de salut \u00e9s valorar si les preexist\u00e8ncia que podem patir va ser acceptades per la nova asseguradora.[\/vc_column_text][\/vc_tta_section][vc_tta_section title=&#8221;QUE \u00c9S EL REEMBORSAMENT EN UNA P\u00d2LISSA DE SALUT&#8221; tab_id=&#8221;1596632931917-4ff0fcb5-134e&#8221;][vc_column_text]\u00c9s la soluci\u00f3 asseguradora que ofereix la cobertura de el 100% dels serveis prestats pels centres m\u00e8dics concertats amb la companyia, i (usualment) el 80% dels centres o metges que no estan dins de el quadre m\u00e8dic, l&#8217;assegurat l&#8217;\u00fanic que haur\u00e0 aportar a la companyia \u00e9s la factura dels serveis prestats, i est\u00e0 en un per\u00edode no superior a 10-15 dies abonar\u00e0 a l&#8217;assegurat el percentatge de l&#8217;80% o 90%.<\/p>\n<p>Sol ser un producte assegurador, amb un preu superior a l&#8217;de quadre m\u00e8dic.[\/vc_column_text][\/vc_tta_section][vc_tta_section title=&#8221;QUE \u00c9S UNA ASSEGURAN\u00c7A AMB COPAGAMENT&#8221; tab_id=&#8221;1596632953618-59b74522-739e&#8221;][vc_column_text]Per ajustar el preu de l&#8217;asseguran\u00e7a de salut, podem utilitzar aquesta opci\u00f3 que \u00e9s, que en cada prestaci\u00f3 de servei, l&#8217;assegurat participa amb una petita quantitat de el cost, el qual l&#8217;asseguradora facturar\u00e0 al beneficiari.Suelen estar limitats a un m\u00e0xim de copagaments per any i persona, i l&#8217;estalvi que es pot obtenir utilitzant aquest tipus de p\u00f2lissa \u00e9s de m\u00e9s de l&#8217;65% respecte una p\u00f2lissa est\u00e0ndard.[\/vc_column_text][\/vc_tta_section][\/vc_tta_accordion][\/vc_column][\/vc_row][vc_row][vc_column][vc_empty_space][vc_empty_space][\/vc_column][\/vc_row][vc_row][vc_column][vc_column_text]<\/p>\n<h2 style=\"text-align: center;\">Necessites una altra asseguran\u00e7a?<\/h2>\n<p style=\"text-align: center;\">Cobrim tots els riscos que puguis tenir<\/p>\n<p>[\/vc_column_text][vc_empty_space height=&#8221;50px&#8221;][vc_btn title=&#8221;ASSEGURANCES D&#8217;EMPRESES&#8221; align=&#8221;center&#8221; link=&#8221;url:http%3A%2F%2Fcaralticonesa.com%2Fca%2Fassegurances-empreses%2F|title:Empreses||&#8221;][vc_empty_space height=&#8221;50px&#8221;][\/vc_column][\/vc_row]<\/p>\n","protected":false},"excerpt":{"rendered":"<p>[vc_row][vc_column][vc_empty_space height=&#8221;50px&#8221;][\/vc_column][\/vc_row][vc_row full_width=&#8221;stretch_row_content&#8221; equal_height=&#8221;yes&#8221; css=&#8221;.vc_custom_1585902987499{padding-right: 5% !important;padding-left: 5% !important;}&#8221;][vc_column width=&#8221;1\/3&#8243;][vc_single_image image=&#8221;383&#8243; img_size=&#8221;full&#8221;][\/vc_column][vc_column width=&#8221;2\/3&#8243; css=&#8221;.vc_custom_1585901377232{padding-right: 3% !important;}&#8221;][vc_column_text el_class=&#8221;intro-text&#8221;]Millora la qualitat de vida dels empleats, i la [&hellip;]<\/p>\n","protected":false},"author":1,"featured_media":487,"parent":552,"menu_order":0,"comment_status":"closed","ping_status":"closed","template":"","meta":{"footnotes":""},"class_list":["post-844","page","type-page","status-publish","has-post-thumbnail","hentry"],"yoast_head":"<!-- This site is optimized with the Yoast SEO plugin v24.1 - https:\/\/yoast.com\/wordpress\/plugins\/seo\/ -->\n<title>ASSEGURANCES M\u00c8DIQUES - Caralt i Conesa<\/title>\n<meta name=\"robots\" content=\"index, follow, max-snippet:-1, max-image-preview:large, max-video-preview:-1\" \/>\n<link rel=\"canonical\" href=\"https:\/\/caralticonesa.com\/ca\/assegurances-empreses\/assegurances-mediques\/\" \/>\n<meta property=\"og:locale\" content=\"ca_ES\" \/>\n<meta property=\"og:type\" content=\"article\" \/>\n<meta property=\"og:title\" content=\"ASSEGURANCES M\u00c8DIQUES - Caralt i Conesa\" \/>\n<meta property=\"og:description\" content=\"[vc_row][vc_column][vc_empty_space height=&#8221;50px&#8221;][\/vc_column][\/vc_row][vc_row full_width=&#8221;stretch_row_content&#8221; equal_height=&#8221;yes&#8221; css=&#8221;.vc_custom_1585902987499{padding-right: 5% !important;padding-left: 5% !important;}&#8221;][vc_column width=&#8221;1\/3&#8243;][vc_single_image image=&#8221;383&#8243; img_size=&#8221;full&#8221;][\/vc_column][vc_column width=&#8221;2\/3&#8243; css=&#8221;.vc_custom_1585901377232{padding-right: 3% !important;}&#8221;][vc_column_text el_class=&#8221;intro-text&#8221;]Millora la qualitat de vida dels empleats, i la [&hellip;]\" \/>\n<meta property=\"og:url\" content=\"https:\/\/caralticonesa.com\/ca\/assegurances-empreses\/assegurances-mediques\/\" \/>\n<meta property=\"og:site_name\" content=\"Caralt i Conesa\" \/>\n<meta property=\"article:modified_time\" content=\"2022-09-27T11:59:57+00:00\" \/>\n<meta property=\"og:image\" content=\"https:\/\/caralticonesa.com\/wp-content\/uploads\/2020\/03\/Group-8.png\" \/>\n\t<meta property=\"og:image:width\" content=\"40\" \/>\n\t<meta property=\"og:image:height\" content=\"40\" \/>\n\t<meta property=\"og:image:type\" content=\"image\/png\" \/>\n<meta name=\"twitter:card\" content=\"summary_large_image\" \/>\n<meta name=\"twitter:label1\" content=\"Temps estimat de lectura\" \/>\n\t<meta name=\"twitter:data1\" content=\"7 minuts\" \/>\n<script type=\"application\/ld+json\" class=\"yoast-schema-graph\">{\"@context\":\"https:\/\/schema.org\",\"@graph\":[{\"@type\":\"WebPage\",\"@id\":\"https:\/\/caralticonesa.com\/ca\/assegurances-empreses\/assegurances-mediques\/\",\"url\":\"https:\/\/caralticonesa.com\/ca\/assegurances-empreses\/assegurances-mediques\/\",\"name\":\"ASSEGURANCES M\u00c8DIQUES - Caralt i Conesa\",\"isPartOf\":{\"@id\":\"https:\/\/caralticonesa.com\/#website\"},\"primaryImageOfPage\":{\"@id\":\"https:\/\/caralticonesa.com\/ca\/assegurances-empreses\/assegurances-mediques\/#primaryimage\"},\"image\":{\"@id\":\"https:\/\/caralticonesa.com\/ca\/assegurances-empreses\/assegurances-mediques\/#primaryimage\"},\"thumbnailUrl\":\"https:\/\/caralticonesa.com\/wp-content\/uploads\/2020\/03\/Group-8.png\",\"datePublished\":\"2020-06-23T15:10:58+00:00\",\"dateModified\":\"2022-09-27T11:59:57+00:00\",\"breadcrumb\":{\"@id\":\"https:\/\/caralticonesa.com\/ca\/assegurances-empreses\/assegurances-mediques\/#breadcrumb\"},\"inLanguage\":\"ca\",\"potentialAction\":[{\"@type\":\"ReadAction\",\"target\":[\"https:\/\/caralticonesa.com\/ca\/assegurances-empreses\/assegurances-mediques\/\"]}]},{\"@type\":\"ImageObject\",\"inLanguage\":\"ca\",\"@id\":\"https:\/\/caralticonesa.com\/ca\/assegurances-empreses\/assegurances-mediques\/#primaryimage\",\"url\":\"https:\/\/caralticonesa.com\/wp-content\/uploads\/2020\/03\/Group-8.png\",\"contentUrl\":\"https:\/\/caralticonesa.com\/wp-content\/uploads\/2020\/03\/Group-8.png\",\"width\":40,\"height\":40},{\"@type\":\"BreadcrumbList\",\"@id\":\"https:\/\/caralticonesa.com\/ca\/assegurances-empreses\/assegurances-mediques\/#breadcrumb\",\"itemListElement\":[{\"@type\":\"ListItem\",\"position\":1,\"name\":\"Portada\",\"item\":\"https:\/\/caralticonesa.com\/ca\/\"},{\"@type\":\"ListItem\",\"position\":2,\"name\":\"Empreses\",\"item\":\"https:\/\/caralticonesa.com\/ca\/assegurances-empreses\/\"},{\"@type\":\"ListItem\",\"position\":3,\"name\":\"ASSEGURANCES M\u00c8DIQUES\"}]},{\"@type\":\"WebSite\",\"@id\":\"https:\/\/caralticonesa.com\/#website\",\"url\":\"https:\/\/caralticonesa.com\/\",\"name\":\"Caralt i Conesa\",\"description\":\"Otro sitio realizado con WordPress\",\"potentialAction\":[{\"@type\":\"SearchAction\",\"target\":{\"@type\":\"EntryPoint\",\"urlTemplate\":\"https:\/\/caralticonesa.com\/?s={search_term_string}\"},\"query-input\":{\"@type\":\"PropertyValueSpecification\",\"valueRequired\":true,\"valueName\":\"search_term_string\"}}],\"inLanguage\":\"ca\"}]}<\/script>\n<!-- \/ Yoast SEO plugin. -->","yoast_head_json":{"title":"ASSEGURANCES M\u00c8DIQUES - Caralt i Conesa","robots":{"index":"index","follow":"follow","max-snippet":"max-snippet:-1","max-image-preview":"max-image-preview:large","max-video-preview":"max-video-preview:-1"},"canonical":"https:\/\/caralticonesa.com\/ca\/assegurances-empreses\/assegurances-mediques\/","og_locale":"ca_ES","og_type":"article","og_title":"ASSEGURANCES M\u00c8DIQUES - Caralt i Conesa","og_description":"[vc_row][vc_column][vc_empty_space height=&#8221;50px&#8221;][\/vc_column][\/vc_row][vc_row full_width=&#8221;stretch_row_content&#8221; equal_height=&#8221;yes&#8221; css=&#8221;.vc_custom_1585902987499{padding-right: 5% !important;padding-left: 5% !important;}&#8221;][vc_column width=&#8221;1\/3&#8243;][vc_single_image image=&#8221;383&#8243; img_size=&#8221;full&#8221;][\/vc_column][vc_column width=&#8221;2\/3&#8243; css=&#8221;.vc_custom_1585901377232{padding-right: 3% !important;}&#8221;][vc_column_text el_class=&#8221;intro-text&#8221;]Millora la qualitat de vida dels empleats, i la [&hellip;]","og_url":"https:\/\/caralticonesa.com\/ca\/assegurances-empreses\/assegurances-mediques\/","og_site_name":"Caralt i Conesa","article_modified_time":"2022-09-27T11:59:57+00:00","og_image":[{"width":40,"height":40,"url":"https:\/\/caralticonesa.com\/wp-content\/uploads\/2020\/03\/Group-8.png","type":"image\/png"}],"twitter_card":"summary_large_image","twitter_misc":{"Temps estimat de lectura":"7 minuts"},"schema":{"@context":"https:\/\/schema.org","@graph":[{"@type":"WebPage","@id":"https:\/\/caralticonesa.com\/ca\/assegurances-empreses\/assegurances-mediques\/","url":"https:\/\/caralticonesa.com\/ca\/assegurances-empreses\/assegurances-mediques\/","name":"ASSEGURANCES M\u00c8DIQUES - Caralt i Conesa","isPartOf":{"@id":"https:\/\/caralticonesa.com\/#website"},"primaryImageOfPage":{"@id":"https:\/\/caralticonesa.com\/ca\/assegurances-empreses\/assegurances-mediques\/#primaryimage"},"image":{"@id":"https:\/\/caralticonesa.com\/ca\/assegurances-empreses\/assegurances-mediques\/#primaryimage"},"thumbnailUrl":"https:\/\/caralticonesa.com\/wp-content\/uploads\/2020\/03\/Group-8.png","datePublished":"2020-06-23T15:10:58+00:00","dateModified":"2022-09-27T11:59:57+00:00","breadcrumb":{"@id":"https:\/\/caralticonesa.com\/ca\/assegurances-empreses\/assegurances-mediques\/#breadcrumb"},"inLanguage":"ca","potentialAction":[{"@type":"ReadAction","target":["https:\/\/caralticonesa.com\/ca\/assegurances-empreses\/assegurances-mediques\/"]}]},{"@type":"ImageObject","inLanguage":"ca","@id":"https:\/\/caralticonesa.com\/ca\/assegurances-empreses\/assegurances-mediques\/#primaryimage","url":"https:\/\/caralticonesa.com\/wp-content\/uploads\/2020\/03\/Group-8.png","contentUrl":"https:\/\/caralticonesa.com\/wp-content\/uploads\/2020\/03\/Group-8.png","width":40,"height":40},{"@type":"BreadcrumbList","@id":"https:\/\/caralticonesa.com\/ca\/assegurances-empreses\/assegurances-mediques\/#breadcrumb","itemListElement":[{"@type":"ListItem","position":1,"name":"Portada","item":"https:\/\/caralticonesa.com\/ca\/"},{"@type":"ListItem","position":2,"name":"Empreses","item":"https:\/\/caralticonesa.com\/ca\/assegurances-empreses\/"},{"@type":"ListItem","position":3,"name":"ASSEGURANCES M\u00c8DIQUES"}]},{"@type":"WebSite","@id":"https:\/\/caralticonesa.com\/#website","url":"https:\/\/caralticonesa.com\/","name":"Caralt i Conesa","description":"Otro sitio realizado con WordPress","potentialAction":[{"@type":"SearchAction","target":{"@type":"EntryPoint","urlTemplate":"https:\/\/caralticonesa.com\/?s={search_term_string}"},"query-input":{"@type":"PropertyValueSpecification","valueRequired":true,"valueName":"search_term_string"}}],"inLanguage":"ca"}]}},"_links":{"self":[{"href":"https:\/\/caralticonesa.com\/ca\/wp-json\/wp\/v2\/pages\/844"}],"collection":[{"href":"https:\/\/caralticonesa.com\/ca\/wp-json\/wp\/v2\/pages"}],"about":[{"href":"https:\/\/caralticonesa.com\/ca\/wp-json\/wp\/v2\/types\/page"}],"author":[{"embeddable":true,"href":"https:\/\/caralticonesa.com\/ca\/wp-json\/wp\/v2\/users\/1"}],"replies":[{"embeddable":true,"href":"https:\/\/caralticonesa.com\/ca\/wp-json\/wp\/v2\/comments?post=844"}],"version-history":[{"count":0,"href":"https:\/\/caralticonesa.com\/ca\/wp-json\/wp\/v2\/pages\/844\/revisions"}],"up":[{"embeddable":true,"href":"https:\/\/caralticonesa.com\/ca\/wp-json\/wp\/v2\/pages\/552"}],"wp:featuredmedia":[{"embeddable":true,"href":"https:\/\/caralticonesa.com\/ca\/wp-json\/wp\/v2\/media\/487"}],"wp:attachment":[{"href":"https:\/\/caralticonesa.com\/ca\/wp-json\/wp\/v2\/media?parent=844"}],"curies":[{"name":"wp","href":"https:\/\/api.w.org\/{rel}","templated":true}]}}