{"id":782,"date":"2020-04-17T12:26:56","date_gmt":"2020-04-17T12:26:56","guid":{"rendered":"http:\/\/caralticonesa.com\/seguros-rc-empresas\/"},"modified":"2020-08-12T11:54:04","modified_gmt":"2020-08-12T11:54:04","slug":"assegurances-rc","status":"publish","type":"page","link":"https:\/\/caralticonesa.com\/ca\/assegurances-empreses\/assegurances-rc\/","title":{"rendered":"ASSEGURANCES RC PER A EMPRESES"},"content":{"rendered":"<p>[vc_row][vc_column]\n\t\t\t<!-- START RC 1 REVOLUTION SLIDER 6.1.3 --><p class=\"rs-p-wp-fix\"><\/p>\n\t\t\t<rs-module-wrap id=\"rev_slider_36_1_wrapper\" data-source=\"gallery\" style=\"background:transparent;padding:0;margin:0px auto;margin-top:0;margin-bottom:0;background-image:url(http:\/\/caralticonesa.com\/wp-content\/uploads\/2020\/03\/Intro-1-1.png);background-repeat:no-repeat;background-size:cover;background-position:center center;\">\n\t\t\t\t<rs-module id=\"rev_slider_36_1\" style=\"display:none;\" data-version=\"6.1.3\">\n\t\t\t\t\t<rs-slides>\n\t\t\t\t\t\t<rs-slide data-key=\"rs-38\" data-title=\"Slide\" data-anim=\"ei:d;eo:d;s:1000;r:0;t:fade;sl:0;\">\n\t\t\t\t\t\t\t<img loading=\"lazy\" decoding=\"async\" src=\"\/\/caralticonesa.com\/wp-content\/uploads\/2020\/06\/rc.png\" title=\"rc\" width=\"1477\" height=\"200\" class=\"rev-slidebg\" data-no-retina>\n<!--\n\t\t\t\t\t\t\t--><rs-layer\n\t\t\t\t\t\t\t\tid=\"slider-36-slide-38-layer-0\" \n\t\t\t\t\t\t\t\tdata-type=\"text\"\n\t\t\t\t\t\t\t\tdata-color=\"#ffffff\"\n\t\t\t\t\t\t\t\tdata-rsp_ch=\"on\"\n\t\t\t\t\t\t\t\tdata-xy=\"x:c;y:c;\"\n\t\t\t\t\t\t\t\tdata-text=\"w:normal;s:45;l:55;\"\n\t\t\t\t\t\t\t\tdata-frame_999=\"o:0;st:w;\"\n\t\t\t\t\t\t\t\tstyle=\"z-index:5;font-family:Roboto;\"\n\t\t\t\t\t\t\t>ASSEGURANCES RC  \n\t\t\t\t\t\t\t<\/rs-layer><!--\n\n\t\t\t\t\t\t\t--><a\n\t\t\t\t\t\t\t\tid=\"slider-36-slide-38-layer-1\" \n\t\t\t\t\t\t\t\tclass=\"rs-layer\"\n\t\t\t\t\t\t\t\thref=\"tel:972336708\" target=\"_self\" rel=\"nofollow\"\n\t\t\t\t\t\t\t\tdata-type=\"image\"\n\t\t\t\t\t\t\t\tdata-rsp_ch=\"on\"\n\t\t\t\t\t\t\t\tdata-xy=\"x:r;y:c;\"\n\t\t\t\t\t\t\t\tdata-text=\"w:normal;\"\n\t\t\t\t\t\t\t\tdata-dim=\"w:40px;h:40px;\"\n\t\t\t\t\t\t\t\tdata-frame_999=\"o:0;st:w;\"\n\t\t\t\t\t\t\t\tstyle=\"z-index:6;font-family:Roboto;\"\n\t\t\t\t\t\t\t><img loading=\"lazy\" decoding=\"async\" src=\"\/\/caralticonesa.com\/wp-content\/uploads\/2020\/03\/Group-8.png\" width=\"40\" height=\"40\" data-no-retina> \n\t\t\t\t\t\t\t<\/a><!--\n-->\t\t\t\t\t\t<\/rs-slide>\n\t\t\t\t\t<\/rs-slides>\n\t\t\t\t\t<rs-progress class=\"rs-bottom\" style=\"visibility: hidden !important;\"><\/rs-progress>\n\t\t\t\t<\/rs-module>\n\t\t\t\t<script type=\"text\/javascript\">\n\t\t\t\t\tsetREVStartSize({c: 'rev_slider_36_1',rl:[1240,1024,778,480],el:[200],gw:[1240],gh:[200],layout:'fullwidth',mh:\"0\"});\n\t\t\t\t\tvar\trevapi36,\n\t\t\t\t\t\ttpj;\n\t\t\t\t\tjQuery(function() {\n\t\t\t\t\t\ttpj = jQuery;\n\t\t\t\t\t\tif(tpj(\"#rev_slider_36_1\").revolution == undefined){\n\t\t\t\t\t\t\trevslider_showDoubleJqueryError(\"#rev_slider_36_1\");\n\t\t\t\t\t\t}else{\n\t\t\t\t\t\t\trevapi36 = tpj(\"#rev_slider_36_1\").show().revolution({\n\t\t\t\t\t\t\t\tjsFileLocation:\"\/\/caralticonesa.com\/wp-content\/plugins\/revslider\/public\/assets\/js\/\",\n\t\t\t\t\t\t\t\tsliderLayout:\"fullwidth\",\n\t\t\t\t\t\t\t\tvisibilityLevels:\"1240,1024,778,480\",\n\t\t\t\t\t\t\t\tgridwidth:1240,\n\t\t\t\t\t\t\t\tgridheight:200,\n\t\t\t\t\t\t\t\tminHeight:\"\",\n\t\t\t\t\t\t\t\tspinner:\"spinner0\",\n\t\t\t\t\t\t\t\teditorheight:\"200,768,960,720\",\n\t\t\t\t\t\t\t\tresponsiveLevels:\"1240,1024,778,480\",\n\t\t\t\t\t\t\t\tdisableProgressBar:\"on\",\n\t\t\t\t\t\t\t\tnavigation: {\n\t\t\t\t\t\t\t\t\tonHoverStop:false\n\t\t\t\t\t\t\t\t},\n\t\t\t\t\t\t\t\tfallbacks: {\n\t\t\t\t\t\t\t\t\tallowHTML5AutoPlayOnAndroid:true\n\t\t\t\t\t\t\t\t},\n\t\t\t\t\t\t\t});\n\t\t\t\t\t\t}\n\t\t\t\t\t\t\n\t\t\t\t\t});\n\t\t\t\t<\/script>\n\t\t\t<\/rs-module-wrap>\n\t\t\t<!-- END REVOLUTION SLIDER -->\n[vc_empty_space height=&#8221;50px&#8221;][\/vc_column][\/vc_row][vc_row full_width=&#8221;stretch_row_content&#8221; equal_height=&#8221;yes&#8221; content_placement=&#8221;middle&#8221; css=&#8221;.vc_custom_1592912412418{padding-right: 5% !important;padding-left: 5% !important;}&#8221;][vc_column width=&#8221;1\/3&#8243;][vc_single_image image=&#8221;403&#8243; img_size=&#8221;full&#8221;][\/vc_column][vc_column width=&#8221;2\/3&#8243; css=&#8221;.vc_custom_1585901377232{padding-right: 3% !important;}&#8221;][vc_column_text el_class=&#8221;intro-text&#8221;]L&#8217;asseguran\u00e7a de Responsabilitat civil, \u00e9s l&#8217;eina financera, per protegir-nos de totes les possibles accions o omissions que provoquin reclamacions, amistoses i judicials del nostre entorn i els danys que aquestes causin.<\/p>\n<p>Com sigui l&#8217;eina dependr\u00e0 molt de l&#8217;activitat de l&#8217;empresa, la facturaci\u00f3 i la zona d&#8217;influ\u00e8ncia.[\/vc_column_text][\/vc_column][\/vc_row][vc_row full_width=&#8221;stretch_row&#8221; css=&#8221;.vc_custom_1585903095164{padding-right: 5% !important;padding-left: 5% !important;}&#8221;][vc_column][vc_empty_space][vc_column_text]<strong>RC EMPRESARIAL<\/strong><\/p>\n<p>Com els tipus de danys que pot causar una empresa s\u00f3n m\u00faltiples i a subjectes molt diferents, les maneres de cobrir i emparar aquests s\u00f3n igual de diversos.Las categories de responsabilitat civil s&#8217;agrupen b\u00e0sicament en quina tipologia de dany poden causar i al fet que subjecte poden afectar.<\/p>\n<p><strong>RC EXPLORACI\u00d3<\/strong><\/p>\n<p>La responsabilitat civil d&#8217;explotaci\u00f3 cobreix els danys i perjudicis causats pel desenvolupament de l&#8217;activitat principal les conseq\u00fc\u00e8ncies sigui civilment responsable l&#8217;assegurat.<\/p>\n<p><strong>RC PATRONAL<\/strong><\/p>\n<p>Danys o perjudicis que pugui causar l&#8217;empreses als seus treballadors, causat per una acci\u00f3 o una omissi\u00f3, imputable a l&#8217;empresa.<\/p>\n<p><strong>RC LOCATIVA<\/strong><\/p>\n<p>P\u00e8rdua i danys causats a l&#8217;immoble arrendat per l&#8217;assegurat, que sigui civilment responsable.<\/p>\n<p><strong>RC PRODUCTES<\/strong><\/p>\n<p>Assegurat que creu, fabriqui o manipuli productes, que causin danys a un tercer seria emparat per aquesta responsabilitat civil.<\/p>\n<p><strong>RC UNI\u00d3 I BARREJA<\/strong><\/p>\n<p>En aquesta cobertura s&#8217;empara el dany o cost dels productes finals que puguin estar afectats a causa d&#8217;un error o omissi\u00f3 d&#8217;un producte unit a la resta de l&#8217;elaborat.<\/p>\n<p><strong>RC POST-TREBALLS<\/strong><\/p>\n<p>Danys o perjudicis causats per un treball o manipulaci\u00f3, que s\u00f3n descoberts amb posterioritat a la elaboraci\u00f3 o reparaci\u00f3.<\/p>\n<p><strong>RC RETIRADA DE PRODUCTES<\/strong><\/p>\n<p>Amb aquesta cobertura es pot fer front als costos de recerca i retirada de producte, per ser requerit per l&#8217;autoritats sanit\u00e0ria competent.<\/p>\n<p><strong>RC SUBSIDIARIA<\/strong><\/p>\n<p>Responsabilitat civil que cobreix el possible danys a un tercer, causat per una empresa que treballi per l&#8217;assegurat, i la seva asseguran\u00e7a no sigui suficient o no tingui el.<\/p>\n<p><strong>RC CREUADA<\/strong><\/p>\n<p>Aquella que assumeix els danys i les p\u00e8rdues causats sobre un persones d&#8217;una contracta o subcontracta.<\/p>\n<p><b>RC PROFESSIONAL<\/b><\/p>\n<p>Aquesta modalitat cobreix els danys i perjudicis causats per actes professionals incorrectes comesos durant l&#8217;exercici del seu profesi\u00f3n.Tambi\u00e9n estan coberts les defensa l&#8217;assegurat i en alguns casos un subsidi per inhabilitaci\u00f3 profesional. Usualmente emparen persones f\u00edsiques que desenvolupen una professi\u00f3 que per la teva tipologia es deuen a uns codis professionals, procediments o m\u00e8todes.<\/p>\n<p><strong>RC DIRECTIUS ADMINISTRADORS<\/strong><\/p>\n<p>Aquesta soluci\u00f3 empara les possibles reclamacions contra administradors i directius d&#8217;una companyia, causades per l&#8217;activitat de presa de decisions.<\/p>\n<p>Es consideren tercers i per tant possibles reclamants<\/p>\n<ul>\n<li>La pr\u00f2pia empresa o societat.<\/li>\n<li>Els socis o part\u00edcips de l&#8217;empresa.<\/li>\n<li>Els empleats<\/li>\n<li>Les administracions p\u00fabliques<\/li>\n<li>Qualsevol creditor, prove\u00efdor i altres subministradors.<\/li>\n<li>En general qualsevol tercers amb interessos vulnerats.<\/li>\n<\/ul>\n<p><strong>RC MEDIAMBIENTAL<\/strong><\/p>\n<p>Tot danys causat a l&#8217;entorn, flora o fauna silvestre, segons el nostre ordenament jur\u00eddic ha de ser restitu\u00eft.<\/p>\n<p>Aquesta soluci\u00f3 asseguradora empara:<\/p>\n<ul>\n<li>Reparaci\u00f3 i indemnitzaci\u00f3 de danys materials.<\/li>\n<li>Indemnizaci\u00f3n de danys personals.<\/li>\n<li>En cas de danys a flora o fauna es garanteix la curaci\u00f3 o reposici\u00f3 de les esp\u00e8cies i la restauraci\u00f3 de les condicions necess\u00e0ries per a la seva vida.<\/li>\n<\/ul>\n<p><strong>RC CIBER<\/strong><\/p>\n<p>Aquest producte empara els cost tant de defensa com d&#8217;indemnitzaci\u00f3, per la reclamacions que puguem patir causades per:<\/p>\n<ul>\n<li>Publicacions de dades confidencials a trav\u00e9s de les xarxes.<\/li>\n<li>Danys causats a tercers a partir una fuga d&#8217;informaci\u00f3 que causi extorsions a tercers.<\/li>\n<li>Da\u00f1o per publicacions falsa o err\u00f2nies sobre tercers.<\/li>\n<\/ul>\n<p>[\/vc_column_text][vc_empty_space][\/vc_column][\/vc_row][vc_row full_width=&#8221;stretch_row&#8221; css=&#8221;.vc_custom_1585903095164{padding-right: 5% !important;padding-left: 5% !important;}&#8221;][vc_column][vc_empty_space][vc_column_text]<\/p>\n<h2 style=\"text-align: left;\">PREGUNTES FREQUENTS<\/h2>\n<p>[\/vc_column_text][vc_empty_space][vc_tta_accordion][vc_tta_section title=&#8221;\u00bf\u00c9S OBLIGATORI TENIR UNA ASSEGURAN\u00c7A DE RESPONSABILITAT CIVIL?&#8221; tab_id=&#8221;1596637038504-30de8dc1-8059&#8243;][vc_column_text]Dependr\u00e0 de l&#8217;activitat, no sempre ho \u00e9s, encara que \u00e9s molt recomanable, ja que el dany que es pot causar, supera en molt al que un pot asumir.Y sempre davant d&#8217;una reclamaci\u00f3 d&#8217;un tercer, \u00e9s millor comptar amb l&#8217;ajuda d&#8217;una companyia d&#8217;assegurances que ens ofereixi totes la seva experi\u00e8ncia en la defensa dels nostres interessos, que estar sols davant l reclamaci\u00f3.[\/vc_column_text][\/vc_tta_section][vc_tta_section title=&#8221;\u00bfNECESSITO UNA RC PROFESIONAL?&#8221; tab_id=&#8221;1596637038547-7638def0-b8a2&#8243;][vc_column_text]La responsabilitat civil professional, sol venir estar vinculada a les professionals que exigeixen una titulaci\u00f3 per realitzar-se la actividad.Aunque la millor opci\u00f3 l&#8217;obtindr\u00e0 del seu corredor d&#8217;assegurances.[\/vc_column_text][\/vc_tta_section][vc_tta_section title=&#8221;\u00bfCOM ES CALCULA EL COST D&#8217;UNA RESPONSABILITAT CIVIL?&#8221; tab_id=&#8221;1596637047891-51b89e90-c513&#8243;][vc_column_text]Hi ha molts factors que poden determinar el preu d&#8217;una p\u00f2lissa de responsabilitat civil, tot i que els principals, s\u00f3n l&#8217;activitat, els capitals a assegurar, el conjunt de garanties i el valor de la facturaci\u00f3 de l&#8217;empresa a assegurar.[\/vc_column_text][\/vc_tta_section][vc_tta_section title=&#8221;\u00bfQUE CAPITALS HE CONTRACTAR?&#8221; tab_id=&#8221;1596637054233-68b4c69d-aecc&#8221;][vc_column_text]Hi ha tipologies d&#8217;asseguran\u00e7a que pel nostre ordenament jur\u00eddic, ja estableixen uns m\u00ednims, per a la resta, valorar quina \u00e9s la reclamaci\u00f3 m\u00e9s quantiosa que podem rebre i atraves que subactivitat,[\/vc_column_text][\/vc_tta_section][\/vc_tta_accordion][\/vc_column][\/vc_row][vc_row full_width=&#8221;stretch_row&#8221; css=&#8221;.vc_custom_1585903016164{padding-right: 5% !important;padding-left: 5% !important;background-color: #fafafa !important;}&#8221;][vc_column][vc_empty_space height=&#8221;60px&#8221;][\/vc_column][\/vc_row][vc_row css=&#8221;.vc_custom_1585903024381{padding-right: 5% !important;padding-left: 5% !important;}&#8221;][vc_column][vc_column_text]<\/p>\n<h2 style=\"text-align: center;\">Necessites una altra asseguran\u00e7a?<\/h2>\n<p>[\/vc_column_text][vc_column_text]<\/p>\n<p style=\"text-align: center;\">Cobrim tots els riscos que puguis tenir<\/p>\n<p>[\/vc_column_text][vc_empty_space height=&#8221;50px&#8221;][vc_btn title=&#8221;ASSEGURANCES D&#8217;EMPRESES&#8221; align=&#8221;center&#8221; link=&#8221;url:http%3A%2F%2Fcaralticonesa.com%2Fca%2Fassegurances-empreses%2F|title:Empreses||&#8221;][vc_empty_space height=&#8221;50px&#8221;][\/vc_column][\/vc_row]<\/p>\n","protected":false},"excerpt":{"rendered":"<p>[vc_row][vc_column][vc_empty_space height=&#8221;50px&#8221;][\/vc_column][\/vc_row][vc_row full_width=&#8221;stretch_row_content&#8221; equal_height=&#8221;yes&#8221; content_placement=&#8221;middle&#8221; css=&#8221;.vc_custom_1592912412418{padding-right: 5% !important;padding-left: 5% !important;}&#8221;][vc_column width=&#8221;1\/3&#8243;][vc_single_image image=&#8221;403&#8243; img_size=&#8221;full&#8221;][\/vc_column][vc_column width=&#8221;2\/3&#8243; css=&#8221;.vc_custom_1585901377232{padding-right: 3% !important;}&#8221;][vc_column_text el_class=&#8221;intro-text&#8221;]L&#8217;asseguran\u00e7a de Responsabilitat civil, \u00e9s l&#8217;eina financera, per [&hellip;]<\/p>\n","protected":false},"author":1,"featured_media":779,"parent":552,"menu_order":0,"comment_status":"closed","ping_status":"closed","template":"","meta":{"footnotes":""},"class_list":["post-782","page","type-page","status-publish","has-post-thumbnail","hentry"],"yoast_head":"<!-- This site is optimized with the Yoast SEO plugin v24.1 - https:\/\/yoast.com\/wordpress\/plugins\/seo\/ -->\n<title>ASSEGURANCES RC PER A EMPRESES - Caralt i Conesa<\/title>\n<meta name=\"robots\" content=\"index, follow, max-snippet:-1, max-image-preview:large, max-video-preview:-1\" \/>\n<link rel=\"canonical\" href=\"https:\/\/caralticonesa.com\/ca\/assegurances-empreses\/assegurances-rc\/\" \/>\n<meta property=\"og:locale\" content=\"ca_ES\" \/>\n<meta property=\"og:type\" content=\"article\" \/>\n<meta property=\"og:title\" content=\"ASSEGURANCES RC PER A EMPRESES - Caralt i Conesa\" \/>\n<meta property=\"og:description\" content=\"[vc_row][vc_column][vc_empty_space height=&#8221;50px&#8221;][\/vc_column][\/vc_row][vc_row full_width=&#8221;stretch_row_content&#8221; equal_height=&#8221;yes&#8221; content_placement=&#8221;middle&#8221; css=&#8221;.vc_custom_1592912412418{padding-right: 5% !important;padding-left: 5% !important;}&#8221;][vc_column width=&#8221;1\/3&#8243;][vc_single_image image=&#8221;403&#8243; img_size=&#8221;full&#8221;][\/vc_column][vc_column width=&#8221;2\/3&#8243; css=&#8221;.vc_custom_1585901377232{padding-right: 3% !important;}&#8221;][vc_column_text el_class=&#8221;intro-text&#8221;]L&#8217;asseguran\u00e7a de Responsabilitat civil, \u00e9s l&#8217;eina financera, per [&hellip;]\" \/>\n<meta property=\"og:url\" content=\"https:\/\/caralticonesa.com\/ca\/assegurances-empreses\/assegurances-rc\/\" \/>\n<meta property=\"og:site_name\" content=\"Caralt i Conesa\" \/>\n<meta property=\"article:modified_time\" content=\"2020-08-12T11:54:04+00:00\" \/>\n<meta property=\"og:image\" content=\"https:\/\/caralticonesa.com\/wp-content\/uploads\/2020\/06\/rc.png\" \/>\n\t<meta property=\"og:image:width\" content=\"1477\" \/>\n\t<meta property=\"og:image:height\" content=\"200\" \/>\n\t<meta property=\"og:image:type\" content=\"image\/png\" \/>\n<meta name=\"twitter:card\" content=\"summary_large_image\" \/>\n<meta name=\"twitter:label1\" content=\"Temps estimat de lectura\" \/>\n\t<meta name=\"twitter:data1\" content=\"5 minuts\" \/>\n<script type=\"application\/ld+json\" class=\"yoast-schema-graph\">{\"@context\":\"https:\/\/schema.org\",\"@graph\":[{\"@type\":\"WebPage\",\"@id\":\"https:\/\/caralticonesa.com\/ca\/assegurances-empreses\/assegurances-rc\/\",\"url\":\"https:\/\/caralticonesa.com\/ca\/assegurances-empreses\/assegurances-rc\/\",\"name\":\"ASSEGURANCES RC PER A EMPRESES - Caralt i Conesa\",\"isPartOf\":{\"@id\":\"https:\/\/caralticonesa.com\/#website\"},\"primaryImageOfPage\":{\"@id\":\"https:\/\/caralticonesa.com\/ca\/assegurances-empreses\/assegurances-rc\/#primaryimage\"},\"image\":{\"@id\":\"https:\/\/caralticonesa.com\/ca\/assegurances-empreses\/assegurances-rc\/#primaryimage\"},\"thumbnailUrl\":\"https:\/\/caralticonesa.com\/wp-content\/uploads\/2020\/06\/rc.png\",\"datePublished\":\"2020-04-17T12:26:56+00:00\",\"dateModified\":\"2020-08-12T11:54:04+00:00\",\"breadcrumb\":{\"@id\":\"https:\/\/caralticonesa.com\/ca\/assegurances-empreses\/assegurances-rc\/#breadcrumb\"},\"inLanguage\":\"ca\",\"potentialAction\":[{\"@type\":\"ReadAction\",\"target\":[\"https:\/\/caralticonesa.com\/ca\/assegurances-empreses\/assegurances-rc\/\"]}]},{\"@type\":\"ImageObject\",\"inLanguage\":\"ca\",\"@id\":\"https:\/\/caralticonesa.com\/ca\/assegurances-empreses\/assegurances-rc\/#primaryimage\",\"url\":\"https:\/\/caralticonesa.com\/wp-content\/uploads\/2020\/06\/rc.png\",\"contentUrl\":\"https:\/\/caralticonesa.com\/wp-content\/uploads\/2020\/06\/rc.png\",\"width\":1477,\"height\":200},{\"@type\":\"BreadcrumbList\",\"@id\":\"https:\/\/caralticonesa.com\/ca\/assegurances-empreses\/assegurances-rc\/#breadcrumb\",\"itemListElement\":[{\"@type\":\"ListItem\",\"position\":1,\"name\":\"Portada\",\"item\":\"https:\/\/caralticonesa.com\/ca\/\"},{\"@type\":\"ListItem\",\"position\":2,\"name\":\"Empreses\",\"item\":\"https:\/\/caralticonesa.com\/ca\/assegurances-empreses\/\"},{\"@type\":\"ListItem\",\"position\":3,\"name\":\"ASSEGURANCES RC PER A EMPRESES\"}]},{\"@type\":\"WebSite\",\"@id\":\"https:\/\/caralticonesa.com\/#website\",\"url\":\"https:\/\/caralticonesa.com\/\",\"name\":\"Caralt i Conesa\",\"description\":\"Otro sitio realizado con WordPress\",\"potentialAction\":[{\"@type\":\"SearchAction\",\"target\":{\"@type\":\"EntryPoint\",\"urlTemplate\":\"https:\/\/caralticonesa.com\/?s={search_term_string}\"},\"query-input\":{\"@type\":\"PropertyValueSpecification\",\"valueRequired\":true,\"valueName\":\"search_term_string\"}}],\"inLanguage\":\"ca\"}]}<\/script>\n<!-- \/ Yoast SEO plugin. -->","yoast_head_json":{"title":"ASSEGURANCES RC PER A EMPRESES - Caralt i Conesa","robots":{"index":"index","follow":"follow","max-snippet":"max-snippet:-1","max-image-preview":"max-image-preview:large","max-video-preview":"max-video-preview:-1"},"canonical":"https:\/\/caralticonesa.com\/ca\/assegurances-empreses\/assegurances-rc\/","og_locale":"ca_ES","og_type":"article","og_title":"ASSEGURANCES RC PER A EMPRESES - Caralt i Conesa","og_description":"[vc_row][vc_column][vc_empty_space height=&#8221;50px&#8221;][\/vc_column][\/vc_row][vc_row full_width=&#8221;stretch_row_content&#8221; equal_height=&#8221;yes&#8221; content_placement=&#8221;middle&#8221; css=&#8221;.vc_custom_1592912412418{padding-right: 5% !important;padding-left: 5% !important;}&#8221;][vc_column width=&#8221;1\/3&#8243;][vc_single_image image=&#8221;403&#8243; img_size=&#8221;full&#8221;][\/vc_column][vc_column width=&#8221;2\/3&#8243; css=&#8221;.vc_custom_1585901377232{padding-right: 3% !important;}&#8221;][vc_column_text el_class=&#8221;intro-text&#8221;]L&#8217;asseguran\u00e7a de Responsabilitat civil, \u00e9s l&#8217;eina financera, per [&hellip;]","og_url":"https:\/\/caralticonesa.com\/ca\/assegurances-empreses\/assegurances-rc\/","og_site_name":"Caralt i Conesa","article_modified_time":"2020-08-12T11:54:04+00:00","og_image":[{"width":1477,"height":200,"url":"https:\/\/caralticonesa.com\/wp-content\/uploads\/2020\/06\/rc.png","type":"image\/png"}],"twitter_card":"summary_large_image","twitter_misc":{"Temps estimat de lectura":"5 minuts"},"schema":{"@context":"https:\/\/schema.org","@graph":[{"@type":"WebPage","@id":"https:\/\/caralticonesa.com\/ca\/assegurances-empreses\/assegurances-rc\/","url":"https:\/\/caralticonesa.com\/ca\/assegurances-empreses\/assegurances-rc\/","name":"ASSEGURANCES RC PER A EMPRESES - Caralt i Conesa","isPartOf":{"@id":"https:\/\/caralticonesa.com\/#website"},"primaryImageOfPage":{"@id":"https:\/\/caralticonesa.com\/ca\/assegurances-empreses\/assegurances-rc\/#primaryimage"},"image":{"@id":"https:\/\/caralticonesa.com\/ca\/assegurances-empreses\/assegurances-rc\/#primaryimage"},"thumbnailUrl":"https:\/\/caralticonesa.com\/wp-content\/uploads\/2020\/06\/rc.png","datePublished":"2020-04-17T12:26:56+00:00","dateModified":"2020-08-12T11:54:04+00:00","breadcrumb":{"@id":"https:\/\/caralticonesa.com\/ca\/assegurances-empreses\/assegurances-rc\/#breadcrumb"},"inLanguage":"ca","potentialAction":[{"@type":"ReadAction","target":["https:\/\/caralticonesa.com\/ca\/assegurances-empreses\/assegurances-rc\/"]}]},{"@type":"ImageObject","inLanguage":"ca","@id":"https:\/\/caralticonesa.com\/ca\/assegurances-empreses\/assegurances-rc\/#primaryimage","url":"https:\/\/caralticonesa.com\/wp-content\/uploads\/2020\/06\/rc.png","contentUrl":"https:\/\/caralticonesa.com\/wp-content\/uploads\/2020\/06\/rc.png","width":1477,"height":200},{"@type":"BreadcrumbList","@id":"https:\/\/caralticonesa.com\/ca\/assegurances-empreses\/assegurances-rc\/#breadcrumb","itemListElement":[{"@type":"ListItem","position":1,"name":"Portada","item":"https:\/\/caralticonesa.com\/ca\/"},{"@type":"ListItem","position":2,"name":"Empreses","item":"https:\/\/caralticonesa.com\/ca\/assegurances-empreses\/"},{"@type":"ListItem","position":3,"name":"ASSEGURANCES RC PER A EMPRESES"}]},{"@type":"WebSite","@id":"https:\/\/caralticonesa.com\/#website","url":"https:\/\/caralticonesa.com\/","name":"Caralt i Conesa","description":"Otro sitio realizado con WordPress","potentialAction":[{"@type":"SearchAction","target":{"@type":"EntryPoint","urlTemplate":"https:\/\/caralticonesa.com\/?s={search_term_string}"},"query-input":{"@type":"PropertyValueSpecification","valueRequired":true,"valueName":"search_term_string"}}],"inLanguage":"ca"}]}},"_links":{"self":[{"href":"https:\/\/caralticonesa.com\/ca\/wp-json\/wp\/v2\/pages\/782"}],"collection":[{"href":"https:\/\/caralticonesa.com\/ca\/wp-json\/wp\/v2\/pages"}],"about":[{"href":"https:\/\/caralticonesa.com\/ca\/wp-json\/wp\/v2\/types\/page"}],"author":[{"embeddable":true,"href":"https:\/\/caralticonesa.com\/ca\/wp-json\/wp\/v2\/users\/1"}],"replies":[{"embeddable":true,"href":"https:\/\/caralticonesa.com\/ca\/wp-json\/wp\/v2\/comments?post=782"}],"version-history":[{"count":0,"href":"https:\/\/caralticonesa.com\/ca\/wp-json\/wp\/v2\/pages\/782\/revisions"}],"up":[{"embeddable":true,"href":"https:\/\/caralticonesa.com\/ca\/wp-json\/wp\/v2\/pages\/552"}],"wp:featuredmedia":[{"embeddable":true,"href":"https:\/\/caralticonesa.com\/ca\/wp-json\/wp\/v2\/media\/779"}],"wp:attachment":[{"href":"https:\/\/caralticonesa.com\/ca\/wp-json\/wp\/v2\/media?parent=782"}],"curies":[{"name":"wp","href":"https:\/\/api.w.org\/{rel}","templated":true}]}}