{"id":740,"date":"2020-04-17T12:37:46","date_gmt":"2020-04-17T12:37:46","guid":{"rendered":"http:\/\/caralticonesa.com\/bicicletas\/"},"modified":"2020-08-12T12:11:05","modified_gmt":"2020-08-12T12:11:05","slug":"bicicletes","status":"publish","type":"page","link":"https:\/\/caralticonesa.com\/ca\/assegurances-particulars\/bicicletes\/","title":{"rendered":"BICICLETES"},"content":{"rendered":"<p>[vc_row][vc_column]\n\t\t\t<!-- START Bicicletes REVOLUTION SLIDER 6.1.3 --><p class=\"rs-p-wp-fix\"><\/p>\n\t\t\t<rs-module-wrap id=\"rev_slider_40_1_wrapper\" data-source=\"gallery\" style=\"background:transparent;padding:0;margin:0px auto;margin-top:0;margin-bottom:0;background-image:url(http:\/\/caralticonesa.com\/wp-content\/uploads\/2020\/03\/Intro-1-1.png);background-repeat:no-repeat;background-size:cover;background-position:center center;\">\n\t\t\t\t<rs-module id=\"rev_slider_40_1\" style=\"display:none;\" data-version=\"6.1.3\">\n\t\t\t\t\t<rs-slides>\n\t\t\t\t\t\t<rs-slide data-key=\"rs-42\" data-title=\"Slide\" data-anim=\"ei:d;eo:d;s:1000;r:0;t:fade;sl:0;\">\n\t\t\t\t\t\t\t<img loading=\"lazy\" decoding=\"async\" src=\"\/\/caralticonesa.com\/wp-content\/uploads\/2020\/06\/bicicleta-1.png\" title=\"bicicleta\" width=\"1494\" height=\"206\" class=\"rev-slidebg\" data-no-retina>\n<!--\n\t\t\t\t\t\t\t--><rs-layer\n\t\t\t\t\t\t\t\tid=\"slider-40-slide-42-layer-0\" \n\t\t\t\t\t\t\t\tdata-type=\"text\"\n\t\t\t\t\t\t\t\tdata-color=\"#ffffff\"\n\t\t\t\t\t\t\t\tdata-rsp_ch=\"on\"\n\t\t\t\t\t\t\t\tdata-xy=\"x:c;y:c;\"\n\t\t\t\t\t\t\t\tdata-text=\"w:normal;s:45;l:55;\"\n\t\t\t\t\t\t\t\tdata-frame_999=\"o:0;st:w;\"\n\t\t\t\t\t\t\t\tstyle=\"z-index:5;font-family:Roboto;\"\n\t\t\t\t\t\t\t>BICICLETES \n\t\t\t\t\t\t\t<\/rs-layer><!--\n\n\t\t\t\t\t\t\t--><a\n\t\t\t\t\t\t\t\tid=\"slider-40-slide-42-layer-1\" \n\t\t\t\t\t\t\t\tclass=\"rs-layer\"\n\t\t\t\t\t\t\t\thref=\"tel:972336708\" target=\"_self\" rel=\"nofollow\"\n\t\t\t\t\t\t\t\tdata-type=\"image\"\n\t\t\t\t\t\t\t\tdata-rsp_ch=\"on\"\n\t\t\t\t\t\t\t\tdata-xy=\"x:r;y:c;\"\n\t\t\t\t\t\t\t\tdata-text=\"w:normal;\"\n\t\t\t\t\t\t\t\tdata-dim=\"w:40px;h:40px;\"\n\t\t\t\t\t\t\t\tdata-frame_999=\"o:0;st:w;\"\n\t\t\t\t\t\t\t\tstyle=\"z-index:6;font-family:Roboto;\"\n\t\t\t\t\t\t\t><img loading=\"lazy\" decoding=\"async\" src=\"\/\/caralticonesa.com\/wp-content\/uploads\/2020\/03\/Group-8.png\" width=\"40\" height=\"40\" data-no-retina> \n\t\t\t\t\t\t\t<\/a><!--\n-->\t\t\t\t\t\t<\/rs-slide>\n\t\t\t\t\t<\/rs-slides>\n\t\t\t\t\t<rs-progress class=\"rs-bottom\" style=\"visibility: hidden !important;\"><\/rs-progress>\n\t\t\t\t<\/rs-module>\n\t\t\t\t<script type=\"text\/javascript\">\n\t\t\t\t\tsetREVStartSize({c: 'rev_slider_40_1',rl:[1240,1024,778,480],el:[200],gw:[1240],gh:[200],layout:'fullwidth',mh:\"0\"});\n\t\t\t\t\tvar\trevapi40,\n\t\t\t\t\t\ttpj;\n\t\t\t\t\tjQuery(function() {\n\t\t\t\t\t\ttpj = jQuery;\n\t\t\t\t\t\tif(tpj(\"#rev_slider_40_1\").revolution == undefined){\n\t\t\t\t\t\t\trevslider_showDoubleJqueryError(\"#rev_slider_40_1\");\n\t\t\t\t\t\t}else{\n\t\t\t\t\t\t\trevapi40 = tpj(\"#rev_slider_40_1\").show().revolution({\n\t\t\t\t\t\t\t\tjsFileLocation:\"\/\/caralticonesa.com\/wp-content\/plugins\/revslider\/public\/assets\/js\/\",\n\t\t\t\t\t\t\t\tsliderLayout:\"fullwidth\",\n\t\t\t\t\t\t\t\tvisibilityLevels:\"1240,1024,778,480\",\n\t\t\t\t\t\t\t\tgridwidth:1240,\n\t\t\t\t\t\t\t\tgridheight:200,\n\t\t\t\t\t\t\t\tminHeight:\"\",\n\t\t\t\t\t\t\t\tspinner:\"spinner0\",\n\t\t\t\t\t\t\t\teditorheight:\"200,768,960,720\",\n\t\t\t\t\t\t\t\tresponsiveLevels:\"1240,1024,778,480\",\n\t\t\t\t\t\t\t\tdisableProgressBar:\"on\",\n\t\t\t\t\t\t\t\tnavigation: {\n\t\t\t\t\t\t\t\t\tonHoverStop:false\n\t\t\t\t\t\t\t\t},\n\t\t\t\t\t\t\t\tfallbacks: {\n\t\t\t\t\t\t\t\t\tallowHTML5AutoPlayOnAndroid:true\n\t\t\t\t\t\t\t\t},\n\t\t\t\t\t\t\t});\n\t\t\t\t\t\t}\n\t\t\t\t\t\t\n\t\t\t\t\t});\n\t\t\t\t<\/script>\n\t\t\t<\/rs-module-wrap>\n\t\t\t<!-- END REVOLUTION SLIDER -->\n[vc_empty_space height=&#8221;50px&#8221;][\/vc_column][\/vc_row][vc_row full_width=&#8221;stretch_row_content&#8221; equal_height=&#8221;yes&#8221; css=&#8221;.vc_custom_1585902987499{padding-right: 5% !important;padding-left: 5% !important;}&#8221;][vc_column width=&#8221;1\/3&#8243;][vc_single_image image=&#8221;877&#8243; img_size=&#8221;full&#8221;][\/vc_column][vc_column width=&#8221;2\/3&#8243; css=&#8221;.vc_custom_1585901377232{padding-right: 3% !important;}&#8221;][vc_column_text el_class=&#8221;intro-text&#8221;]Les assegurances de bicicletes, ens ofereixen totes les cobertures que puguem necessitar per protegir la bicicleta, que algunes vegades s\u00f3n de valors molt rellevants, com prestar serveis en cas d&#8217;accidents o col\u00b7lisi\u00f3 a trav\u00e9s de la cobertura d&#8217;accidents i de defensa per reclamar sobre el causante.Tambi\u00e9n es cobreix els danys soferts per la bicicleta, en cas d&#8217;accident o robo.Y els danys causats a un tercer, que el ciclista sigui responsable per responsabilitat civil.[\/vc_column_text][vc_empty_space height=&#8221;50px&#8221;][\/vc_column][\/vc_row][vc_row full_width=&#8221;stretch_row&#8221; css=&#8221;.vc_custom_1585903095164{padding-right: 5% !important;padding-left: 5% !important;}&#8221;][vc_column][vc_empty_space][vc_column_text]<\/p>\n<h2 style=\"text-align: left;\">PREGUNTAS FRECUENTES<\/h2>\n<p>[\/vc_column_text][vc_empty_space][vc_tta_accordion][vc_tta_section title=&#8221;Es pot assegurar la bicicleta a trav\u00e9s d&#8217;l&#8217;asseguran\u00e7a de casa?&#8221; tab_id=&#8221;1597222604623-b4ab965d-183e&#8221;][vc_column_text]A trav\u00e9s de l&#8217;asseguran\u00e7a de llar es poden gaudir d&#8217;alguna cobertura per a la bici, per\u00f2 molt limitades, el robatori nom\u00e9s si \u00e9s a casa, per aix\u00f2 \u00e9s recomanable si el valor de la bici \u00e9s elevat contractar una asseguran\u00e7a que cobreixi tots els danys.[\/vc_column_text][\/vc_tta_section][vc_tta_section title=&#8221;Si estic federat no cal que tingui segur?&#8221; tab_id=&#8221;1597222604650-b7d32582-b6ca&#8221;][vc_column_text]Tamb\u00e9, ja que l&#8217;asseguran\u00e7a federatiu cobreix els danys d&#8217;accidents i responsabilitat civil.[\/vc_column_text][\/vc_tta_section][\/vc_tta_accordion][\/vc_column][\/vc_row][vc_row full_width=&#8221;stretch_row&#8221; css=&#8221;.vc_custom_1585903009089{padding-right: 5% !important;padding-left: 5% !important;background-color: #ffffff !important;}&#8221;][vc_column][vc_empty_space height=&#8221;60px&#8221;][\/vc_column][\/vc_row][vc_row full_width=&#8221;stretch_row&#8221; css=&#8221;.vc_custom_1585903009089{padding-right: 5% !important;padding-left: 5% !important;background-color: #ffffff !important;}&#8221;][vc_column][vc_column_text]<\/p>\n<h2 style=\"text-align: center;\">Necessites una altra asseguran\u00e7a?<\/h2>\n<p style=\"text-align: center;\">Cobrim tots els riscos que puguis tenir<\/p>\n<p>[\/vc_column_text][vc_empty_space height=&#8221;60px&#8221;][vc_btn title=&#8221;ASSEGURANCES DE PARTICULARS&#8221; align=&#8221;center&#8221; link=&#8221;url:http%3A%2F%2Fcaralticonesa.com%2Fca%2Fassegurances-particulars%2F|title:Particulars||&#8221;][vc_empty_space height=&#8221;60px&#8221;][\/vc_column][\/vc_row]<\/p>\n","protected":false},"excerpt":{"rendered":"<p>[vc_row][vc_column][vc_empty_space height=&#8221;50px&#8221;][\/vc_column][\/vc_row][vc_row full_width=&#8221;stretch_row_content&#8221; equal_height=&#8221;yes&#8221; css=&#8221;.vc_custom_1585902987499{padding-right: 5% !important;padding-left: 5% !important;}&#8221;][vc_column width=&#8221;1\/3&#8243;][vc_single_image image=&#8221;877&#8243; img_size=&#8221;full&#8221;][\/vc_column][vc_column width=&#8221;2\/3&#8243; css=&#8221;.vc_custom_1585901377232{padding-right: 3% !important;}&#8221;][vc_column_text el_class=&#8221;intro-text&#8221;]Les assegurances de bicicletes, ens ofereixen totes les cobertures [&hellip;]<\/p>\n","protected":false},"author":1,"featured_media":487,"parent":568,"menu_order":0,"comment_status":"closed","ping_status":"closed","template":"","meta":{"footnotes":""},"class_list":["post-740","page","type-page","status-publish","has-post-thumbnail","hentry"],"yoast_head":"<!-- This site is optimized with the Yoast SEO plugin v24.1 - https:\/\/yoast.com\/wordpress\/plugins\/seo\/ -->\n<title>BICICLETES - Caralt i Conesa<\/title>\n<meta name=\"robots\" content=\"index, follow, max-snippet:-1, max-image-preview:large, max-video-preview:-1\" \/>\n<link rel=\"canonical\" href=\"https:\/\/caralticonesa.com\/seguros-particulares\/bicicletas\/\" \/>\n<meta property=\"og:locale\" content=\"ca_ES\" \/>\n<meta property=\"og:type\" content=\"article\" \/>\n<meta property=\"og:title\" content=\"BICICLETES - Caralt i Conesa\" \/>\n<meta property=\"og:description\" content=\"[vc_row][vc_column][vc_empty_space height=&#8221;50px&#8221;][\/vc_column][\/vc_row][vc_row full_width=&#8221;stretch_row_content&#8221; equal_height=&#8221;yes&#8221; css=&#8221;.vc_custom_1585902987499{padding-right: 5% !important;padding-left: 5% !important;}&#8221;][vc_column width=&#8221;1\/3&#8243;][vc_single_image image=&#8221;877&#8243; img_size=&#8221;full&#8221;][\/vc_column][vc_column width=&#8221;2\/3&#8243; css=&#8221;.vc_custom_1585901377232{padding-right: 3% !important;}&#8221;][vc_column_text el_class=&#8221;intro-text&#8221;]Les assegurances de bicicletes, ens ofereixen totes les cobertures [&hellip;]\" \/>\n<meta property=\"og:url\" content=\"https:\/\/caralticonesa.com\/seguros-particulares\/bicicletas\/\" \/>\n<meta property=\"og:site_name\" content=\"Caralt i Conesa\" \/>\n<meta property=\"article:modified_time\" content=\"2020-08-12T12:11:05+00:00\" \/>\n<meta property=\"og:image\" content=\"https:\/\/caralticonesa.com\/wp-content\/uploads\/2020\/03\/Group-8.png\" \/>\n\t<meta property=\"og:image:width\" content=\"40\" \/>\n\t<meta property=\"og:image:height\" content=\"40\" \/>\n\t<meta property=\"og:image:type\" content=\"image\/png\" \/>\n<meta name=\"twitter:card\" content=\"summary_large_image\" \/>\n<meta name=\"twitter:label1\" content=\"Temps estimat de lectura\" \/>\n\t<meta name=\"twitter:data1\" content=\"2 minuts\" \/>\n<script type=\"application\/ld+json\" class=\"yoast-schema-graph\">{\"@context\":\"https:\/\/schema.org\",\"@graph\":[{\"@type\":\"WebPage\",\"@id\":\"https:\/\/caralticonesa.com\/seguros-particulares\/bicicletas\/\",\"url\":\"https:\/\/caralticonesa.com\/seguros-particulares\/bicicletas\/\",\"name\":\"BICICLETES - Caralt i Conesa\",\"isPartOf\":{\"@id\":\"https:\/\/caralticonesa.com\/#website\"},\"primaryImageOfPage\":{\"@id\":\"https:\/\/caralticonesa.com\/seguros-particulares\/bicicletas\/#primaryimage\"},\"image\":{\"@id\":\"https:\/\/caralticonesa.com\/seguros-particulares\/bicicletas\/#primaryimage\"},\"thumbnailUrl\":\"https:\/\/caralticonesa.com\/wp-content\/uploads\/2020\/03\/Group-8.png\",\"datePublished\":\"2020-04-17T12:37:46+00:00\",\"dateModified\":\"2020-08-12T12:11:05+00:00\",\"breadcrumb\":{\"@id\":\"https:\/\/caralticonesa.com\/seguros-particulares\/bicicletas\/#breadcrumb\"},\"inLanguage\":\"ca\",\"potentialAction\":[{\"@type\":\"ReadAction\",\"target\":[\"https:\/\/caralticonesa.com\/seguros-particulares\/bicicletas\/\"]}]},{\"@type\":\"ImageObject\",\"inLanguage\":\"ca\",\"@id\":\"https:\/\/caralticonesa.com\/seguros-particulares\/bicicletas\/#primaryimage\",\"url\":\"https:\/\/caralticonesa.com\/wp-content\/uploads\/2020\/03\/Group-8.png\",\"contentUrl\":\"https:\/\/caralticonesa.com\/wp-content\/uploads\/2020\/03\/Group-8.png\",\"width\":40,\"height\":40},{\"@type\":\"BreadcrumbList\",\"@id\":\"https:\/\/caralticonesa.com\/seguros-particulares\/bicicletas\/#breadcrumb\",\"itemListElement\":[{\"@type\":\"ListItem\",\"position\":1,\"name\":\"Portada\",\"item\":\"https:\/\/caralticonesa.com\/ca\/\"},{\"@type\":\"ListItem\",\"position\":2,\"name\":\"Particulars\",\"item\":\"https:\/\/caralticonesa.com\/ca\/assegurances-particulars\/\"},{\"@type\":\"ListItem\",\"position\":3,\"name\":\"BICICLETES\"}]},{\"@type\":\"WebSite\",\"@id\":\"https:\/\/caralticonesa.com\/#website\",\"url\":\"https:\/\/caralticonesa.com\/\",\"name\":\"Caralt i Conesa\",\"description\":\"Otro sitio realizado con WordPress\",\"potentialAction\":[{\"@type\":\"SearchAction\",\"target\":{\"@type\":\"EntryPoint\",\"urlTemplate\":\"https:\/\/caralticonesa.com\/?s={search_term_string}\"},\"query-input\":{\"@type\":\"PropertyValueSpecification\",\"valueRequired\":true,\"valueName\":\"search_term_string\"}}],\"inLanguage\":\"ca\"}]}<\/script>\n<!-- \/ Yoast SEO plugin. -->","yoast_head_json":{"title":"BICICLETES - Caralt i Conesa","robots":{"index":"index","follow":"follow","max-snippet":"max-snippet:-1","max-image-preview":"max-image-preview:large","max-video-preview":"max-video-preview:-1"},"canonical":"https:\/\/caralticonesa.com\/seguros-particulares\/bicicletas\/","og_locale":"ca_ES","og_type":"article","og_title":"BICICLETES - Caralt i Conesa","og_description":"[vc_row][vc_column][vc_empty_space height=&#8221;50px&#8221;][\/vc_column][\/vc_row][vc_row full_width=&#8221;stretch_row_content&#8221; equal_height=&#8221;yes&#8221; css=&#8221;.vc_custom_1585902987499{padding-right: 5% !important;padding-left: 5% !important;}&#8221;][vc_column width=&#8221;1\/3&#8243;][vc_single_image image=&#8221;877&#8243; img_size=&#8221;full&#8221;][\/vc_column][vc_column width=&#8221;2\/3&#8243; css=&#8221;.vc_custom_1585901377232{padding-right: 3% !important;}&#8221;][vc_column_text el_class=&#8221;intro-text&#8221;]Les assegurances de bicicletes, ens ofereixen totes les cobertures [&hellip;]","og_url":"https:\/\/caralticonesa.com\/seguros-particulares\/bicicletas\/","og_site_name":"Caralt i Conesa","article_modified_time":"2020-08-12T12:11:05+00:00","og_image":[{"width":40,"height":40,"url":"https:\/\/caralticonesa.com\/wp-content\/uploads\/2020\/03\/Group-8.png","type":"image\/png"}],"twitter_card":"summary_large_image","twitter_misc":{"Temps estimat de lectura":"2 minuts"},"schema":{"@context":"https:\/\/schema.org","@graph":[{"@type":"WebPage","@id":"https:\/\/caralticonesa.com\/seguros-particulares\/bicicletas\/","url":"https:\/\/caralticonesa.com\/seguros-particulares\/bicicletas\/","name":"BICICLETES - Caralt i Conesa","isPartOf":{"@id":"https:\/\/caralticonesa.com\/#website"},"primaryImageOfPage":{"@id":"https:\/\/caralticonesa.com\/seguros-particulares\/bicicletas\/#primaryimage"},"image":{"@id":"https:\/\/caralticonesa.com\/seguros-particulares\/bicicletas\/#primaryimage"},"thumbnailUrl":"https:\/\/caralticonesa.com\/wp-content\/uploads\/2020\/03\/Group-8.png","datePublished":"2020-04-17T12:37:46+00:00","dateModified":"2020-08-12T12:11:05+00:00","breadcrumb":{"@id":"https:\/\/caralticonesa.com\/seguros-particulares\/bicicletas\/#breadcrumb"},"inLanguage":"ca","potentialAction":[{"@type":"ReadAction","target":["https:\/\/caralticonesa.com\/seguros-particulares\/bicicletas\/"]}]},{"@type":"ImageObject","inLanguage":"ca","@id":"https:\/\/caralticonesa.com\/seguros-particulares\/bicicletas\/#primaryimage","url":"https:\/\/caralticonesa.com\/wp-content\/uploads\/2020\/03\/Group-8.png","contentUrl":"https:\/\/caralticonesa.com\/wp-content\/uploads\/2020\/03\/Group-8.png","width":40,"height":40},{"@type":"BreadcrumbList","@id":"https:\/\/caralticonesa.com\/seguros-particulares\/bicicletas\/#breadcrumb","itemListElement":[{"@type":"ListItem","position":1,"name":"Portada","item":"https:\/\/caralticonesa.com\/ca\/"},{"@type":"ListItem","position":2,"name":"Particulars","item":"https:\/\/caralticonesa.com\/ca\/assegurances-particulars\/"},{"@type":"ListItem","position":3,"name":"BICICLETES"}]},{"@type":"WebSite","@id":"https:\/\/caralticonesa.com\/#website","url":"https:\/\/caralticonesa.com\/","name":"Caralt i Conesa","description":"Otro sitio realizado con WordPress","potentialAction":[{"@type":"SearchAction","target":{"@type":"EntryPoint","urlTemplate":"https:\/\/caralticonesa.com\/?s={search_term_string}"},"query-input":{"@type":"PropertyValueSpecification","valueRequired":true,"valueName":"search_term_string"}}],"inLanguage":"ca"}]}},"_links":{"self":[{"href":"https:\/\/caralticonesa.com\/ca\/wp-json\/wp\/v2\/pages\/740"}],"collection":[{"href":"https:\/\/caralticonesa.com\/ca\/wp-json\/wp\/v2\/pages"}],"about":[{"href":"https:\/\/caralticonesa.com\/ca\/wp-json\/wp\/v2\/types\/page"}],"author":[{"embeddable":true,"href":"https:\/\/caralticonesa.com\/ca\/wp-json\/wp\/v2\/users\/1"}],"replies":[{"embeddable":true,"href":"https:\/\/caralticonesa.com\/ca\/wp-json\/wp\/v2\/comments?post=740"}],"version-history":[{"count":0,"href":"https:\/\/caralticonesa.com\/ca\/wp-json\/wp\/v2\/pages\/740\/revisions"}],"up":[{"embeddable":true,"href":"https:\/\/caralticonesa.com\/ca\/wp-json\/wp\/v2\/pages\/568"}],"wp:featuredmedia":[{"embeddable":true,"href":"https:\/\/caralticonesa.com\/ca\/wp-json\/wp\/v2\/media\/487"}],"wp:attachment":[{"href":"https:\/\/caralticonesa.com\/ca\/wp-json\/wp\/v2\/media?parent=740"}],"curies":[{"name":"wp","href":"https:\/\/api.w.org\/{rel}","templated":true}]}}