{"id":575,"date":"2020-03-20T13:30:04","date_gmt":"2020-03-20T13:30:04","guid":{"rendered":"http:\/\/caralticonesa.com\/nuestra-correduria\/"},"modified":"2024-10-24T16:33:07","modified_gmt":"2024-10-24T16:33:07","slug":"la-nostra-correduria","status":"publish","type":"page","link":"https:\/\/caralticonesa.com\/ca\/la-nostra-correduria\/","title":{"rendered":"La Nostra Corredur\u00eda"},"content":{"rendered":"<p>[vc_row][vc_column]\n\t\t\t<!-- START Nuestra correduria 1 REVOLUTION SLIDER 6.1.3 --><p class=\"rs-p-wp-fix\"><\/p>\n\t\t\t<rs-module-wrap id=\"rev_slider_85_1_wrapper\" data-source=\"gallery\" style=\"background:transparent;padding:0;margin:0px auto;margin-top:0;margin-bottom:0;background-image:url(http:\/\/caralticonesa.com\/wp-content\/uploads\/2020\/03\/nosotros-1.png);background-repeat:no-repeat;background-size:cover;background-position:center center;\">\n\t\t\t\t<rs-module id=\"rev_slider_85_1\" style=\"display:none;\" data-version=\"6.1.3\">\n\t\t\t\t\t<rs-slides>\n\t\t\t\t\t\t<rs-slide data-key=\"rs-87\" data-title=\"Slide\" data-anim=\"ei:d;eo:d;s:1000;r:0;t:fade;sl:0;\">\n\t\t\t\t\t\t\t<img decoding=\"async\" src=\"\/\/caralticonesa.com\/wp-content\/plugins\/revslider\/public\/assets\/assets\/transparent.png\" title=\"La Nostra Corredur\u00eda\" class=\"rev-slidebg\" data-no-retina>\n<!--\n\t\t\t\t\t\t\t--><rs-layer\n\t\t\t\t\t\t\t\tid=\"slider-85-slide-87-layer-0\" \n\t\t\t\t\t\t\t\tdata-type=\"text\"\n\t\t\t\t\t\t\t\tdata-color=\"#ffffff\"\n\t\t\t\t\t\t\t\tdata-rsp_ch=\"on\"\n\t\t\t\t\t\t\t\tdata-xy=\"x:c;y:c;\"\n\t\t\t\t\t\t\t\tdata-text=\"w:normal;s:45;l:55;\"\n\t\t\t\t\t\t\t\tdata-frame_999=\"o:0;st:w;\"\n\t\t\t\t\t\t\t\tstyle=\"z-index:5;font-family:Roboto;\"\n\t\t\t\t\t\t\t>La Nostra Corredur\u00eda \n\t\t\t\t\t\t\t<\/rs-layer><!--\n\n\t\t\t\t\t\t\t--><a\n\t\t\t\t\t\t\t\tid=\"slider-85-slide-87-layer-1\" \n\t\t\t\t\t\t\t\tclass=\"rs-layer\"\n\t\t\t\t\t\t\t\thref=\"tel:972336708\" target=\"_self\" rel=\"nofollow\"\n\t\t\t\t\t\t\t\tdata-type=\"image\"\n\t\t\t\t\t\t\t\tdata-rsp_ch=\"on\"\n\t\t\t\t\t\t\t\tdata-xy=\"x:r;y:c;\"\n\t\t\t\t\t\t\t\tdata-text=\"w:normal;\"\n\t\t\t\t\t\t\t\tdata-dim=\"w:40px;h:40px;\"\n\t\t\t\t\t\t\t\tdata-frame_999=\"o:0;st:w;\"\n\t\t\t\t\t\t\t\tstyle=\"z-index:6;font-family:Roboto;\"\n\t\t\t\t\t\t\t><img loading=\"lazy\" decoding=\"async\" src=\"\/\/caralticonesa.com\/wp-content\/uploads\/2020\/03\/Group-8.png\" width=\"40\" height=\"40\" data-no-retina> \n\t\t\t\t\t\t\t<\/a><!--\n-->\t\t\t\t\t\t<\/rs-slide>\n\t\t\t\t\t<\/rs-slides>\n\t\t\t\t\t<rs-progress class=\"rs-bottom\" style=\"visibility: hidden !important;\"><\/rs-progress>\n\t\t\t\t<\/rs-module>\n\t\t\t\t<script type=\"text\/javascript\">\n\t\t\t\t\tsetREVStartSize({c: 'rev_slider_85_1',rl:[1240,1024,778,480],el:[200],gw:[1240],gh:[200],layout:'fullwidth',mh:\"0\"});\n\t\t\t\t\tvar\trevapi85,\n\t\t\t\t\t\ttpj;\n\t\t\t\t\tjQuery(function() {\n\t\t\t\t\t\ttpj = jQuery;\n\t\t\t\t\t\tif(tpj(\"#rev_slider_85_1\").revolution == undefined){\n\t\t\t\t\t\t\trevslider_showDoubleJqueryError(\"#rev_slider_85_1\");\n\t\t\t\t\t\t}else{\n\t\t\t\t\t\t\trevapi85 = tpj(\"#rev_slider_85_1\").show().revolution({\n\t\t\t\t\t\t\t\tjsFileLocation:\"\/\/caralticonesa.com\/wp-content\/plugins\/revslider\/public\/assets\/js\/\",\n\t\t\t\t\t\t\t\tsliderLayout:\"fullwidth\",\n\t\t\t\t\t\t\t\tvisibilityLevels:\"1240,1024,778,480\",\n\t\t\t\t\t\t\t\tgridwidth:1240,\n\t\t\t\t\t\t\t\tgridheight:200,\n\t\t\t\t\t\t\t\tminHeight:\"\",\n\t\t\t\t\t\t\t\tspinner:\"spinner0\",\n\t\t\t\t\t\t\t\teditorheight:\"200,768,960,720\",\n\t\t\t\t\t\t\t\tresponsiveLevels:\"1240,1024,778,480\",\n\t\t\t\t\t\t\t\tdisableProgressBar:\"on\",\n\t\t\t\t\t\t\t\tnavigation: {\n\t\t\t\t\t\t\t\t\tonHoverStop:false\n\t\t\t\t\t\t\t\t},\n\t\t\t\t\t\t\t\tfallbacks: {\n\t\t\t\t\t\t\t\t\tallowHTML5AutoPlayOnAndroid:true\n\t\t\t\t\t\t\t\t},\n\t\t\t\t\t\t\t});\n\t\t\t\t\t\t}\n\t\t\t\t\t\t\n\t\t\t\t\t});\n\t\t\t\t<\/script>\n\t\t\t<\/rs-module-wrap>\n\t\t\t<!-- END REVOLUTION SLIDER -->\n[\/vc_column][\/vc_row][vc_row css=&#8221;.vc_custom_1585059891214{margin-right: 5% !important;margin-left: 5% !important;}&#8221;][vc_column][vc_empty_space height=&#8221;50px&#8221;][\/vc_column][\/vc_row][vc_row css=&#8221;.vc_custom_1585059891214{margin-right: 5% !important;margin-left: 5% !important;}&#8221;][vc_column width=&#8221;1\/3&#8243;][vc_column_text]<\/p>\n<h2>Quienes Somos<\/h2>\n<p>[\/vc_column_text][\/vc_column][vc_column width=&#8221;2\/3&#8243;][vc_column_text el_class=&#8221;introtext&#8221;]Caralt i Conesa va n\u00e9ixer el 1993 de la m\u00e0 de Pilar Caralt i Eduard Conesa amb l&#8217;objectiu de ser el departament de ger\u00e8ncia de riscos dels seus clients. Estem present en tots els sectors empresarials.<\/p>\n<p>Actuament amb un equip hum\u00e0 altament qualificat i comprom\u00e8s amb el client. Oferint serveis asseguradors en l&#8217;\u00e0mbit de la ger\u00e8ncia de riscos, aportant a l&#8217;an\u00e0lisi, gesti\u00f3, control i protecci\u00f3 tant a empreses com a particulars.[\/vc_column_text][\/vc_column][\/vc_row][vc_row css=&#8221;.vc_custom_1585059891214{margin-right: 5% !important;margin-left: 5% !important;}&#8221;][vc_column][vc_empty_space height=&#8221;50px&#8221;][\/vc_column][\/vc_row][vc_row css=&#8221;.vc_custom_1585060445630{border-top-width: 1px !important;background-color: #fcfafa !important;border-top-color: #d1d1d1 !important;border-top-style: solid !important;}&#8221; el_class=&#8221;team-block&#8221;][vc_column][vc_empty_space][vc_custom_heading text=&#8221;El nostre equip&#8221; font_container=&#8221;tag:h3|font_size:38px|text_align:center|color:%239b9b9b|line_height:42px&#8221; use_theme_fonts=&#8221;yes&#8221;][vc_custom_heading text=&#8221;Caralt i Conesa no seria res sense el seu equip.&#8221; font_container=&#8221;tag:h3|font_size:38px|text_align:center|color:%239b9b9b|line_height:42px&#8221; use_theme_fonts=&#8221;yes&#8221;][vc_empty_space][vc_row_inner css=&#8221;.vc_custom_1584711199724{margin-right: 5% !important;margin-left: 5% !important;}&#8221;][vc_column_inner width=&#8221;1\/4&#8243;][vc_single_image image=&#8221;1242&#8243; img_size=&#8221;full&#8221;][vc_column_text]<\/p>\n<p class=\"nombre\">Eduard Conesa<\/p>\n<p><a class=\"mailto-link\" href=\"mailto:eduard@caralticonesa.com\" target=\"_blank\" rel=\"noopener noreferrer\">eduard@caralticonesa.com<\/a>[\/vc_column_text][\/vc_column_inner][vc_column_inner width=&#8221;1\/4&#8243;][vc_single_image image=&#8221;1239&#8243; img_size=&#8221;full&#8221;][vc_column_text]<\/p>\n<p class=\"nombre\">Pilar Caralt<\/p>\n<p><a class=\"mailto-link\" href=\"mailto:pilar@caralticonesa.com\" target=\"_blank\" rel=\"noopener noreferrer\">pilar@caralticonesa.com<\/a>[\/vc_column_text][\/vc_column_inner][vc_column_inner width=&#8221;1\/4&#8243;][vc_single_image image=&#8221;1247&#8243; img_size=&#8221;full&#8221;][vc_column_text]<\/p>\n<p class=\"nombre\">Marc Conesa<\/p>\n<p><a class=\"mailto-link\" href=\"mailto:marc@caralticonesa.com\" target=\"_blank\" rel=\"noopener noreferrer\">marc@caralticonesa.com<\/a>[\/vc_column_text][\/vc_column_inner][vc_column_inner width=&#8221;1\/4&#8243;][vc_single_image image=&#8221;1240&#8243; img_size=&#8221;full&#8221;][vc_column_text]<\/p>\n<p class=\"nombre\">Laura Torralba<\/p>\n<p><a class=\"mailto-link\" href=\"mailto:siniestros@caralticonesa.com\" target=\"_blank\" rel=\"noopener noreferrer\">siniestros@caralticonesa.com<\/a>[\/vc_column_text][\/vc_column_inner][\/vc_row_inner][vc_empty_space][vc_row_inner css=&#8221;.vc_custom_1584711199724{margin-right: 5% !important;margin-left: 5% !important;}&#8221;][vc_column_inner width=&#8221;1\/4&#8243;][vc_single_image image=&#8221;2083&#8243; img_size=&#8221;full&#8221;][vc_column_text]<\/p>\n<p class=\"nombre\">Sara Pons<\/p>\n<p><a href=\"mailto:tramitacion@caralticonesa.com\">tramitacion@caralticonesa.com<\/a>[\/vc_column_text][\/vc_column_inner][vc_column_inner width=&#8221;1\/4&#8243;][vc_single_image image=&#8221;1246&#8243; img_size=&#8221;full&#8221;][vc_column_text]<\/p>\n<p class=\"nombre\">Anna Gallardo<\/p>\n<p><a class=\"mailto-link\" href=\"proteccionpersonal@caralticonesa.com\" target=\"_blank\" rel=\"noopener noreferrer\">proteccionpersonal@caralticonesa.com<\/a>[\/vc_column_text][\/vc_column_inner][vc_column_inner width=&#8221;1\/4&#8243;][vc_single_image image=&#8221;1244&#8243; img_size=&#8221;full&#8221;][vc_column_text]<\/p>\n<p class=\"nombre\">Ariadna Rabassa<\/p>\n<p><a class=\"mailto-link\" href=\"mailto:segurospersonales@caralticonesa.com\" target=\"_blank\" rel=\"noopener noreferrer\">segurospersonales@caralticonesa.com<\/a>[\/vc_column_text][\/vc_column_inner][vc_column_inner width=&#8221;1\/4&#8243;][vc_single_image image=&#8221;1245&#8243; img_size=&#8221;full&#8221;][vc_column_text]<\/p>\n<p class=\"nombre\">Alexanda Panova<\/p>\n<p><a class=\"mailto-link\" href=\"mailto:salut@caralticonesa.com\" target=\"_blank\" rel=\"noopener noreferrer\">salut@caralticonesa.com<\/a>[\/vc_column_text][\/vc_column_inner][\/vc_row_inner][vc_empty_space][vc_row_inner css=&#8221;.vc_custom_1584711199724{margin-right: 5% !important;margin-left: 5% !important;}&#8221;][vc_column_inner width=&#8221;1\/3&#8243;][vc_single_image image=&#8221;1370&#8243; img_size=&#8221;full&#8221;][vc_column_text]<\/p>\n<p class=\"nombre\">Pol Tremoleda<\/p>\n<p><a class=\"mailto-link\" href=\"mailto:administracion@caralticonesa.com\" target=\"_blank\" rel=\"noopener noreferrer\">administracion@caralticonesa.com<\/a>[\/vc_column_text][\/vc_column_inner][vc_column_inner width=&#8221;1\/3&#8243;][vc_single_image image=&#8221;1371&#8243; img_size=&#8221;full&#8221;][vc_column_text]<\/p>\n<p class=\"nombre\">Eloi Andreu<\/p>\n<p><a class=\"mailto-link\" href=\"mailto:emision@caralticonesa.com\" target=\"_blank\" rel=\"noopener noreferrer\">emision@caralticonesa.com<\/a>[\/vc_column_text][\/vc_column_inner][vc_column_inner width=&#8221;1\/3&#8243;][vc_single_image image=&#8221;2860&#8243; img_size=&#8221;350&#215;250&#8243; el_class=&#8221;foto&#8221;][vc_column_text]<\/p>\n<p class=\"nombre\">Nerea Castillo<\/p>\n<p><a class=\"mailto-link\" href=\"mailto:tramitacion@caralticonesa.com\" target=\"_blank\" rel=\"noopener noreferrer\">tramitacion@caralticonesa.com<\/a>[\/vc_column_text][\/vc_column_inner][\/vc_row_inner][vc_empty_space][\/vc_column][\/vc_row][vc_row equal_height=&#8221;yes&#8221; content_placement=&#8221;middle&#8221; css=&#8221;.vc_custom_1585060358557{margin-right: 5% !important;margin-left: 5% !important;}&#8221;][vc_column width=&#8221;1\/2&#8243;][vc_column_text el_class=&#8221;biggerh2&#8243;]<\/p>\n<h2>Formem part de:<\/h2>\n<p>[\/vc_column_text][\/vc_column][vc_column width=&#8221;1\/2&#8243;][vc_row_inner equal_height=&#8221;yes&#8221; content_placement=&#8221;middle&#8221;][vc_column_inner width=&#8221;1\/3&#8243;][vc_single_image image=&#8221;1253&#8243; img_size=&#8221;100&#215;100&#8243; alignment=&#8221;center&#8221; onclick=&#8221;custom_link&#8221; img_link_target=&#8221;_blank&#8221; link=&#8221;https:\/\/www.elcol-legi.org\/web\/es\/&#8221;][\/vc_column_inner][vc_column_inner width=&#8221;1\/3&#8243;][vc_single_image image=&#8221;1252&#8243; alignment=&#8221;center&#8221; onclick=&#8221;custom_link&#8221; img_link_target=&#8221;_blank&#8221; link=&#8221;https:\/\/cojebro.com\/&#8221;][\/vc_column_inner][vc_column_inner width=&#8221;1\/3&#8243;][vc_single_image image=&#8221;1251&#8243; img_size=&#8221;100&#215;100&#8243; alignment=&#8221;center&#8221; onclick=&#8221;custom_link&#8221; img_link_target=&#8221;_blank&#8221; link=&#8221;https:\/\/www.aeeg.cat\/ca\/&#8221;][\/vc_column_inner][\/vc_row_inner][\/vc_column][\/vc_row][vc_row css=&#8221;.vc_custom_1596628831893{margin-right: 5% !important;margin-left: 5% !important;}&#8221;][vc_column][vc_tta_accordion style=&#8221;modern&#8221; shape=&#8221;square&#8221; color=&#8221;white&#8221; c_icon=&#8221;triangle&#8221; c_position=&#8221;right&#8221; active_section=&#8221;0&#8243; collapsible_all=&#8221;true&#8221;][vc_tta_section title=&#8221;ALLIANZ&#8221; tab_id=&#8221;allianz&#8221;][vc_row_inner][vc_column_inner width=&#8221;1\/4&#8243;][vc_single_image image=&#8221;375&#8243; img_size=&#8221;medium&#8221;][\/vc_column_inner][vc_column_inner width=&#8221;3\/4&#8243;][vc_column_text]<\/p>\n<p>Multinacional alemanya, amb seu a Munich.<\/p>\n<p>Va n\u00e9ixer el 1890 i actualment est\u00e0 present en m\u00e9s de 70 pa\u00edsos.Cuenta amb m\u00e9s de 140.000 empleats i 92 mil.lions d\u2019assegurats a tot el m\u00f3n.<\/p>\n<p>S\u2019instal\u00b7len a Espanya el 1918 .Est\u00e0 situada entre les tres primeres companyies asseguradores, tant en solv\u00e8ncia com en volum de primes.<\/p>\n<p><strong>Per que aconsellem Allianz?<\/strong><\/p>\n<p>Per la seva solv\u00e8ncia, servei i gamma de productos.Trabajan especialment assegurances de vida, inversi\u00f3 i multiriscos de la llar i Responsabilitat Civil i Pimes.<\/p>\n<p><strong>Per qu\u00e8 contractar Allianz a trav\u00e9s de Caralt i Conesa?<\/strong><\/p>\n<p>Per qu\u00e8 t\u2019ajudarem a escollir quina companyia et conv\u00e9 m\u00e9s, t\u2019acompanyarem el la gesti\u00f3 de l\u2019sinistre, perqu\u00e8 sigui el m\u00e9s \u00e0gil i satisfact\u00f2ria.<\/p>\n<p>I a trav\u00e9s de la nostra app, i els nostres gestors podr\u00e0s centralitzar totes les teves p\u00f2lisses d\u2019una manera senzilla i eficient.<\/p>\n<p>Per qu\u00e8 disposem de condicions especials per volum<\/p>\n<p>Perqu\u00e8 disposem de descomptes especials, que fan que les p\u00f2lisses amb iguals garanties siguin m\u00e9s econ\u00f2miques.<br \/>\n[\/vc_column_text][\/vc_column_inner][\/vc_row_inner][\/vc_tta_section][vc_tta_section title=&#8221;ARAG&#8221; tab_id=&#8221;arag&#8221;][vc_row_inner][vc_column_inner width=&#8221;1\/4&#8243;][vc_single_image image=&#8221;376&#8243; img_size=&#8221;medium&#8221;][\/vc_column_inner][vc_column_inner width=&#8221;3\/4&#8243;][vc_column_text]<\/p>\n<p>Grup assegurador fundat el 1935.Su nom \u00e9s ARAG significa Allgemeine Rechtsschutzversicherungs Aktiengesellschaft.<\/p>\n<p>La seva seu es troba a D\u00fcsseldorf i compta amb 3500 treballadors a tot el m\u00f3n.<\/p>\n<p>A Espanya s\u2019especialitza en assegurances de defensa jur\u00eddica i assist\u00e8ncia en viatge.<\/p>\n<p><strong>Per qu\u00e8 Arag, per als meus assegurances?<\/strong><\/p>\n<p>Es tracta d\u2019una companyia especialitzada, amb productes enfocats i molt competitius d\u2019assist\u00e8ncia en viatge i defensa jur\u00eddica per a empreses.<\/p>\n<p><strong>Per qu\u00e8 contractar Arag a trav\u00e9s de Caralt i Conesa?<\/strong><\/p>\n<p>Per qu\u00e8 t\u2019ajudarem a escollir quina companyia et conv\u00e9 m\u00e9s, t\u2019acompanyarem el la gesti\u00f3 de l\u2019sinistre, perqu\u00e8 sigui el m\u00e9s \u00e0gil i satisfact\u00f2ria.<\/p>\n<p>I a trav\u00e9s de la nostra app, i els nostres gestors podr\u00e0s centralitzar totes les teves p\u00f2lisses d\u2019una manera senzilla i eficient.<br \/>\n[\/vc_column_text][\/vc_column_inner][\/vc_row_inner][\/vc_tta_section][vc_tta_section title=&#8221;AXA&#8221; tab_id=&#8221;axa&#8221;][vc_row_inner][vc_column_inner width=&#8221;1\/4&#8243;][vc_single_image image=&#8221;362&#8243; img_size=&#8221;medium&#8221;][\/vc_column_inner][vc_column_inner width=&#8221;3\/4&#8243;][vc_column_text]<\/p>\n<p>Multinacional francesa creada el 1836, d\u00f3na feina a tot el m\u00f3n 144.000 persones, present a 57 pa\u00efsos i amb la seva seu central a Par\u00eds.Es uns dels 5 grans grups asseguradors mundiales.En nostre pa\u00eds compta amb una alta quota de mercat.<\/p>\n<p><strong>Per que aconsellem Axa?<\/strong><\/p>\n<p>Per la seva solv\u00e8ncia i servicio.Trabajan especialment assegurances de vida, inversi\u00f3 i i Responsabilitat Civil, accidents i Pimes.<\/p>\n<p><strong>Per qu\u00e8 contractar Axa a trav\u00e9s de Caralt i Conesa?<\/strong><\/p>\n<p>Per qu\u00e8 t\u2019ajudarem a escollir quina companyia et conv\u00e9 m\u00e9s, t\u2019acompanyarem el la gesti\u00f3 de l\u2019sinistre, perqu\u00e8 sigui el m\u00e9s \u00e0gil i satisfact\u00f2ria.<\/p>\n<p>I a trav\u00e9s de la nostra app, i els nostres gestors podr\u00e0s centralitzar totes les teves p\u00f2lisses d\u2019una manera senzilla i eficient.<\/p>\n<p>Per qu\u00e8 disposem de condicions especials per volum, que fan que les p\u00f2lisses amb iguals garanties siguin m\u00e9s competitives.<br \/>\n[\/vc_column_text][\/vc_column_inner][\/vc_row_inner][\/vc_tta_section][vc_tta_section title=&#8221;GENERALI&#8221; tab_id=&#8221;generali&#8221;][vc_row_inner][vc_column_inner width=&#8221;1\/4&#8243;][vc_single_image image=&#8221;1074&#8243; img_size=&#8221;medium&#8221;][\/vc_column_inner][vc_column_inner width=&#8221;3\/4&#8243;][vc_column_text]<\/p>\n<p>Fundada el Trieste It\u00e0lia en 1831 un dels majors grups asseguradors del mon.74000 repartits arreu del mundo.Es l\u2019estat est\u00e0 situat dins els deu primers grups asseguradors.<\/p>\n<p><strong>Per qu\u00e8 Generali, per als meus assegurances?<\/strong><\/p>\n<p>Es tracta d\u2019una companyia generalista i global, i amb productes molt espec\u00edfics en Rc, N\u00e0utica i Vida<\/p>\n<p><strong>Per qu\u00e8 contractar Generalitat a trav\u00e9s de Caralt i Conesa?<\/strong><\/p>\n<p>Per qu\u00e8 t\u2019ajudarem a escollir quina companyia et conv\u00e9 m\u00e9s, t\u2019acompanyarem el la gesti\u00f3 de l\u2019sinistre, perqu\u00e8 sigui el m\u00e9s \u00e0gil i satisfact\u00f2ria.<\/p>\n<p>I a trav\u00e9s de la nostra app, i els nostres gestors podr\u00e0s centralitzar totes les teves p\u00f2lisses d\u2019una manera senzilla i eficient.<\/p>\n<p>Per qu\u00e8 disposem de condicions especials per volum, que fan que les p\u00f2lisses amb iguals garanties siguin m\u00e9s competitives.<br \/>\n[\/vc_column_text][\/vc_column_inner][\/vc_row_inner][\/vc_tta_section][vc_tta_section title=&#8221;DKV&#8221; tab_id=&#8221;dkv&#8221;][vc_row_inner][vc_column_inner width=&#8221;1\/4&#8243;][vc_single_image image=&#8221;364&#8243; img_size=&#8221;medium&#8221;][\/vc_column_inner][vc_column_inner width=&#8221;3\/4&#8243;][vc_column_text]<br \/>\nCompanyia filial de Grup Ergo, propietat de Munic Re.Origen alemany, m\u00e9s de 28000 empleats i seu central a Colonia.Companyia especialitzada en assegurances personals, amb clara vocaci\u00f3 de lideratge amb l\u2019asseguran\u00e7a d\u2019assist\u00e8ncia m\u00e8dica.<\/p>\n<p>[\/vc_column_text][\/vc_column_inner][\/vc_row_inner][\/vc_tta_section][vc_tta_section title=&#8221;MAPFRE&#8221; tab_id=&#8221;mapfre&#8221;][vc_row_inner][vc_column_inner width=&#8221;1\/4&#8243;][vc_single_image image=&#8221;369&#8243; img_size=&#8221;medium&#8221;][\/vc_column_inner][vc_column_inner width=&#8221;3\/4&#8243;][vc_column_text]<\/p>\n<p>Multinacional espanyola amb central a Majadahonda.Extendida a 49 pa\u00efsos i amb m\u00e9s de 37000 empleados.Est\u00e1 dins dels tres asseguradors amb m\u00e9s pres\u00e8ncia en l\u2019estat i America Latina.Compa\u00f1\u00eda amb una enfocada a el servei amb productes molt competitius en vida estalvi.<\/p>\n<p><strong>Per qu\u00e8 Mapfre, per als meus assegurances?<\/strong><\/p>\n<p>Es tracta d\u2019una companyia generalista i global, i amb productes molt espec\u00edfics en Rc, N\u00e0utica i Salut particulars<\/p>\n<p><strong>Per qu\u00e8 contractar Mapfre a trav\u00e9s de Caralt i Conesa?<\/strong><\/p>\n<p>Per qu\u00e8 t\u2019ajudarem a escollir quina companyia et conv\u00e9 m\u00e9s, t\u2019acompanyarem el la gesti\u00f3 de l\u2019sinistre, perqu\u00e8 sigui el m\u00e9s \u00e0gil i satisfact\u00f2ria.<\/p>\n<p>I a trav\u00e9s de la nostra app, i els nostres gestors podr\u00e0s centralitzar totes les teves p\u00f2lisses d\u2019una manera senzilla i eficient.<\/p>\n<p>Per qu\u00e8 disposem de condicions especials per volum, que fan que les p\u00f2lisses amb iguals garanties siguin m\u00e9s competitives.<br \/>\n[\/vc_column_text][\/vc_column_inner][\/vc_row_inner][\/vc_tta_section][vc_tta_section title=&#8221;ZURICH&#8221; tab_id=&#8221;zurich&#8221;][vc_row_inner][vc_column_inner width=&#8221;1\/4&#8243;][vc_single_image image=&#8221;368&#8243; img_size=&#8221;medium&#8221;][\/vc_column_inner][vc_column_inner width=&#8221;3\/4&#8243;][vc_column_text]<br \/>\nCompanyia asseguradora Su\u00efssa, amb seu a Zurich.Nacida en 1872.Cuenta amb 60.000 empleats repartits en m\u00e9s de 170 pa\u00edses.Grupo assegurador de gran solv\u00e8ncia i amb vocaci\u00f3 de servicio.Altamente especialitzada en assegurances per a empreses i vida.<\/p>\n<p><strong>Per qu\u00e8 Zuric, per als meus assegurances?<\/strong><\/p>\n<p>Es tracta d\u2019una companyia global, i amb productes molt espec\u00edfics en Rc, i multirrisc empreses.<\/p>\n<p><strong>Per qu\u00e8 contractar Zurich a trav\u00e9s de Caralt i Conesa?<\/strong><\/p>\n<p>Per qu\u00e8 t\u2019ajudarem a escollir quina companyia et conv\u00e9 m\u00e9s, t\u2019acompanyarem el la gesti\u00f3 de l\u2019sinistre, perqu\u00e8 sigui el m\u00e9s \u00e0gil i satisfact\u00f2ria.<\/p>\n<p>I a trav\u00e9s de la nostra app, i els nostres gestors podr\u00e0s centralitzar totes les teves p\u00f2lisses d\u2019una manera senzilla i eficient.<\/p>\n<p>Per qu\u00e8 disposem de condicions especials per volum, que fan que les p\u00f2lisses amb iguals garanties siguin m\u00e9s competitives.<br \/>\n[\/vc_column_text][\/vc_column_inner][\/vc_row_inner][\/vc_tta_section][vc_tta_section title=&#8221;SANITAS&#8221; tab_id=&#8221;sanitas&#8221;][vc_row_inner][vc_column_inner width=&#8221;1\/4&#8243;][vc_single_image image=&#8221;370&#8243; img_size=&#8221;medium&#8221;][\/vc_column_inner][vc_column_inner width=&#8221;3\/4&#8243;][vc_column_text]<\/p>\n<p>Companyia d\u2019assegurances de salut, pertanyent a l\u2019Group Bupa, amb seu a Londres i m\u00e9s de 80.000 treballadors a tot el mundo.Fundada el 1954 amb la visi\u00f3 de liderar el mercat de la sanitat privada.Con departaments altament especialitzats en assegurances de salut per a empresa .<\/p>\n<p><strong>Per qu\u00e8 Sanitas, per als meus assegurances?<\/strong><\/p>\n<p>Es tracta d\u2019una companyia especialista en assegurances personals, i l\u2019asseguran\u00e7a de salut \u00e9s la seva especialitat i producte estrella.<\/p>\n<p><strong>Per qu\u00e8 contractar Sanitas a trav\u00e9s de Caralt i Conesa?<\/strong><\/p>\n<p>Per qu\u00e8 t\u2019ajudarem a escollir quina companyia et conv\u00e9 m\u00e9s, t\u2019acompanyarem el la gesti\u00f3 de l\u2019sinistre, perqu\u00e8 sigui el m\u00e9s \u00e0gil i satisfact\u00f2ria.<\/p>\n<p>I a trav\u00e9s de la nostra app, i els nostres gestors podr\u00e0s centralitzar totes les teves p\u00f2lisses d\u2019una manera senzilla i eficient.<\/p>\n<p>Per qu\u00e8 disposem de condicions especials per volum, que fan que les p\u00f2lisses amb iguals garanties siguin m\u00e9s competitives.<br \/>\n[\/vc_column_text][\/vc_column_inner][\/vc_row_inner][\/vc_tta_section][vc_tta_section title=&#8221;FIATC&#8221; tab_id=&#8221;fiatc&#8221;][vc_row_inner][vc_column_inner width=&#8221;1\/4&#8243;][vc_single_image image=&#8221;365&#8243; img_size=&#8221;medium&#8221;][\/vc_column_inner][vc_column_inner width=&#8221;3\/4&#8243;][vc_column_text]<\/p>\n<p>Fundada el 1930 a Barcelona, M\u00fatua de previsi\u00f3, amb una forta implantaci\u00f3 a Catalunya.Con productes espec\u00edfics d\u2019alt\u00edssima qualitat, molt orientada a solucions personals com salut, vida risc i asseguran\u00e7a dental.<\/p>\n<p><strong>Per qu\u00e8 Fiatc, per als meus assegurances?<\/strong><\/p>\n<p>Es tracta d\u2019una m\u00fatua propera, i amb productes molt espec\u00edfics en salut, i rc d\u2019empreses.<\/p>\n<p><strong>Per qu\u00e8 contractar Fiatc a trav\u00e9s de Caralt i Conesa?<\/strong><\/p>\n<p>Per qu\u00e8 t\u2019ajudarem a escollir quina companyia et conv\u00e9 m\u00e9s, t\u2019acompanyarem el la gesti\u00f3 de l\u2019sinistre, perqu\u00e8 sigui el m\u00e9s \u00e0gil i satisfact\u00f2ria.<\/p>\n<p>I a trav\u00e9s de la nostra app, i els nostres gestors podr\u00e0s centralitzar totes les teves p\u00f2lisses d\u2019una manera senzilla i eficient.<\/p>\n<p>Per qu\u00e8 disposem de condicions especials per volum, que fan que les p\u00f2lisses amb iguals garanties siguin m\u00e9s competitives.<br \/>\n[\/vc_column_text][\/vc_column_inner][\/vc_row_inner][\/vc_tta_section][vc_tta_section title=&#8221;DAS&#8221; tab_id=&#8221;das&#8221;][vc_row_inner][vc_column_inner width=&#8221;1\/4&#8243;][vc_single_image image=&#8221;363&#8243; img_size=&#8221;medium&#8221;][\/vc_column_inner][vc_column_inner width=&#8221;3\/4&#8243;][vc_column_text]<\/p>\n<p>Companyia d\u2019assist\u00e8ncia en viatge i defensa jur\u00eddica, fundada a Barcelona el 1958, pertany a el Grup ERGO, amb seu a Col\u00f2nia, liderant a tot Europa l\u2019asseguran\u00e7a de defensa jur\u00eddica.Alt\u00edsima professionalitat i experi\u00e8ncia en els seus equips de gesti\u00f3.<\/p>\n<p><strong>Per qu\u00e8 Das, per als meus assegurances?<\/strong><\/p>\n<p>Es tracta d\u2019una companyia especialista en defensa jur\u00eddica per a empreses, i el seu producte estrella.<\/p>\n<p><strong>Per qu\u00e8 contractar Das a trav\u00e9s de Caralt i Conesa?<\/strong><\/p>\n<p>Per qu\u00e8 t\u2019ajudarem a escollir quina companyia et conv\u00e9 m\u00e9s, t\u2019acompanyarem el la gesti\u00f3 de l\u2019sinistre, perqu\u00e8 sigui el m\u00e9s \u00e0gil i satisfact\u00f2ria.<\/p>\n<p>I a trav\u00e9s de la nostra app, i els nostres gestors podr\u00e0s centralitzar totes les teves p\u00f2lisses d\u2019una manera senzilla i eficient.<\/p>\n<p>Per qu\u00e8 disposem de condicions especials per volum, que fan que les p\u00f2lisses amb iguals garanties siguin m\u00e9s competitives.<\/p>\n<p>[\/vc_column_text][\/vc_column_inner][\/vc_row_inner][\/vc_tta_section][vc_tta_section title=&#8221;AGRUPACI\u00d3&#8221; tab_id=&#8221;agrupacio&#8221;][vc_row_inner][vc_column_inner width=&#8221;1\/4&#8243;][vc_single_image image=&#8221;374&#8243; img_size=&#8221;medium&#8221;][\/vc_column_inner][vc_column_inner width=&#8221;3\/4&#8243;][vc_column_text]<\/p>\n<p>Va neixer el 1902 a Barcelona com M\u00fatua, actualment pertany a el grup financer Credit Mutuel marca francesa.Fuertemente instaurada a Catalunya i Llevant amb especialitat en assegurances personals i assegurances de salut per a empreses amb una alt\u00edssima qualitat de servicio.Solucions per a aut\u00f2noms molt atractives.<\/p>\n<p><strong>Per qu\u00e8 Agrupacio, per als meus assegurances?<\/strong><\/p>\n<p>Es tracta d\u2019una companyia propera, i amb productes molt espec\u00edfics en salut, subsidi i decessos.<\/p>\n<p><strong>Per qu\u00e8 contractar Agrupacio a trav\u00e9s de Caralt i Conesa?<\/strong><\/p>\n<p>Per qu\u00e8 t\u2019ajudarem a escollir quina companyia et conv\u00e9 m\u00e9s, t\u2019acompanyarem el la gesti\u00f3 de l\u2019sinistre, perqu\u00e8 sigui el m\u00e9s \u00e0gil i satisfact\u00f2ria.<\/p>\n<p>I a trav\u00e9s de la nostra app, i els nostres gestors podr\u00e0s centralitzar totes les teves p\u00f2lisses d\u2019una manera senzilla i eficient.<\/p>\n<p>Per qu\u00e8 disposem de condicions especials per volum, que fan que les p\u00f2lisses amb iguals garanties siguin m\u00e9s competitives.<br \/>\n[\/vc_column_text][\/vc_column_inner][\/vc_row_inner][\/vc_tta_section][vc_tta_section title=&#8221;ADESLAS&#8221; tab_id=&#8221;adeslas&#8221;][vc_row_inner][vc_column_inner width=&#8221;1\/4&#8243;][vc_single_image image=&#8221;1129&#8243; img_size=&#8221;medium&#8221;][\/vc_column_inner][vc_column_inner width=&#8221;3\/4&#8243;][vc_column_text]<\/p>\n<p>Fundada el 1966 com a agrupaci\u00f3 de petites entitats i igualatoris El seu nom prov\u00e9 d\u2019Agrupaci\u00f3 d\u2019Entitats d\u2019Asseguran\u00e7a Lliure d\u2019Assist\u00e8ncia Sanit\u00e0ria o ADESLAS. Actualment ostenta el lideratge a Espanya en assist\u00e8ncia m\u00e8dica amb una quota de mercat de m\u00e9s del 40% .Compa\u00f1\u00eda especialista en assegurances de salut per a empresa i assegurances dentals.<\/p>\n<p><strong>Per qu\u00e8 Adeslas per les meves assegurances?<\/strong><\/p>\n<p>Es tracta d\u2019una companyia potent, amb productes molt espec\u00edfics en salut.<\/p>\n<p><strong>Per qu\u00e8 contractar Adeslas a trav\u00e9s de Caralt i Conesa?<\/strong><\/p>\n<p>Per qu\u00e8 t\u2019ajudarem a escollir quina companyia et conv\u00e9 m\u00e9s, t\u2019acompanyarem el la gesti\u00f3 de l\u2019sinistre, perqu\u00e8 sigui el m\u00e9s \u00e0gil i satisfact\u00f2ria.<\/p>\n<p>I a trav\u00e9s de la nostra app, i els nostres gestors podr\u00e0s centralitzar totes les teves p\u00f2lisses d\u2019una manera senzilla i eficient.<\/p>\n<p>Per qu\u00e8 disposem de condicions especials per volum, que fan que les p\u00f2lisses amb iguals garanties siguin m\u00e9s competitives.<\/p>\n<p>Destaquem els productes d\u2019Adeslas de Salut empreses \/ salut particular \/ asseguran\u00e7a dental<br \/>\n[\/vc_column_text][\/vc_column_inner][\/vc_row_inner][\/vc_tta_section][vc_tta_section title=&#8221;HELVETIA&#8221; tab_id=&#8221;helvetia&#8221;][vc_row_inner][vc_column_inner width=&#8221;1\/4&#8243;][vc_single_image image=&#8221;1070&#8243; img_size=&#8221;medium&#8221;][\/vc_column_inner][vc_column_inner width=&#8221;3\/4&#8243;][vc_column_text]<br \/>\nMultinacional su\u00efssa nascuda a Sant Galo en 1858, m\u00e9s de 8.000 treballadors a tot el mon.Aseguradora amb gran implantaci\u00f3 al Centre i sud d\u2019Espanya, enfocada a sector de fam\u00edlies i aut\u00f2noms.<\/p>\n<p><strong>Per qu\u00e8 Helvetia per les meves assegurances?<\/strong><\/p>\n<p>Es tracta d\u2019una companyia molt solvent, amb productes molt espec\u00edfics per a fam\u00edlies.<\/p>\n<p><strong>Per qu\u00e8 contractar Helvetia a trav\u00e9s de Caralt i Conesa?<\/strong><\/p>\n<p>Per qu\u00e8 t\u2019ajudarem a escollir quina companyia et conv\u00e9 m\u00e9s, t\u2019acompanyarem el la gesti\u00f3 de l\u2019sinistre, perqu\u00e8 sigui el m\u00e9s \u00e0gil i satisfact\u00f2ria.<\/p>\n<p>I a trav\u00e9s de la nostra app, i els nostres gestors podr\u00e0s centralitzar totes les teves p\u00f2lisses d\u2019una manera senzilla i eficient.<\/p>\n<p>Per qu\u00e8 disposem de condicions especials per volum, que fan que les p\u00f2lisses amb iguals garanties siguin m\u00e9s competitives.<br \/>\n[\/vc_column_text][\/vc_column_inner][\/vc_row_inner][\/vc_tta_section][vc_tta_section title=&#8221;MURIMAR&#8221; tab_id=&#8221;1596628224721-d141e1e5-7b2e&#8221;][vc_row_inner][vc_column_inner width=&#8221;1\/4&#8243;][vc_single_image image=&#8221;366&#8243; img_size=&#8221;medium&#8221;][\/vc_column_inner][vc_column_inner width=&#8221;3\/4&#8243;][vc_column_text]<\/p>\n<p>Neix el 1927, la seva primera denominaci\u00f3 era Asociacion Nacional M\u00fatua de Risc Mar\u00edtimo.Fue creixent fins a l\u2019actual companyia amb productes com competitius i dissenyats per a la n\u00e0utica professional, on \u00e9s una de les principals asseguradores de pa\u00eds.<\/p>\n<p><strong>Per qu\u00e8 Murimar per les meves assegurances?<\/strong><\/p>\n<p>Es tracta d\u2019una companyia molt solvent, amb productes molt espec\u00edfics per a n\u00e0utica.<br \/>\n<strong>Per qu\u00e8 contractar Murimar trav\u00e9s de Caralt i Conesa?<\/strong><\/p>\n<p>Per qu\u00e8 t\u2019ajudarem a escollir quina companyia et conv\u00e9 m\u00e9s, t\u2019acompanyarem el la gesti\u00f3 del sinistre, perqu\u00e8 sigui el m\u00e9s \u00e0gil i satisfact\u00f2ria.<\/p>\n<p>I a trav\u00e9s de la nostra app, i els nostres gestors podr\u00e0s centralitzar totes les teves p\u00f2lisses d\u2019una manera senzilla i eficient.<\/p>\n<p>Per qu\u00e8 disposem de condicions especials per volum, que fan que les p\u00f2lisses amb iguals garanties siguin m\u00e9s competitives.<br \/>\n[\/vc_column_text][\/vc_column_inner][\/vc_row_inner][\/vc_tta_section][vc_tta_section title=&#8221;ASEFA&#8221; tab_id=&#8221;asefa&#8221;][vc_row_inner][vc_column_inner width=&#8221;1\/4&#8243;][vc_single_image image=&#8221;377&#8243; img_size=&#8221;medium&#8221;][\/vc_column_inner][vc_column_inner width=&#8221;3\/4&#8243;][vc_column_text]<\/p>\n<p>Companyia que neix a Espanya el 1972, per donar una resposta asseguradora especialitzada a el sector de l\u2019construcci\u00f3.Segueix sent altament especialitzada i competitiva en el sector de la construcci\u00f3 i altres ind\u00fastries auxiliars.<br \/>\n<strong>Per qu\u00e8 Asefa per a les meves assegurances?<\/strong><\/p>\n<p>Es tracta d\u2019una companyia molt solvent, amb productes molt espec\u00edfics per a la Construcci\u00f3.<\/p>\n<p><strong>Per qu\u00e8 contractar Asefa trav\u00e9s de Caralt i Conesa?<\/strong><\/p>\n<p>Per qu\u00e8 t\u2019ajudarem a escollir quina companyia et conv\u00e9 m\u00e9s, t\u2019acompanyarem el la gesti\u00f3 del sinistre, perqu\u00e8 sigui el m\u00e9s \u00e0gil i satisfact\u00f2ria.<\/p>\n<p>I a trav\u00e9s de la nostra app, i els nostres gestors podr\u00e0s centralitzar totes les teves p\u00f2lisses d\u2019una manera senzilla i eficient.<\/p>\n<p>Per qu\u00e8 disposem de condicions especials per volum, que fan que les p\u00f2lisses amb iguals garanties siguin m\u00e9s competitives.<br \/>\n[\/vc_column_text][\/vc_column_inner][\/vc_row_inner][\/vc_tta_section][vc_tta_section title=&#8221;MUTUA&#8221; tab_id=&#8221;mutua&#8221;][vc_row_inner][vc_column_inner width=&#8221;1\/4&#8243;][vc_single_image image=&#8221;1071&#8243; img_size=&#8221;medium&#8221;][\/vc_column_inner][vc_column_inner width=&#8221;3\/4&#8243;][vc_column_text]<\/p>\n<p>M\u00fatua sense \u00e0nim de lucre, nascuda el 1984 per oferir serveis asseguradors per a la protecci\u00f3 de personas.Su implantacino territorial \u00e9s important a Catalunya, Llevant i les Illes Balears.Distribuye serveis asseguradors de salut alt\u00edssima qualitat.<\/p>\n<p><strong>Per qu\u00e8 M\u00fatua de Catalunya per als meus assegurances?<\/strong><\/p>\n<p>Es tracta d\u2019una companyia molt solvent, amb productes molt espec\u00edfics d\u2019assegurances de salut.<\/p>\n<p><strong>Per qu\u00e8 contractar M\u00fatua de Catalunya trav\u00e9s de Caralt i Conesa?<\/strong><\/p>\n<p>Per qu\u00e8 t\u2019ajudarem a escollir quina companyia et conv\u00e9 m\u00e9s, t\u2019acompanyarem el la gesti\u00f3 del sinistre, perqu\u00e8 sigui el m\u00e9s \u00e0gil i satisfact\u00f2ria.<\/p>\n<p>I a trav\u00e9s de la nostra app, i els nostres gestors podr\u00e0s centralitzar totes les teves p\u00f2lisses d\u2019una manera senzilla i eficient.<\/p>\n<p>Per qu\u00e8 disposem de condicions especials per volum, que fan que les p\u00f2lisses amb iguals garanties siguin m\u00e9s competitives.<br \/>\n[\/vc_column_text][\/vc_column_inner][\/vc_row_inner][\/vc_tta_section][vc_tta_section title=&#8221;ASISA&#8221; tab_id=&#8221;asisa&#8221;][vc_row_inner][vc_column_inner width=&#8221;1\/4&#8243;][vc_single_image image=&#8221;1072&#8243; img_size=&#8221;medium&#8221;][\/vc_column_inner][vc_column_inner width=&#8221;3\/4&#8243;][vc_column_text]<\/p>\n<p>Companyia nascuda el 1971, com Igualatori metge, amb la voluntat de portar la medicina a totes les zones de l\u2019pa\u00eds.Actualmente \u00e9s una solvent i moderna companyia asseguradora especialitzada en assegurances d\u2019assist\u00e8ncia m\u00e8dica, es troba a les zones altes de tots els r\u00e0nquings en salut privada.<\/p>\n<p><strong>Per qu\u00e8 Asisa per a les meves assegurances?<\/strong><\/p>\n<p>Es tracta d\u2019una companyia solvent, amb productes molt atractius de salut.<\/p>\n<p><strong>Per qu\u00e8 contractar Asisa trav\u00e9s de Caralt i Conesa?<\/strong><\/p>\n<p>Per qu\u00e8 t\u2019ajudarem a escollir quina companyia et conv\u00e9 m\u00e9s, t\u2019acompanyarem el la gesti\u00f3 del sinistre, perqu\u00e8 sigui el m\u00e9s \u00e0gil i satisfact\u00f2ria.<\/p>\n<p>I a trav\u00e9s de la nostra app, i els nostres gestors podr\u00e0s centralitzar totes les teves p\u00f2lisses d\u2019una manera senzilla i eficient.<\/p>\n<p>Per qu\u00e8 disposem de condicions especials per volum, que fan que les p\u00f2lisses amb iguals garanties siguin m\u00e9s competitives.<br \/>\n[\/vc_column_text][\/vc_column_inner][\/vc_row_inner][\/vc_tta_section][vc_tta_section title=&#8221;CATALANA OCCIDENTE&#8221; tab_id=&#8221;catalana-occidente&#8221;][vc_row_inner][vc_column_inner width=&#8221;1\/4&#8243;][vc_single_image image=&#8221;1073&#8243; img_size=&#8221;medium&#8221;][\/vc_column_inner][vc_column_inner width=&#8221;3\/4&#8243;][vc_column_text]<br \/>\nCompanyia nascuda el 1864 anomenada Societat Catalana d\u2019Assegurances contra incendis a prima fija.Tiene m\u00e9s de 8.000 empleats repartits en m\u00e9s de 50 pa\u00efsos i la seva seu central es troba a Sant Cugat del \u2018Valles.Muy solvent i amb productes molt competitivos.Destaca en l\u2019\u00e0mbit assegurador familiar i personal.<\/p>\n<p><strong>Per qu\u00e8 Catalana Occident per les meves assegurances?<\/strong><\/p>\n<p>Es tracta d\u2019una companyia solvent i propera amb productes molt complets.<\/p>\n<p><strong>Per qu\u00e8 contractar Catalana Occident trav\u00e9s de Caralt i Conesa?<\/strong><\/p>\n<p>Per qu\u00e8 t\u2019ajudarem a escollir quina companyia et conv\u00e9 m\u00e9s, t\u2019acompanyarem el la gesti\u00f3 del sinistre, perqu\u00e8 sigui el m\u00e9s \u00e0gil i satisfact\u00f2ria.<\/p>\n<p>I a trav\u00e9s de la nostra app, i els nostres gestors podr\u00e0s centralitzar totes les teves p\u00f2lisses d\u2019una manera senzilla i eficient.<\/p>\n<p>Per qu\u00e8 disposem de condicions especials per volum, que fan que les p\u00f2lisses amb iguals garanties siguin m\u00e9s competitives.<\/p>\n<p>[\/vc_column_text][\/vc_column_inner][\/vc_row_inner][\/vc_tta_section][\/vc_tta_accordion][\/vc_column][\/vc_row][vc_row][vc_column][vc_empty_space][\/vc_column][\/vc_row][vc_row equal_height=&#8221;yes&#8221; content_placement=&#8221;middle&#8221; css=&#8221;.vc_custom_1585052910006{background-color: #6983ff !important;}&#8221;][vc_column width=&#8221;1\/2&#8243; el_class=&#8221;nopaddingtop&#8221;][vc_single_image image=&#8221;325&#8243; img_size=&#8221;full&#8221; el_class=&#8221;fullimage&#8221;][\/vc_column][vc_column width=&#8221;1\/2&#8243; css=&#8221;.vc_custom_1585054915270{padding-right: 15% !important;padding-left: 15% !important;}&#8221; el_class=&#8221;nopaddingtop&#8221;][vc_custom_heading text=&#8221;Escriu-nos i et contactarem&#8221; font_container=&#8221;tag:h3|font_size:30px|text_align:left|color:%23ffffff|line_height:44px&#8221; use_theme_fonts=&#8221;yes&#8221;]\n<div class=\"wpcf7 no-js\" id=\"wpcf7-f604-o1\" lang=\"es-ES\" dir=\"ltr\" data-wpcf7-id=\"604\">\n<div class=\"screen-reader-response\"><p role=\"status\" aria-live=\"polite\" aria-atomic=\"true\"><\/p> <ul><\/ul><\/div>\n<form action=\"\/ca\/wp-json\/wp\/v2\/pages\/575#wpcf7-f604-o1\" method=\"post\" class=\"wpcf7-form init\" aria-label=\"Contact form\" novalidate=\"novalidate\" data-status=\"init\">\n<div style=\"display: none;\">\n<input type=\"hidden\" name=\"_wpcf7\" value=\"604\" \/>\n<input type=\"hidden\" name=\"_wpcf7_version\" value=\"6.0.2\" \/>\n<input type=\"hidden\" name=\"_wpcf7_locale\" value=\"es_ES\" \/>\n<input type=\"hidden\" name=\"_wpcf7_unit_tag\" value=\"wpcf7-f604-o1\" \/>\n<input type=\"hidden\" name=\"_wpcf7_container_post\" value=\"0\" \/>\n<input type=\"hidden\" name=\"_wpcf7_posted_data_hash\" value=\"\" \/>\n<\/div>\n<p><span class=\"wpcf7-form-control-wrap\" data-name=\"your-name\"><input size=\"40\" maxlength=\"400\" class=\"wpcf7-form-control wpcf7-text wpcf7-validates-as-required\" aria-required=\"true\" aria-invalid=\"false\" placeholder=\"Nom\" value=\"\" type=\"text\" name=\"your-name\" \/><\/span><br \/>\n<span class=\"wpcf7-form-control-wrap\" data-name=\"your-email\"><input size=\"40\" maxlength=\"400\" class=\"wpcf7-form-control wpcf7-email wpcf7-validates-as-required wpcf7-text wpcf7-validates-as-email\" aria-required=\"true\" aria-invalid=\"false\" placeholder=\"Email\" value=\"\" type=\"email\" name=\"your-email\" \/><\/span><br \/>\n<span class=\"wpcf7-form-control-wrap\" data-name=\"your-subject\"><input size=\"40\" maxlength=\"400\" class=\"wpcf7-form-control wpcf7-text\" aria-invalid=\"false\" placeholder=\"Assumpte\" value=\"\" type=\"text\" name=\"your-subject\" \/><\/span><br \/>\n<span class=\"wpcf7-form-control-wrap\" data-name=\"your-message\"><textarea cols=\"40\" rows=\"4\" maxlength=\"2000\" class=\"wpcf7-form-control wpcf7-textarea\" aria-invalid=\"false\" placeholder=\"Missatge\" name=\"your-message\"><\/textarea><\/span><br \/>\n<span id=\"wpcf7-69f1e2611549b-wrapper\" class=\"wpcf7-form-control-wrap honeypot-66-wrap\" style=\"display:none !important; visibility:hidden !important;\"><label for=\"wpcf7-69f1e2611549b-field\" class=\"hp-message\">Deixeu aquest camp buit.<\/label><input id=\"wpcf7-69f1e2611549b-field\"  class=\"wpcf7-form-control wpcf7-text\" type=\"text\" name=\"honeypot-66\" value=\"\" size=\"40\" tabindex=\"-1\" autocomplete=\"new-password\" \/><\/span><br \/>\n<span class=\"wpcf7-form-control-wrap\" data-name=\"acceptance-977\"><span class=\"wpcf7-form-control wpcf7-acceptance\"><span class=\"wpcf7-list-item\"><label><input type=\"checkbox\" name=\"acceptance-977\" value=\"1\" aria-invalid=\"false\" \/><span class=\"wpcf7-list-item-label\">He llegit i accepto la <a href=\"\/ca\/politica-de-privacitat\/\" target=\"_blank\">pol\u00edtica de privacitat<\/a> del lloc web<\/span><\/label><\/span><\/span><\/span><br \/>\n<input class=\"wpcf7-form-control wpcf7-submit has-spinner\" type=\"submit\" value=\"ENVIAR\" \/>\n<\/p><p style=\"display: none !important;\" class=\"akismet-fields-container\" data-prefix=\"_wpcf7_ak_\"><label>&#916;<textarea name=\"_wpcf7_ak_hp_textarea\" cols=\"45\" rows=\"8\" maxlength=\"100\"><\/textarea><\/label><input type=\"hidden\" id=\"ak_js_1\" name=\"_wpcf7_ak_js\" value=\"229\"\/><script>document.getElementById( \"ak_js_1\" ).setAttribute( \"value\", ( new Date() ).getTime() );<\/script><\/p><div class=\"wpcf7-response-output\" aria-hidden=\"true\"><\/div>\n<\/form>\n<\/div>\n[\/vc_column][\/vc_row]<\/p>\n","protected":false},"excerpt":{"rendered":"<p>[vc_row][vc_column][\/vc_column][\/vc_row][vc_row css=&#8221;.vc_custom_1585059891214{margin-right: 5% !important;margin-left: 5% !important;}&#8221;][vc_column][vc_empty_space height=&#8221;50px&#8221;][\/vc_column][\/vc_row][vc_row css=&#8221;.vc_custom_1585059891214{margin-right: 5% !important;margin-left: 5% !important;}&#8221;][vc_column width=&#8221;1\/3&#8243;][vc_column_text] Quienes Somos [\/vc_column_text][\/vc_column][vc_column width=&#8221;2\/3&#8243;][vc_column_text el_class=&#8221;introtext&#8221;]Caralt i Conesa va n\u00e9ixer el 1993 de [&hellip;]<\/p>\n","protected":false},"author":1,"featured_media":487,"parent":0,"menu_order":0,"comment_status":"closed","ping_status":"closed","template":"full-width.php","meta":{"footnotes":""},"class_list":["post-575","page","type-page","status-publish","has-post-thumbnail","hentry"],"yoast_head":"<!-- This site is optimized with the Yoast SEO plugin v24.1 - https:\/\/yoast.com\/wordpress\/plugins\/seo\/ -->\n<title>La Nostra Corredur\u00eda - Caralt i Conesa<\/title>\n<meta name=\"robots\" content=\"index, follow, max-snippet:-1, max-image-preview:large, max-video-preview:-1\" \/>\n<link rel=\"canonical\" href=\"https:\/\/caralticonesa.com\/ca\/la-nostra-correduria\/\" \/>\n<meta property=\"og:locale\" content=\"ca_ES\" \/>\n<meta property=\"og:type\" content=\"article\" \/>\n<meta property=\"og:title\" content=\"La Nostra Corredur\u00eda - Caralt i Conesa\" \/>\n<meta property=\"og:description\" content=\"[vc_row][vc_column][\/vc_column][\/vc_row][vc_row css=&#8221;.vc_custom_1585059891214{margin-right: 5% !important;margin-left: 5% !important;}&#8221;][vc_column][vc_empty_space height=&#8221;50px&#8221;][\/vc_column][\/vc_row][vc_row css=&#8221;.vc_custom_1585059891214{margin-right: 5% !important;margin-left: 5% !important;}&#8221;][vc_column width=&#8221;1\/3&#8243;][vc_column_text] Quienes Somos [\/vc_column_text][\/vc_column][vc_column width=&#8221;2\/3&#8243;][vc_column_text el_class=&#8221;introtext&#8221;]Caralt i Conesa va n\u00e9ixer el 1993 de [&hellip;]\" \/>\n<meta property=\"og:url\" content=\"https:\/\/caralticonesa.com\/ca\/la-nostra-correduria\/\" \/>\n<meta property=\"og:site_name\" content=\"Caralt i Conesa\" \/>\n<meta property=\"article:modified_time\" content=\"2024-10-24T16:33:07+00:00\" \/>\n<meta property=\"og:image\" content=\"https:\/\/caralticonesa.com\/wp-content\/uploads\/2020\/03\/Group-8.png\" \/>\n\t<meta property=\"og:image:width\" content=\"40\" \/>\n\t<meta property=\"og:image:height\" content=\"40\" \/>\n\t<meta property=\"og:image:type\" content=\"image\/png\" \/>\n<meta name=\"twitter:card\" content=\"summary_large_image\" \/>\n<meta name=\"twitter:label1\" content=\"Temps estimat de lectura\" \/>\n\t<meta name=\"twitter:data1\" content=\"13 minuts\" \/>\n<script type=\"application\/ld+json\" class=\"yoast-schema-graph\">{\"@context\":\"https:\/\/schema.org\",\"@graph\":[{\"@type\":\"WebPage\",\"@id\":\"https:\/\/caralticonesa.com\/ca\/la-nostra-correduria\/\",\"url\":\"https:\/\/caralticonesa.com\/ca\/la-nostra-correduria\/\",\"name\":\"La Nostra Corredur\u00eda - Caralt i Conesa\",\"isPartOf\":{\"@id\":\"https:\/\/caralticonesa.com\/#website\"},\"primaryImageOfPage\":{\"@id\":\"https:\/\/caralticonesa.com\/ca\/la-nostra-correduria\/#primaryimage\"},\"image\":{\"@id\":\"https:\/\/caralticonesa.com\/ca\/la-nostra-correduria\/#primaryimage\"},\"thumbnailUrl\":\"https:\/\/caralticonesa.com\/wp-content\/uploads\/2020\/03\/Group-8.png\",\"datePublished\":\"2020-03-20T13:30:04+00:00\",\"dateModified\":\"2024-10-24T16:33:07+00:00\",\"breadcrumb\":{\"@id\":\"https:\/\/caralticonesa.com\/ca\/la-nostra-correduria\/#breadcrumb\"},\"inLanguage\":\"ca\",\"potentialAction\":[{\"@type\":\"ReadAction\",\"target\":[\"https:\/\/caralticonesa.com\/ca\/la-nostra-correduria\/\"]}]},{\"@type\":\"ImageObject\",\"inLanguage\":\"ca\",\"@id\":\"https:\/\/caralticonesa.com\/ca\/la-nostra-correduria\/#primaryimage\",\"url\":\"https:\/\/caralticonesa.com\/wp-content\/uploads\/2020\/03\/Group-8.png\",\"contentUrl\":\"https:\/\/caralticonesa.com\/wp-content\/uploads\/2020\/03\/Group-8.png\",\"width\":40,\"height\":40},{\"@type\":\"BreadcrumbList\",\"@id\":\"https:\/\/caralticonesa.com\/ca\/la-nostra-correduria\/#breadcrumb\",\"itemListElement\":[{\"@type\":\"ListItem\",\"position\":1,\"name\":\"Portada\",\"item\":\"https:\/\/caralticonesa.com\/ca\/\"},{\"@type\":\"ListItem\",\"position\":2,\"name\":\"La Nostra Corredur\u00eda\"}]},{\"@type\":\"WebSite\",\"@id\":\"https:\/\/caralticonesa.com\/#website\",\"url\":\"https:\/\/caralticonesa.com\/\",\"name\":\"Caralt i Conesa\",\"description\":\"Otro sitio realizado con WordPress\",\"potentialAction\":[{\"@type\":\"SearchAction\",\"target\":{\"@type\":\"EntryPoint\",\"urlTemplate\":\"https:\/\/caralticonesa.com\/?s={search_term_string}\"},\"query-input\":{\"@type\":\"PropertyValueSpecification\",\"valueRequired\":true,\"valueName\":\"search_term_string\"}}],\"inLanguage\":\"ca\"}]}<\/script>\n<!-- \/ Yoast SEO plugin. -->","yoast_head_json":{"title":"La Nostra Corredur\u00eda - Caralt i Conesa","robots":{"index":"index","follow":"follow","max-snippet":"max-snippet:-1","max-image-preview":"max-image-preview:large","max-video-preview":"max-video-preview:-1"},"canonical":"https:\/\/caralticonesa.com\/ca\/la-nostra-correduria\/","og_locale":"ca_ES","og_type":"article","og_title":"La Nostra Corredur\u00eda - Caralt i Conesa","og_description":"[vc_row][vc_column][\/vc_column][\/vc_row][vc_row css=&#8221;.vc_custom_1585059891214{margin-right: 5% !important;margin-left: 5% !important;}&#8221;][vc_column][vc_empty_space height=&#8221;50px&#8221;][\/vc_column][\/vc_row][vc_row css=&#8221;.vc_custom_1585059891214{margin-right: 5% !important;margin-left: 5% !important;}&#8221;][vc_column width=&#8221;1\/3&#8243;][vc_column_text] Quienes Somos [\/vc_column_text][\/vc_column][vc_column width=&#8221;2\/3&#8243;][vc_column_text el_class=&#8221;introtext&#8221;]Caralt i Conesa va n\u00e9ixer el 1993 de [&hellip;]","og_url":"https:\/\/caralticonesa.com\/ca\/la-nostra-correduria\/","og_site_name":"Caralt i Conesa","article_modified_time":"2024-10-24T16:33:07+00:00","og_image":[{"width":40,"height":40,"url":"https:\/\/caralticonesa.com\/wp-content\/uploads\/2020\/03\/Group-8.png","type":"image\/png"}],"twitter_card":"summary_large_image","twitter_misc":{"Temps estimat de lectura":"13 minuts"},"schema":{"@context":"https:\/\/schema.org","@graph":[{"@type":"WebPage","@id":"https:\/\/caralticonesa.com\/ca\/la-nostra-correduria\/","url":"https:\/\/caralticonesa.com\/ca\/la-nostra-correduria\/","name":"La Nostra Corredur\u00eda - Caralt i Conesa","isPartOf":{"@id":"https:\/\/caralticonesa.com\/#website"},"primaryImageOfPage":{"@id":"https:\/\/caralticonesa.com\/ca\/la-nostra-correduria\/#primaryimage"},"image":{"@id":"https:\/\/caralticonesa.com\/ca\/la-nostra-correduria\/#primaryimage"},"thumbnailUrl":"https:\/\/caralticonesa.com\/wp-content\/uploads\/2020\/03\/Group-8.png","datePublished":"2020-03-20T13:30:04+00:00","dateModified":"2024-10-24T16:33:07+00:00","breadcrumb":{"@id":"https:\/\/caralticonesa.com\/ca\/la-nostra-correduria\/#breadcrumb"},"inLanguage":"ca","potentialAction":[{"@type":"ReadAction","target":["https:\/\/caralticonesa.com\/ca\/la-nostra-correduria\/"]}]},{"@type":"ImageObject","inLanguage":"ca","@id":"https:\/\/caralticonesa.com\/ca\/la-nostra-correduria\/#primaryimage","url":"https:\/\/caralticonesa.com\/wp-content\/uploads\/2020\/03\/Group-8.png","contentUrl":"https:\/\/caralticonesa.com\/wp-content\/uploads\/2020\/03\/Group-8.png","width":40,"height":40},{"@type":"BreadcrumbList","@id":"https:\/\/caralticonesa.com\/ca\/la-nostra-correduria\/#breadcrumb","itemListElement":[{"@type":"ListItem","position":1,"name":"Portada","item":"https:\/\/caralticonesa.com\/ca\/"},{"@type":"ListItem","position":2,"name":"La Nostra Corredur\u00eda"}]},{"@type":"WebSite","@id":"https:\/\/caralticonesa.com\/#website","url":"https:\/\/caralticonesa.com\/","name":"Caralt i Conesa","description":"Otro sitio realizado con WordPress","potentialAction":[{"@type":"SearchAction","target":{"@type":"EntryPoint","urlTemplate":"https:\/\/caralticonesa.com\/?s={search_term_string}"},"query-input":{"@type":"PropertyValueSpecification","valueRequired":true,"valueName":"search_term_string"}}],"inLanguage":"ca"}]}},"_links":{"self":[{"href":"https:\/\/caralticonesa.com\/ca\/wp-json\/wp\/v2\/pages\/575"}],"collection":[{"href":"https:\/\/caralticonesa.com\/ca\/wp-json\/wp\/v2\/pages"}],"about":[{"href":"https:\/\/caralticonesa.com\/ca\/wp-json\/wp\/v2\/types\/page"}],"author":[{"embeddable":true,"href":"https:\/\/caralticonesa.com\/ca\/wp-json\/wp\/v2\/users\/1"}],"replies":[{"embeddable":true,"href":"https:\/\/caralticonesa.com\/ca\/wp-json\/wp\/v2\/comments?post=575"}],"version-history":[{"count":8,"href":"https:\/\/caralticonesa.com\/ca\/wp-json\/wp\/v2\/pages\/575\/revisions"}],"predecessor-version":[{"id":2868,"href":"https:\/\/caralticonesa.com\/ca\/wp-json\/wp\/v2\/pages\/575\/revisions\/2868"}],"wp:featuredmedia":[{"embeddable":true,"href":"https:\/\/caralticonesa.com\/ca\/wp-json\/wp\/v2\/media\/487"}],"wp:attachment":[{"href":"https:\/\/caralticonesa.com\/ca\/wp-json\/wp\/v2\/media?parent=575"}],"curies":[{"name":"wp","href":"https:\/\/api.w.org\/{rel}","templated":true}]}}