{"id":549,"date":"2020-03-27T08:40:45","date_gmt":"2020-03-27T08:40:45","guid":{"rendered":"http:\/\/caralticonesa.com\/seguros-de-vida\/"},"modified":"2020-08-12T12:09:19","modified_gmt":"2020-08-12T12:09:19","slug":"vida","status":"publish","type":"page","link":"https:\/\/caralticonesa.com\/ca\/assegurances-particulars\/vida\/","title":{"rendered":"Assegurances de vida"},"content":{"rendered":"<p>[vc_row][vc_column]\n\t\t\t<!-- START Slider 1 1 REVOLUTION SLIDER 6.1.3 --><p class=\"rs-p-wp-fix\"><\/p>\n\t\t\t<rs-module-wrap id=\"rev_slider_15_1_wrapper\" data-source=\"gallery\" style=\"background:transparent;padding:0;margin:0px auto;margin-top:0;margin-bottom:0;\">\n\t\t\t\t<rs-module id=\"rev_slider_15_1\" style=\"display:none;\" data-version=\"6.1.3\">\n\t\t\t\t\t<rs-slides>\n\t\t\t\t\t\t<rs-slide data-key=\"rs-17\" data-title=\"Slide\" data-anim=\"ei:d;eo:d;s:1000;r:0;t:fade;sl:0;\">\n\t\t\t\t\t\t\t<img loading=\"lazy\" decoding=\"async\" src=\"\/\/caralticonesa.com\/wp-content\/uploads\/2020\/03\/Intro-1-1.png\" title=\"Intro (1)\" width=\"1440\" height=\"229\" class=\"rev-slidebg\" data-no-retina>\n<!--\n\t\t\t\t\t\t\t--><rs-layer\n\t\t\t\t\t\t\t\tid=\"slider-15-slide-17-layer-0\" \n\t\t\t\t\t\t\t\tdata-type=\"text\"\n\t\t\t\t\t\t\t\tdata-color=\"#ffffff\"\n\t\t\t\t\t\t\t\tdata-rsp_ch=\"on\"\n\t\t\t\t\t\t\t\tdata-xy=\"x:c;y:c;\"\n\t\t\t\t\t\t\t\tdata-text=\"w:normal;s:45;\"\n\t\t\t\t\t\t\t\tdata-dim=\"w:461px;h:48px;\"\n\t\t\t\t\t\t\t\tdata-frame_999=\"o:0;st:w;\"\n\t\t\t\t\t\t\t\tstyle=\"z-index:5;font-family:Roboto;\"\n\t\t\t\t\t\t\t>Assegurances de vida \n\t\t\t\t\t\t\t<\/rs-layer><!--\n-->\t\t\t\t\t\t<\/rs-slide>\n\t\t\t\t\t<\/rs-slides>\n\t\t\t\t\t<rs-progress class=\"rs-bottom\" style=\"visibility: hidden !important;\"><\/rs-progress>\n\t\t\t\t<\/rs-module>\n\t\t\t\t<script type=\"text\/javascript\">\n\t\t\t\t\tsetREVStartSize({c: 'rev_slider_15_1',rl:[1240,1024,778,480],el:[200],gw:[1240],gh:[200],layout:'fullwidth',mh:\"0\"});\n\t\t\t\t\tvar\trevapi15,\n\t\t\t\t\t\ttpj;\n\t\t\t\t\tjQuery(function() {\n\t\t\t\t\t\ttpj = jQuery;\n\t\t\t\t\t\tif(tpj(\"#rev_slider_15_1\").revolution == undefined){\n\t\t\t\t\t\t\trevslider_showDoubleJqueryError(\"#rev_slider_15_1\");\n\t\t\t\t\t\t}else{\n\t\t\t\t\t\t\trevapi15 = tpj(\"#rev_slider_15_1\").show().revolution({\n\t\t\t\t\t\t\t\tjsFileLocation:\"\/\/caralticonesa.com\/wp-content\/plugins\/revslider\/public\/assets\/js\/\",\n\t\t\t\t\t\t\t\tsliderLayout:\"fullwidth\",\n\t\t\t\t\t\t\t\tvisibilityLevels:\"1240,1024,778,480\",\n\t\t\t\t\t\t\t\tgridwidth:1240,\n\t\t\t\t\t\t\t\tgridheight:200,\n\t\t\t\t\t\t\t\tminHeight:\"\",\n\t\t\t\t\t\t\t\tspinner:\"spinner0\",\n\t\t\t\t\t\t\t\teditorheight:\"200,768,960,720\",\n\t\t\t\t\t\t\t\tresponsiveLevels:\"1240,1024,778,480\",\n\t\t\t\t\t\t\t\tdisableProgressBar:\"on\",\n\t\t\t\t\t\t\t\tnavigation: {\n\t\t\t\t\t\t\t\t\tonHoverStop:false\n\t\t\t\t\t\t\t\t},\n\t\t\t\t\t\t\t\tfallbacks: {\n\t\t\t\t\t\t\t\t\tallowHTML5AutoPlayOnAndroid:true\n\t\t\t\t\t\t\t\t},\n\t\t\t\t\t\t\t});\n\t\t\t\t\t\t}\n\t\t\t\t\t\t\n\t\t\t\t\t});\n\t\t\t\t<\/script>\n\t\t\t<\/rs-module-wrap>\n\t\t\t<!-- END REVOLUTION SLIDER -->\n[vc_empty_space height=&#8221;50px&#8221;][\/vc_column][\/vc_row][vc_row full_width=&#8221;stretch_row_content&#8221; equal_height=&#8221;yes&#8221; css=&#8221;.vc_custom_1585902987499{padding-right: 5% !important;padding-left: 5% !important;}&#8221;][vc_column width=&#8221;1\/3&#8243;][vc_single_image image=&#8221;527&#8243; img_size=&#8221;full&#8221;][\/vc_column][vc_column width=&#8221;2\/3&#8243; css=&#8221;.vc_custom_1585901377232{padding-right: 3% !important;}&#8221;][vc_column_text el_class=&#8221;intro-text&#8221;]Soluci\u00f3 de protecci\u00f3 familiar, que cobreix les principals conting\u00e8ncies davant un mort o una invalidesa.<\/p>\n<p>Els beneficiaris, seran els que cobressin el capital pactat, en cas de mort, oferint una estabilitat econ\u00f2mica, en els moments m\u00e9s dif\u00edcils en l&#8217;\u00e0mbit familiar.<\/p>\n<p>El beneficiari tamb\u00e9 pot ser el mateix assegurat en cas d&#8217;invalidesa, i es pot oferir la invalidesa professional.<\/p>\n<p>Hi cobertures complement\u00e0ries com indemnitzacions en cas de contraure malalties greus, si arribar a la conting\u00e8ncia principal.[\/vc_column_text][vc_empty_space height=&#8221;50px&#8221;][\/vc_column][\/vc_row][vc_row full_width=&#8221;stretch_row&#8221; css=&#8221;.vc_custom_1585903095164{padding-right: 5% !important;padding-left: 5% !important;}&#8221;][vc_column][vc_empty_space][vc_column_text]<\/p>\n<h2 style=\"text-align: left;\">PREGUNTES FREQ\u00dcENTS<\/h2>\n<p>[\/vc_column_text][vc_empty_space][vc_tta_accordion][vc_tta_section title=&#8221;\u00c9s obligatori Tenir l&#8217;Asseguran\u00e7a de vida amb el banc?&#8221; tab_id=&#8221;1597221810496-c089c06b-60e1&#8243;][vc_column_text]NO, \u00e9s aconsellable cobrir el capital pendent d&#8217;una hipoteca o pr\u00e9stec amb 1 Asseguran\u00e7a de vida, per\u00f2 \u00e9s olla contractar amb QUALSEVOL distribuidor.Es mes els Companyies asseguradores, s\u00f3n Molt m\u00e9s competitives en els Seves ofertes.[\/vc_column_text][\/vc_tta_section][vc_tta_section title=&#8221;\u00bfQue capital he de assegurar per cobrir la meva fam\u00edlia?&#8221; tab_id=&#8221;1597221810529-739ddb78-1616&#8243;][vc_column_text]Cada situaci\u00f3 familiar requereix, un plantejament diferent, encara que a nivell general es recomana, cobrir tots els deutes i de 4 a 5 anys d&#8217;ingressos previstos.[\/vc_column_text][\/vc_tta_section][vc_tta_section title=&#8221;Hi ha alguna exclusi\u00f3 en les assegurances de vida?&#8221; tab_id=&#8221;1597221817866-456e5c2a-09f8&#8243;][vc_column_text]Dep\u00e8n de les companyies, encara que a nivell general existeix, l&#8217;exclusi\u00f3 els 12 primers mesos de l&#8217;su\u00efcidi, tamb\u00e9 les malalties preexistents no informades abans de contractar l&#8217;asseguran\u00e7a, en algunes asseguradores que no indemnitzen en casos en qu\u00e8 els estupefaents, estiguin presents en la causa de l&#8217;dec\u00e9s.[\/vc_column_text][\/vc_tta_section][\/vc_tta_accordion][\/vc_column][\/vc_row][vc_row full_width=&#8221;stretch_row&#8221; css=&#8221;.vc_custom_1585903009089{padding-right: 5% !important;padding-left: 5% !important;background-color: #ffffff !important;}&#8221;][vc_column][vc_empty_space height=&#8221;60px&#8221;][\/vc_column][\/vc_row][vc_row full_width=&#8221;stretch_row&#8221; css=&#8221;.vc_custom_1585903009089{padding-right: 5% !important;padding-left: 5% !important;background-color: #ffffff !important;}&#8221;][vc_column][vc_column_text]<\/p>\n<h2 style=\"text-align: center;\">Necessites una altra asseguran\u00e7a?<\/h2>\n<p style=\"text-align: center;\">Cobrim tots els riscos que puguis tenir<\/p>\n<p>[\/vc_column_text][vc_empty_space height=&#8221;60px&#8221;][vc_btn title=&#8221;ASSEGURANCES DE PARTICULARS&#8221; align=&#8221;center&#8221; link=&#8221;url:http%3A%2F%2Fcaralticonesa.com%2Fca%2Fassegurances-particulars%2F|title:Particulars||&#8221;][vc_empty_space height=&#8221;60px&#8221;][\/vc_column][\/vc_row]<\/p>\n","protected":false},"excerpt":{"rendered":"<p>[vc_row][vc_column][vc_empty_space height=&#8221;50px&#8221;][\/vc_column][\/vc_row][vc_row full_width=&#8221;stretch_row_content&#8221; equal_height=&#8221;yes&#8221; css=&#8221;.vc_custom_1585902987499{padding-right: 5% !important;padding-left: 5% !important;}&#8221;][vc_column width=&#8221;1\/3&#8243;][vc_single_image image=&#8221;527&#8243; img_size=&#8221;full&#8221;][\/vc_column][vc_column width=&#8221;2\/3&#8243; css=&#8221;.vc_custom_1585901377232{padding-right: 3% !important;}&#8221;][vc_column_text el_class=&#8221;intro-text&#8221;]Soluci\u00f3 de protecci\u00f3 familiar, que cobreix les principals conting\u00e8ncies [&hellip;]<\/p>\n","protected":false},"author":1,"featured_media":0,"parent":568,"menu_order":0,"comment_status":"closed","ping_status":"closed","template":"full-width.php","meta":{"footnotes":""},"class_list":["post-549","page","type-page","status-publish","hentry"],"yoast_head":"<!-- This site is optimized with the Yoast SEO plugin v24.1 - https:\/\/yoast.com\/wordpress\/plugins\/seo\/ -->\n<title>Assegurances de vida - Caralt i Conesa<\/title>\n<meta name=\"robots\" content=\"index, follow, max-snippet:-1, max-image-preview:large, max-video-preview:-1\" \/>\n<link rel=\"canonical\" href=\"https:\/\/caralticonesa.com\/seguros-particulares\/vida\/\" \/>\n<meta property=\"og:locale\" content=\"ca_ES\" \/>\n<meta property=\"og:type\" content=\"article\" \/>\n<meta property=\"og:title\" content=\"Assegurances de vida - Caralt i Conesa\" \/>\n<meta property=\"og:description\" content=\"[vc_row][vc_column][vc_empty_space height=&#8221;50px&#8221;][\/vc_column][\/vc_row][vc_row full_width=&#8221;stretch_row_content&#8221; equal_height=&#8221;yes&#8221; css=&#8221;.vc_custom_1585902987499{padding-right: 5% !important;padding-left: 5% !important;}&#8221;][vc_column width=&#8221;1\/3&#8243;][vc_single_image image=&#8221;527&#8243; img_size=&#8221;full&#8221;][\/vc_column][vc_column width=&#8221;2\/3&#8243; css=&#8221;.vc_custom_1585901377232{padding-right: 3% !important;}&#8221;][vc_column_text el_class=&#8221;intro-text&#8221;]Soluci\u00f3 de protecci\u00f3 familiar, que cobreix les principals conting\u00e8ncies [&hellip;]\" \/>\n<meta property=\"og:url\" content=\"https:\/\/caralticonesa.com\/seguros-particulares\/vida\/\" \/>\n<meta property=\"og:site_name\" content=\"Caralt i Conesa\" \/>\n<meta property=\"article:modified_time\" content=\"2020-08-12T12:09:19+00:00\" \/>\n<meta name=\"twitter:card\" content=\"summary_large_image\" \/>\n<meta name=\"twitter:label1\" content=\"Temps estimat de lectura\" \/>\n\t<meta name=\"twitter:data1\" content=\"2 minuts\" \/>\n<script type=\"application\/ld+json\" class=\"yoast-schema-graph\">{\"@context\":\"https:\/\/schema.org\",\"@graph\":[{\"@type\":\"WebPage\",\"@id\":\"https:\/\/caralticonesa.com\/seguros-particulares\/vida\/\",\"url\":\"https:\/\/caralticonesa.com\/seguros-particulares\/vida\/\",\"name\":\"Assegurances de vida - Caralt i Conesa\",\"isPartOf\":{\"@id\":\"https:\/\/caralticonesa.com\/#website\"},\"datePublished\":\"2020-03-27T08:40:45+00:00\",\"dateModified\":\"2020-08-12T12:09:19+00:00\",\"breadcrumb\":{\"@id\":\"https:\/\/caralticonesa.com\/seguros-particulares\/vida\/#breadcrumb\"},\"inLanguage\":\"ca\",\"potentialAction\":[{\"@type\":\"ReadAction\",\"target\":[\"https:\/\/caralticonesa.com\/seguros-particulares\/vida\/\"]}]},{\"@type\":\"BreadcrumbList\",\"@id\":\"https:\/\/caralticonesa.com\/seguros-particulares\/vida\/#breadcrumb\",\"itemListElement\":[{\"@type\":\"ListItem\",\"position\":1,\"name\":\"Portada\",\"item\":\"https:\/\/caralticonesa.com\/ca\/\"},{\"@type\":\"ListItem\",\"position\":2,\"name\":\"Particulars\",\"item\":\"https:\/\/caralticonesa.com\/ca\/assegurances-particulars\/\"},{\"@type\":\"ListItem\",\"position\":3,\"name\":\"Assegurances de vida\"}]},{\"@type\":\"WebSite\",\"@id\":\"https:\/\/caralticonesa.com\/#website\",\"url\":\"https:\/\/caralticonesa.com\/\",\"name\":\"Caralt i Conesa\",\"description\":\"Otro sitio realizado con WordPress\",\"potentialAction\":[{\"@type\":\"SearchAction\",\"target\":{\"@type\":\"EntryPoint\",\"urlTemplate\":\"https:\/\/caralticonesa.com\/?s={search_term_string}\"},\"query-input\":{\"@type\":\"PropertyValueSpecification\",\"valueRequired\":true,\"valueName\":\"search_term_string\"}}],\"inLanguage\":\"ca\"}]}<\/script>\n<!-- \/ Yoast SEO plugin. -->","yoast_head_json":{"title":"Assegurances de vida - Caralt i Conesa","robots":{"index":"index","follow":"follow","max-snippet":"max-snippet:-1","max-image-preview":"max-image-preview:large","max-video-preview":"max-video-preview:-1"},"canonical":"https:\/\/caralticonesa.com\/seguros-particulares\/vida\/","og_locale":"ca_ES","og_type":"article","og_title":"Assegurances de vida - Caralt i Conesa","og_description":"[vc_row][vc_column][vc_empty_space height=&#8221;50px&#8221;][\/vc_column][\/vc_row][vc_row full_width=&#8221;stretch_row_content&#8221; equal_height=&#8221;yes&#8221; css=&#8221;.vc_custom_1585902987499{padding-right: 5% !important;padding-left: 5% !important;}&#8221;][vc_column width=&#8221;1\/3&#8243;][vc_single_image image=&#8221;527&#8243; img_size=&#8221;full&#8221;][\/vc_column][vc_column width=&#8221;2\/3&#8243; css=&#8221;.vc_custom_1585901377232{padding-right: 3% !important;}&#8221;][vc_column_text el_class=&#8221;intro-text&#8221;]Soluci\u00f3 de protecci\u00f3 familiar, que cobreix les principals conting\u00e8ncies [&hellip;]","og_url":"https:\/\/caralticonesa.com\/seguros-particulares\/vida\/","og_site_name":"Caralt i Conesa","article_modified_time":"2020-08-12T12:09:19+00:00","twitter_card":"summary_large_image","twitter_misc":{"Temps estimat de lectura":"2 minuts"},"schema":{"@context":"https:\/\/schema.org","@graph":[{"@type":"WebPage","@id":"https:\/\/caralticonesa.com\/seguros-particulares\/vida\/","url":"https:\/\/caralticonesa.com\/seguros-particulares\/vida\/","name":"Assegurances de vida - Caralt i Conesa","isPartOf":{"@id":"https:\/\/caralticonesa.com\/#website"},"datePublished":"2020-03-27T08:40:45+00:00","dateModified":"2020-08-12T12:09:19+00:00","breadcrumb":{"@id":"https:\/\/caralticonesa.com\/seguros-particulares\/vida\/#breadcrumb"},"inLanguage":"ca","potentialAction":[{"@type":"ReadAction","target":["https:\/\/caralticonesa.com\/seguros-particulares\/vida\/"]}]},{"@type":"BreadcrumbList","@id":"https:\/\/caralticonesa.com\/seguros-particulares\/vida\/#breadcrumb","itemListElement":[{"@type":"ListItem","position":1,"name":"Portada","item":"https:\/\/caralticonesa.com\/ca\/"},{"@type":"ListItem","position":2,"name":"Particulars","item":"https:\/\/caralticonesa.com\/ca\/assegurances-particulars\/"},{"@type":"ListItem","position":3,"name":"Assegurances de vida"}]},{"@type":"WebSite","@id":"https:\/\/caralticonesa.com\/#website","url":"https:\/\/caralticonesa.com\/","name":"Caralt i Conesa","description":"Otro sitio realizado con WordPress","potentialAction":[{"@type":"SearchAction","target":{"@type":"EntryPoint","urlTemplate":"https:\/\/caralticonesa.com\/?s={search_term_string}"},"query-input":{"@type":"PropertyValueSpecification","valueRequired":true,"valueName":"search_term_string"}}],"inLanguage":"ca"}]}},"_links":{"self":[{"href":"https:\/\/caralticonesa.com\/ca\/wp-json\/wp\/v2\/pages\/549"}],"collection":[{"href":"https:\/\/caralticonesa.com\/ca\/wp-json\/wp\/v2\/pages"}],"about":[{"href":"https:\/\/caralticonesa.com\/ca\/wp-json\/wp\/v2\/types\/page"}],"author":[{"embeddable":true,"href":"https:\/\/caralticonesa.com\/ca\/wp-json\/wp\/v2\/users\/1"}],"replies":[{"embeddable":true,"href":"https:\/\/caralticonesa.com\/ca\/wp-json\/wp\/v2\/comments?post=549"}],"version-history":[{"count":0,"href":"https:\/\/caralticonesa.com\/ca\/wp-json\/wp\/v2\/pages\/549\/revisions"}],"up":[{"embeddable":true,"href":"https:\/\/caralticonesa.com\/ca\/wp-json\/wp\/v2\/pages\/568"}],"wp:attachment":[{"href":"https:\/\/caralticonesa.com\/ca\/wp-json\/wp\/v2\/media?parent=549"}],"curies":[{"name":"wp","href":"https:\/\/api.w.org\/{rel}","templated":true}]}}