{"id":1229,"date":"2020-08-05T07:40:44","date_gmt":"2020-08-05T07:40:44","guid":{"rendered":"http:\/\/caralticonesa.com\/?page_id=1229"},"modified":"2023-03-13T09:15:01","modified_gmt":"2023-03-13T09:15:01","slug":"politica-de-privacitat","status":"publish","type":"page","link":"https:\/\/caralticonesa.com\/ca\/politica-de-privacitat\/","title":{"rendered":"Pol\u00edtica de privacitat"},"content":{"rendered":"<div class=\"edgtf-content-inner\">\n<div class=\"edgtf-container edgtf-default-page-template\">\n<div class=\"edgtf-container-inner clearfix\">\n<div class=\"edgtf-grid-row\">\n<div class=\"edgtf-page-content-holder edgtf-grid-col-12\">\n<div id=\"clickdatos\">\n<h2><span class=\"\">POL\u00cdTICA DE PRIVACITAT I PROTECCI\u00d3 DE DADES<\/span><\/h2>\n<p>En compliment del Reglament (UE) 2016\/679 del Parlament Europeu i del Consell, de 27 d&#8217;abril de 2016, sobre la protecci\u00f3 de les persones f\u00edsiques pel que fa al tractament de dades personals, que deroga la Directiva 95 \/ 46 \/ CE (en endavant, RGPD), Llei 34\/2002, d&#8217;11 de juliol, de serveis de comer\u00e7 de la informaci\u00f3 i comer\u00e7 electr\u00f2nic (en endavant, LSSI-CE) i Llei org\u00e0nica 3\/2018 , de Protecci\u00f3 de Dades Personals i garantia de drets digitals (d\u2019ara endavant, LOPDGDD), SERVEIS PROFESSIONALS CARALT I CONESA SL garanteix la protecci\u00f3 i confidencialitat de les dades personals, de qualsevol tipus que ens proporcionin els nostres clients, d\u2019acord amb el que estableix el Reglament general de protecci\u00f3 de dades de car\u00e0cter personal.<\/p>\n<p>Les dades proporcionades seran tractades en els termes establerts al RGPD, en aquest sentit SERVEIS PROFESSIONALS CARALT I CONESA SL ha adoptat els nivells de protecci\u00f3 legalment exigits, i ha instal\u00b7lat totes les mesures t\u00e8cniques a la seva disposici\u00f3 per evitar p\u00e8rdues i mal \u00fas. , alteraci\u00f3, acc\u00e9s no autoritzat per part de tercers, que s\u2019explica a continuaci\u00f3. Tot i aix\u00f2, l\u2019usuari ha de ser conscient que les mesures de seguretat a Internet no s\u00f3n impregnables.<\/p>\n<p><strong>Encarregat de processar<\/strong><br \/>\nDenominaci\u00f3: SERVEIS PROFESSIONALS I CARALT CONESA SL<br \/>\nCIF: B17590167<br \/>\nAdre\u00e7a: Jaume Ferrer, 12 &#8211; 17300 Blanes<br \/>\nTel\u00e8fon: 972 336 708<br \/>\nCorreu electr\u00f2nic: assegurances@caralticonesa.com<\/p>\n<p><strong>Finalitat del tractament<\/strong><\/p>\n<p>Totes les dades proporcionades pels nostres clients i \/ o visitants al lloc web de SERVEIS PROFESSIONALS CARALT I CONESA SL o el seu personal, seran incloses en el registre d\u2019activitats de tractament de dades personals, creades i mantingudes sota la responsabilitat de SERVEIS. PROFESSIONALS CARALT I CONESA SL, imprescindibles per prestar els serveis sol\u00b7licitats pels usuaris o per resoldre qualsevol dubte o q\u00fcesti\u00f3 plantejada pels nostres visitants. La nostra pol\u00edtica no \u00e9s donar perfil als usuaris dels nostres serveis.<\/p>\n<p><strong>Legitimitat del tractament<\/strong><\/p>\n<ol type=\"a\">\n<li>Relaci\u00f3 contractual: s\u2019aplica quan es compra un dels nostres productes o es contracta un dels nostres serveis.<\/li>\n<li>Inter\u00e8s leg\u00edtim: per atendre les consultes i reclamacions que ens plantegeu i gestionar la recaptaci\u00f3 dels imports deguts.<\/li>\n<li>El seu consentiment: Si ets usuari del nostre lloc web, marcant la casella del formulari de contacte, ens autoritza a enviar-li les comunicacions necess\u00e0ries per respondre a la consulta o sol\u00b7licitud d&#8217;informaci\u00f3 plantejada.<\/li>\n<\/ol>\n<p><strong>Destinataris <\/strong><\/p>\n<p>No transferim les vostres dades personals a ning\u00fa, tret d\u2019aquelles entitats p\u00fabliques o privades a les quals estem obligats a proporcionar les vostres dades personals a causa del compliment de qualsevol llei. Per posar un exemple, la Llei Tribut\u00e0ria obliga l\u2019Ag\u00e8ncia Tribut\u00e0ria a proporcionar determinada informaci\u00f3 sobre transaccions econ\u00f2miques que superin un determinat import.<\/p>\n<p>En el cas que, a banda dels sup\u00f2sits discutits, haguem de divulgar la vostra informaci\u00f3 personal a altres entitats, pr\u00e8viament sol\u00b7licitarem el vostre perm\u00eds mitjan\u00e7ant opcions clares que us permetran decidir al respecte.<\/p>\n<p><strong>Comunicaci\u00f3 <\/strong><\/p>\n<p>No realitzarem transfer\u00e8ncies internacionals de les vostres dades personals per a cap de les finalitats indicades.<br \/>\n<span class=\"\">( <\/span><strong><span class=\"\">NOTA INTERNA<\/span><\/strong><span class=\"\"> : AQUEST PAR\u00c0GRAFIA HA DE CANVIAR PER LA PERSONA RESPONSABLE SI ELS TRANSFERENTS INTERNACIONALS TENEN REALITZACI\u00d3. RECOMANEM QUE SOL\u00b7LICITEM ASSESSORAMENT SI NO SABEU COM REFLEXIONAR-HO CORRECTAMENT PER SEGUIR AMB LES NORMES)<\/span><\/p>\n<p><strong>Retenci\u00f3<\/strong><br \/>\nNom\u00e9s conservarem les seves dades personals durant el temps que sigui necessari per assolir les finalitats per a les quals van ser recollides. Al determinar el per\u00edode de retenci\u00f3 adequat, examinem els riscos que comporta el tractament, aix\u00ed com les nostres obligacions contractuals, legals i reglament\u00e0ries, les pol\u00edtiques internes de retenci\u00f3 de dades i els nostres leg\u00edtims interessos comercials descrits en aquest av\u00eds de privadesa i Pol\u00edtica de cookies.<\/p>\n<p>En aquest sentit, SERVEIS PROFESSIONALS CARALT I CONESA SL mantindr\u00e0 les dades personals un cop la seva relaci\u00f3 amb vost\u00e8, degudament bloquejada, durant el termini de limitaci\u00f3 de les accions que poguessin derivar-se de la relaci\u00f3 que mantingui amb l\u2019interessat.<\/p>\n<p>Un cop bloquejades, les vostres dades seran inaccessibles per a SERVEIS PROFESSIONALS CARALT I CONESA SL, i no seran processades tret de la seva prestaci\u00f3 a les Administracions P\u00fabliques, Jutges i Tribunals, per a l\u2019atenci\u00f3 de les possibles responsabilitats derivades dels tractaments, aix\u00ed com per a l\u2019exercici i la defensa de reclamacions davant l\u2019Ag\u00e8ncia Espanyola de Protecci\u00f3 de Dades.<\/p>\n<p><strong>Seguretat<\/strong><br \/>\nFem un esfor\u00e7 raonable per mantenir la confidencialitat de la informaci\u00f3 personal dels nostres sistemes. Mantenim nivells estrictes de seguretat per protegir les dades personals que processem contra p\u00e8rdues accidentals i acc\u00e9s, processament o divulgaci\u00f3 no autoritzats, donat l\u2019estat de la tecnologia, la naturalesa i els riscos a qu\u00e8 s\u2019exposen les dades. Tot i aix\u00f2, no podem fer-nos responsables del vostre \u00fas. creeu les dades (inclosos nom d\u2019usuari i contrasenya) que feu servir al nostre lloc web. El nostre personal segueix unes estrictes regles de privadesa i, en cas que contractem a tercers per proporcionar serveis de suport, els exigim que compleixin les mateixes normes i ens permetin auditar-los per verificar-ne el compliment.<\/p>\n<p><strong>Els vostres drets <\/strong><\/p>\n<p>Us informem que podreu exercir els drets seg\u00fcents:<\/p>\n<ol type=\"a\">\n<li>Dret d\u2019acc\u00e9s a les vostres dades personals, per con\u00e8ixer quines s\u2019estan processant i les operacions de processament que es realitzen amb elles;<\/li>\n<li>Dret a rectificar les dades personals inexactes;<\/li>\n<li>Dret a suprimir les vostres dades personals, quan sigui possible (per exemple, per imperatiu legal);<\/li>\n<li>Dret a limitar el tractament de les seves dades personals quan la precisi\u00f3, la legalitat o la necessitat del tractament de dades sigui dubtosa, en aquest cas, podrem conservar-les per a l\u2019exercici o la defensa de reclamacions.<\/li>\n<li>Dret d\u2019oposici\u00f3 al tractament de les vostres dades personals, quan la base legal que ens permet processar les indicades \u00e9s el nostre inter\u00e8s leg\u00edtim. &#8220;Nom_empresa&#8221; deixar\u00e0 de processar les vostres dades tret que tingueu un inter\u00e8s leg\u00edtim o sigui necessari per a la defensa de reclamacions.<\/li>\n<li>Dret a la portabilitat de les vostres dades, quan la base legal que ens permeti processar-la \u00e9s l\u2019exist\u00e8ncia d\u2019una relaci\u00f3 contractual o el vostre consentiment.<\/li>\n<li>Dret a revocar el consentiment atorgat a SERVEIS PROFESSIONALS CARALT I CONESA SL<\/li>\n<\/ol>\n<p>Per exercir els vostres drets, podeu fer-ho de forma gratu\u00efta i en qualsevol moment contactant amb nosaltres a JAUME FERRER, 12, adjuntant una c\u00f2pia del vostre DNI.<\/p>\n<p><strong>Protecci\u00f3 de drets<\/strong><br \/>\nEn el cas que entenguis que la nostra entitat ha estat descuidada pels seus drets, pot presentar una queixa a l&#8217;Ag\u00e8ncia Espanyola de Protecci\u00f3 de Dades a trav\u00e9s de qualsevol dels seg\u00fcents mitjans:<\/p>\n<ul>\n<li>Oficina electr\u00f2nica: <a href=\"https:\/\/translate.googleusercontent.com\/translate_c?depth=1&amp;hl=en&amp;pto=aue&amp;rurl=translate.google.com&amp;sl=gl&amp;sp=nmt4&amp;tl=ca&amp;u=https:\/\/www.aepd.es\/&amp;usg=ALkJrhiVpnwkrqHMGbjxfBiZVsg5xyZ7Pw\">https:\/\/www.aepd.es<\/a><\/li>\n<li>Adre\u00e7a postal: Ag\u00e8ncia Espanyola de Protecci\u00f3 de Dades, C \/ Jorge Juan, 6, 28001, Madrid<\/li>\n<li>Tel\u00e8fon: 901.100.099 i 912.663.517<\/li>\n<\/ul>\n<p>Presentar una queixa davant l\u2019Ag\u00e8ncia Espanyola de Protecci\u00f3 de Dades no comporta cap cost i no \u00e9s necess\u00e0ria l\u2019assist\u00e8ncia d\u2019un advocat o advocat.<\/p>\n<p><strong><span class=\"goog-text-highlight\">Actualitzacions<\/span><\/strong><br \/>\n<span class=\"goog-text-highlight\"> SERVEIS PROFESSIONALS CARALT I CONESA SL es reserva el dret a modificar aquesta pol\u00edtica per adaptar-la a la nova legislaci\u00f3 o jurisprud\u00e8ncia que pugui afectar el seu compliment. <\/span><\/p>\n<\/div>\n<\/div>\n<\/div>\n<\/div>\n<\/div>\n<\/div>\n","protected":false},"excerpt":{"rendered":"<p>POL\u00cdTICA DE PRIVACITAT I PROTECCI\u00d3 DE DADES En compliment del Reglament (UE) 2016\/679 del Parlament Europeu i del Consell, de 27 d&#8217;abril de 2016, sobre [&hellip;]<\/p>\n","protected":false},"author":1,"featured_media":0,"parent":0,"menu_order":0,"comment_status":"closed","ping_status":"closed","template":"","meta":{"footnotes":""},"class_list":["post-1229","page","type-page","status-publish","hentry"],"yoast_head":"<!-- This site is optimized with the Yoast SEO plugin v24.1 - https:\/\/yoast.com\/wordpress\/plugins\/seo\/ -->\n<title>Pol\u00edtica de privacitat - Caralt i Conesa<\/title>\n<meta name=\"robots\" content=\"index, follow, max-snippet:-1, max-image-preview:large, max-video-preview:-1\" \/>\n<link rel=\"canonical\" href=\"https:\/\/caralticonesa.com\/politica-de-privacidad\/\" \/>\n<meta property=\"og:locale\" content=\"ca_ES\" \/>\n<meta property=\"og:type\" content=\"article\" \/>\n<meta property=\"og:title\" content=\"Pol\u00edtica de privacitat - Caralt i Conesa\" \/>\n<meta property=\"og:description\" content=\"POL\u00cdTICA DE PRIVACITAT I PROTECCI\u00d3 DE DADES En compliment del Reglament (UE) 2016\/679 del Parlament Europeu i del Consell, de 27 d&#8217;abril de 2016, sobre [&hellip;]\" \/>\n<meta property=\"og:url\" content=\"https:\/\/caralticonesa.com\/politica-de-privacidad\/\" \/>\n<meta property=\"og:site_name\" content=\"Caralt i Conesa\" \/>\n<meta property=\"article:modified_time\" content=\"2023-03-13T09:15:01+00:00\" \/>\n<meta name=\"twitter:card\" content=\"summary_large_image\" \/>\n<meta name=\"twitter:label1\" content=\"Temps estimat de lectura\" \/>\n\t<meta name=\"twitter:data1\" content=\"6 minuts\" \/>\n<script type=\"application\/ld+json\" class=\"yoast-schema-graph\">{\"@context\":\"https:\/\/schema.org\",\"@graph\":[{\"@type\":\"WebPage\",\"@id\":\"https:\/\/caralticonesa.com\/politica-de-privacidad\/\",\"url\":\"https:\/\/caralticonesa.com\/politica-de-privacidad\/\",\"name\":\"Pol\u00edtica de privacitat - Caralt i Conesa\",\"isPartOf\":{\"@id\":\"https:\/\/caralticonesa.com\/#website\"},\"datePublished\":\"2020-08-05T07:40:44+00:00\",\"dateModified\":\"2023-03-13T09:15:01+00:00\",\"breadcrumb\":{\"@id\":\"https:\/\/caralticonesa.com\/politica-de-privacidad\/#breadcrumb\"},\"inLanguage\":\"ca\",\"potentialAction\":[{\"@type\":\"ReadAction\",\"target\":[\"https:\/\/caralticonesa.com\/politica-de-privacidad\/\"]}]},{\"@type\":\"BreadcrumbList\",\"@id\":\"https:\/\/caralticonesa.com\/politica-de-privacidad\/#breadcrumb\",\"itemListElement\":[{\"@type\":\"ListItem\",\"position\":1,\"name\":\"Portada\",\"item\":\"https:\/\/caralticonesa.com\/ca\/\"},{\"@type\":\"ListItem\",\"position\":2,\"name\":\"Pol\u00edtica de privacitat\"}]},{\"@type\":\"WebSite\",\"@id\":\"https:\/\/caralticonesa.com\/#website\",\"url\":\"https:\/\/caralticonesa.com\/\",\"name\":\"Caralt i Conesa\",\"description\":\"Otro sitio realizado con WordPress\",\"potentialAction\":[{\"@type\":\"SearchAction\",\"target\":{\"@type\":\"EntryPoint\",\"urlTemplate\":\"https:\/\/caralticonesa.com\/?s={search_term_string}\"},\"query-input\":{\"@type\":\"PropertyValueSpecification\",\"valueRequired\":true,\"valueName\":\"search_term_string\"}}],\"inLanguage\":\"ca\"}]}<\/script>\n<!-- \/ Yoast SEO plugin. -->","yoast_head_json":{"title":"Pol\u00edtica de privacitat - Caralt i Conesa","robots":{"index":"index","follow":"follow","max-snippet":"max-snippet:-1","max-image-preview":"max-image-preview:large","max-video-preview":"max-video-preview:-1"},"canonical":"https:\/\/caralticonesa.com\/politica-de-privacidad\/","og_locale":"ca_ES","og_type":"article","og_title":"Pol\u00edtica de privacitat - Caralt i Conesa","og_description":"POL\u00cdTICA DE PRIVACITAT I PROTECCI\u00d3 DE DADES En compliment del Reglament (UE) 2016\/679 del Parlament Europeu i del Consell, de 27 d&#8217;abril de 2016, sobre [&hellip;]","og_url":"https:\/\/caralticonesa.com\/politica-de-privacidad\/","og_site_name":"Caralt i Conesa","article_modified_time":"2023-03-13T09:15:01+00:00","twitter_card":"summary_large_image","twitter_misc":{"Temps estimat de lectura":"6 minuts"},"schema":{"@context":"https:\/\/schema.org","@graph":[{"@type":"WebPage","@id":"https:\/\/caralticonesa.com\/politica-de-privacidad\/","url":"https:\/\/caralticonesa.com\/politica-de-privacidad\/","name":"Pol\u00edtica de privacitat - Caralt i Conesa","isPartOf":{"@id":"https:\/\/caralticonesa.com\/#website"},"datePublished":"2020-08-05T07:40:44+00:00","dateModified":"2023-03-13T09:15:01+00:00","breadcrumb":{"@id":"https:\/\/caralticonesa.com\/politica-de-privacidad\/#breadcrumb"},"inLanguage":"ca","potentialAction":[{"@type":"ReadAction","target":["https:\/\/caralticonesa.com\/politica-de-privacidad\/"]}]},{"@type":"BreadcrumbList","@id":"https:\/\/caralticonesa.com\/politica-de-privacidad\/#breadcrumb","itemListElement":[{"@type":"ListItem","position":1,"name":"Portada","item":"https:\/\/caralticonesa.com\/ca\/"},{"@type":"ListItem","position":2,"name":"Pol\u00edtica de privacitat"}]},{"@type":"WebSite","@id":"https:\/\/caralticonesa.com\/#website","url":"https:\/\/caralticonesa.com\/","name":"Caralt i Conesa","description":"Otro sitio realizado con WordPress","potentialAction":[{"@type":"SearchAction","target":{"@type":"EntryPoint","urlTemplate":"https:\/\/caralticonesa.com\/?s={search_term_string}"},"query-input":{"@type":"PropertyValueSpecification","valueRequired":true,"valueName":"search_term_string"}}],"inLanguage":"ca"}]}},"_links":{"self":[{"href":"https:\/\/caralticonesa.com\/ca\/wp-json\/wp\/v2\/pages\/1229"}],"collection":[{"href":"https:\/\/caralticonesa.com\/ca\/wp-json\/wp\/v2\/pages"}],"about":[{"href":"https:\/\/caralticonesa.com\/ca\/wp-json\/wp\/v2\/types\/page"}],"author":[{"embeddable":true,"href":"https:\/\/caralticonesa.com\/ca\/wp-json\/wp\/v2\/users\/1"}],"replies":[{"embeddable":true,"href":"https:\/\/caralticonesa.com\/ca\/wp-json\/wp\/v2\/comments?post=1229"}],"version-history":[{"count":0,"href":"https:\/\/caralticonesa.com\/ca\/wp-json\/wp\/v2\/pages\/1229\/revisions"}],"wp:attachment":[{"href":"https:\/\/caralticonesa.com\/ca\/wp-json\/wp\/v2\/media?parent=1229"}],"curies":[{"name":"wp","href":"https:\/\/api.w.org\/{rel}","templated":true}]}}