{"id":1224,"date":"2020-08-05T07:34:21","date_gmt":"2020-08-05T07:34:21","guid":{"rendered":"http:\/\/caralticonesa.com\/?page_id=1224"},"modified":"2023-03-20T14:55:25","modified_gmt":"2023-03-20T14:55:25","slug":"avis-legal","status":"publish","type":"page","link":"https:\/\/caralticonesa.com\/ca\/avis-legal\/","title":{"rendered":"Av\u00eds legal"},"content":{"rendered":"<div class=\"edgtf-content-inner\">\n<div class=\"edgtf-container edgtf-default-page-template\">\n<div class=\"edgtf-container-inner clearfix\">\n<div class=\"edgtf-grid-row\">\n<div class=\"edgtf-page-content-holder edgtf-grid-col-12\">\n<div id=\"clickdatos\">\n<p><span class=\"\">En aquest Av\u00eds Legal, l\u2019Usuari pot trobar tota la informaci\u00f3 relativa a les condicions legals que defineixen la relaci\u00f3 entre els usuaris i la persona responsable del lloc web accessible a l\u2019URL http:\/\/caralticonesa.com (d\u2019ara endavant) , el lloc web), que SERVEIS PROFESSIONALS CARALT I CONESA SL posa a la disposici\u00f3 dels usuaris d\u2019Internet.<\/span><br \/>\nL\u2019\u00fas del lloc web implica l\u2019acceptaci\u00f3 plena i sense reserves de totes i cadascuna de les disposicions incloses en aquest Av\u00eds Legal. En conseq\u00fc\u00e8ncia, l\u2019usuari del lloc web ha de llegir atentament aquest Av\u00eds Legal en cadascuna de les ocasions en qu\u00e8 es proposa utilitzar el lloc web, ja que el text pot ser modificat a criteri del propietari del lloc web o per un canvi legislatiu. , jurisprud\u00e8ncia o en pr\u00e0ctica empresarial.<\/p>\n<h2>1.- DADES DEL PROPIETARI RESPONSABLE DEL LLOC WEB.<\/h2>\n<p>Nom del titular: SERVEIS PROFESSIONALS CARALT I CONESA SL<br \/>\nDomicili social: JAUME FERRER, 12 -17300 Blanes<br \/>\nC.IF: B17590167<br \/>\nTel\u00e8fon de contacte: 972336708<br \/>\nCorreu electr\u00f2nic : assururances@caralticonesa.com<\/p>\n<p>SERVEIS PROFESSIONALS CARALT I CONESA SL \u00e9s responsable del lloc web i es compromet a complir tots els requisits nacionals i europeus que regulen l\u2019\u00fas de les dades personals dels usuaris.<\/p>\n<p>Aquest lloc web garanteix la protecci\u00f3 i la confidencialitat de les dades personals que ens s\u00f3n proporcionades d\u2019acord amb el que estableix el Reglament general de protecci\u00f3 de dades de car\u00e0cter personal (UE) 2016\/679 del Parlament Europeu i del Consell, de 27 d\u2019abril de 2016. , a la Llei org\u00e0nica 3\/2018, de protecci\u00f3 de dades de car\u00e0cter personal i garantia dels drets digitals, aix\u00ed com a la Llei de serveis de la Societat de la Informaci\u00f3 i Comer\u00e7 Electr\u00f2nic 34\/2002, d\u201911 de juliol (LSSI-CE)<\/p>\n<h2>2.- OBJECTE.<\/h2>\n<p>El lloc web proporciona als usuaris l\u2019acc\u00e9s a la informaci\u00f3 i als serveis proporcionats per SERVEIS PROFESSIONALS CARALT I CONESA SL a aquelles persones o organitzacions interessades en ells.<\/p>\n<p>L\u2019acc\u00e9s i l\u2019\u00fas del Lloc Web atribueix l\u2019estat d\u2019usuari del Lloc Web (en endavant, el \u201cUsuari\u201d) i implica l\u2019acceptaci\u00f3 de totes les condicions incloses en aquest Av\u00eds Legal aix\u00ed com les seves modificacions. La prestaci\u00f3 del servei del lloc web t\u00e9 una durada limitada en el moment en qu\u00e8 l\u2019Usuari est\u00e0 connectat al Lloc Web o a qualsevol dels serveis que s\u2019ofereixen a trav\u00e9s del mateix. Per tant, l\u2019Usuari ha de llegir atentament aquest Av\u00eds Legal en cadascuna de les ocasions en qu\u00e8 es proposa utilitzar el Lloc Web, ja que es poden modificar aquest i les seves condicions d\u2019\u00fas contingudes en aquest Av\u00eds Legal.<\/p>\n<h2>3.- ACC\u00c9S I \u00daS DEL LLOC WEB.<\/h2>\n<p>3.1.- Acc\u00e9s i \u00fas gratu\u00efts del lloc web. L\u2019acc\u00e9s al lloc web \u00e9s gratu\u00eft per als usuaris del lloc web, excepte el cost de la connexi\u00f3 a trav\u00e9s de la xarxa de telecomunicacions proporcionada pel prove\u00efdor d\u2019acc\u00e9s contractat pels usuaris.<br \/>\n3.2.- Registre d\u2019usuaris. En general, l\u2019acc\u00e9s i l\u2019\u00fas del lloc web no requereix la subscripci\u00f3 pr\u00e8via ni el registre dels seus usuaris.<br \/>\n3.3.- Els usuaris garanteixen i s\u00f3n responsables, en tot cas, de l\u2019exactitud, validesa i autenticitat de les dades personals facilitades, i es comprometen a mantenir-les degudament actualitzades. L\u2019usuari es compromet a proporcionar informaci\u00f3 completa i correcta en el formulari de contacte o subscripci\u00f3.<\/p>\n<p>En cap cas es recolliran dades del menor relacionades amb la situaci\u00f3 professional, econ\u00f2mica o privada dels altres membres de la fam\u00edlia, sense el seu consentiment. Si teniu menys de tretze anys i heu accedit a aquest lloc web sense notificar als vostres pares, no us heu de registrar com a usuari.<\/p>\n<p>Aquest lloc web respecta i t\u00e9 cura de les dades personals dels usuaris. Com a usuari heu de saber que els vostres drets estan garantits.<\/p>\n<h2>4.- CONTINGUTS DEL LLOC WEB.<\/h2>\n<p>L\u2019idioma utilitzat pel propietari al lloc web ser\u00e0 el castell\u00e0. SERVEIS PROFESSIONALS CARALT I CONESA SL no es fa responsable de l\u2019incomprensi\u00f3 o comprensi\u00f3 del llenguatge del lloc web per part de l\u2019usuari ni de les seves conseq\u00fc\u00e8ncies.<br \/>\nSERVEIS PROFESSIONALS CARALT I CONESA SL podr\u00e0 modificar els continguts sense previ av\u00eds, aix\u00ed com suprimir-los i canviar-los dins del lloc web, com la forma d\u2019accedir-hi, sense cap justificaci\u00f3 i lliurement, no sent responsable de les conseq\u00fc\u00e8ncies que puguin tenir. causa als usuaris.<br \/>\nL\u2019\u00fas dels continguts del lloc web per promocionar, contractar o difondre publicitat o informaci\u00f3 pr\u00f2pia o de tercers sense l\u2019autoritzaci\u00f3 de SERVEIS PROFESSIONALS CARALT I CONESA SL, o enviar publicitat o informaci\u00f3 mitjan\u00e7ant els serveis o informaci\u00f3 prohibida. es posen a disposici\u00f3 dels usuaris, independentment de si l\u2019\u00fas \u00e9s gratu\u00eft o no.<br \/>\nEls enlla\u00e7os o hiperenlla\u00e7os que incorporin tercers a les seves p\u00e0gines web, dirigits a aquesta web, seran per a l\u2019obertura de la p\u00e0gina web completa, no podent manifestar, directa o indirectament, indicacions falses, inexactes o confuses, ni inc\u00f3rrer en accions injustes o il\u00b7l\u00edcites en contra SERVEIS PROFESSIONALS CARALT I CONESA SL<\/p>\n<h2>5.- MESURES DE SEGURETAT.<\/h2>\n<p>Les dades personals comunicades per l\u2019usuari podran ser emmagatzemades en bases de dades automatitzades o no, la titularitat de les quals correspon exclusivament a SERVEIS PROFESSIONALS CARALT I CONESA SL, assumint totes les mesures t\u00e8cniques, organitzatives i de seguretat per assegurar la confidencialitat, la integritat i qualitat de la informaci\u00f3 que s\u2019hi cont\u00e9 d\u2019acord amb el que estableix la normativa vigent sobre protecci\u00f3 de dades de car\u00e0cter personal.<\/p>\n<h2>6.- LIMITACI\u00d3 DE RESPONSABILITAT.<\/h2>\n<p>Tant l\u2019acc\u00e9s al lloc web com l\u2019\u00fas no consensuat que es pugui fer de la informaci\u00f3 que s\u2019hi inclou, \u00e9s responsabilitat exclusiva de la persona que l\u2019elabora. SERVEIS PROFESSIONALS CARALT I CONESA SL no ser\u00e0 responsable de les conseq\u00fc\u00e8ncies, danys o lesions que es puguin derivar d\u2019aquest acc\u00e9s o \u00fas. SERVEIS PROFESSIONALS CARALT I CONESA SL no es fa responsable dels errors de seguretat que es puguin produir o dels danys que puguin causar-se al sistema inform\u00e0tic de l\u2019usuari (maquinari i programari), o als fitxers o documents emmagatzemats, com a conseq\u00fc\u00e8ncia. de:<br \/>\n&#8211; la pres\u00e8ncia d\u2019un virus a l\u2019ordinador de l\u2019usuari que s\u2019utilitza per connectar-se als serveis i continguts del lloc web.<br \/>\n&#8211; mal funcionament del navegador<br \/>\n&#8211; i \/ o l&#8217;\u00fas de versions antigues.<br \/>\nSERVEIS PROFESSIONALS CARALT I CONESA SL no es fa responsable de la fiabilitat i la rapidesa dels hiperenlla\u00e7os que s\u2019incorporen al lloc web per a l\u2019obertura d\u2019altres. SERVEIS PROFESSIONALS CARALT I CONESA SL no garanteix la utilitat d\u2019aquests enlla\u00e7os, ni es fa responsable dels continguts o serveis als quals l\u2019usuari pugui accedir a trav\u00e9s d\u2019aquests enlla\u00e7os ni del bon funcionament d\u2019aquests llocs web.<br \/>\nSERVEIS PROFESSIONALS CARALT I CONESA SL no ser\u00e0 responsable de virus ni d\u2019altres programes inform\u00e0tics que danyin o puguin malmetre els sistemes inform\u00e0tics o equips d\u2019usuaris quan accedeixin al seu lloc web o a altres llocs web als quals s\u2019hagi accedit a trav\u00e9s d\u2019enlla\u00e7os d\u2019aquest lloc web.<\/p>\n<h2>7.- \u00daS DE LA TECNOLOGIA \u00abCOOKIE\u00bb.<\/h2>\n<p>El Lloc Web podr\u00e0 utilitzar cookies o tecnologies similars que es regiran per les disposicions de la Pol\u00edtica de cookies, accessibles en tot moment i respectant la confidencialitat i la privacitat de l\u2019usuari, formant part integrant d\u2019aquest Av\u00eds Legal.<\/p>\n<h2>8.- NAVEGACI\u00d3.<\/h2>\n<p>Els servidors d&#8217;Internet poden recopilar dades no identificables, que poden incloure adreces IP i altres dades que no es poden utilitzar per identificar l&#8217;usuari. La vostra adre\u00e7a IP s\u2019emmagatzemar\u00e0 als registres d\u2019acc\u00e9s de forma autom\u00e0tica i amb l\u2019\u00fanic prop\u00f2sit de permetre el tr\u00e0nsit d\u2019Internet, i l\u2019ordinador ha de proporcionar aquesta adre\u00e7a IP quan navegui per Internet de manera que es puguin fer comunicacions. Aix\u00ed mateix, es pot utilitzar l\u2019adre\u00e7a IP per realitzar estad\u00edstiques, de manera an\u00f2nima, sobre el nombre de visitants d\u2019aquest lloc web i el seu origen, d\u2019una manera completament transparent a la vostra navegaci\u00f3.<\/p>\n<h2>9.- PROPIETAT INTELLECTUAL I INDUSTRIAL<\/h2>\n<p>L\u2019usuari coneix i accepta que tots els continguts i \/ o qualsevol altre element del lloc web siguin propietat de SERVEIS PROFESSIONALS CARALT I CONESA SL, i es compromet a respectar els drets de propietat intel\u00b7lectual i industrial titularitat de SERVEIS PROFESSIONALS CARALT I CONESA SL. Qualsevol \u00fas del lloc web o dels seus continguts ha de tenir un car\u00e0cter exclusivament particular.<br \/>\nEs reserva exclusivament a SERVEIS PROFESSIONALS CARALT I CONESA SL, qualsevol altre \u00fas que impliqui la c\u00f2pia, reproducci\u00f3, distribuci\u00f3, transformaci\u00f3, comunicaci\u00f3 p\u00fablica o qualsevol altra acci\u00f3 similar, de tot o part dels continguts del lloc web, per la qual cosa cap usuari podr\u00e0 dur a terme aquestes accions sense l\u2019autoritzaci\u00f3 pr\u00e8via i per escrit de SERVEIS PROFESSIONALS CARALT I CONESA SL<\/p>\n<h2>10.- LEGISLACI\u00d3 APLICABLE I JURISDICCI\u00d3 COMPETENT<\/h2>\n<p>Aquest Av\u00eds Legal s\u2019interpretar\u00e0 i regir\u00e0 d\u2019acord amb la legislaci\u00f3 espanyola. SERVEIS PROFESSIONALS CARALT I CONESA SL i els usuaris, amb ren\u00fancia expressa a qualsevol altra jurisdicci\u00f3 que els sigui d&#8217;aplicaci\u00f3, remeten als jutjats i tribunals del domicili de l&#8217;usuari per qualsevol controv\u00e8rsia que es pugui derivar de l&#8217;acc\u00e9s o l&#8217;\u00fas del lloc web. En cas que l\u2019usuari tingui el seu domicili fora d\u2019Espanya, SERVEIS PROFESSIONALS CARALT I CONESA SL i l\u2019usuari, se sotmeten, amb ren\u00fancia expressa a qualsevol altra jurisdicci\u00f3, als jutjats i tribunals del domicili de GIRONA<\/p>\n<\/div>\n<h2>11.- DEVOLUCI\u00d3 I REEMBORSAMENT<\/h2>\n<p>SP CARALT I CONESA en qualitat de corredor d&#8217;assegurances, realitzar\u00e0 les gestions per aconseguir el reemborsament de les primes davant de les entitats asseguradores, en les situacions legalment establertes (desaparici\u00f3 del risc o error d&#8217;emissi\u00f3), davant de l&#8217;entitat asseguradora.<\/p>\n<p>Sempre que la devoluci\u00f3 de la prima sigui aprovada per l&#8217;entitat asseguradora i tan bon punt es disposi de l&#8217;acceptaci\u00f3, es reemborsar\u00e0 l&#8217;import pel mateix mitj\u00e0 en qu\u00e8 es va fer el pagament.<\/p>\n<\/div>\n<\/div>\n<\/div>\n<\/div>\n<\/div>\n","protected":false},"excerpt":{"rendered":"<p>En aquest Av\u00eds Legal, l\u2019Usuari pot trobar tota la informaci\u00f3 relativa a les condicions legals que defineixen la relaci\u00f3 entre els usuaris i la persona [&hellip;]<\/p>\n","protected":false},"author":1,"featured_media":0,"parent":0,"menu_order":0,"comment_status":"closed","ping_status":"closed","template":"","meta":{"footnotes":""},"class_list":["post-1224","page","type-page","status-publish","hentry"],"yoast_head":"<!-- This site is optimized with the Yoast SEO plugin v24.1 - https:\/\/yoast.com\/wordpress\/plugins\/seo\/ -->\n<title>Av\u00eds legal - Caralt i Conesa<\/title>\n<meta name=\"robots\" content=\"index, follow, max-snippet:-1, max-image-preview:large, max-video-preview:-1\" \/>\n<link rel=\"canonical\" href=\"https:\/\/caralticonesa.com\/avisos-legales\/\" \/>\n<meta property=\"og:locale\" content=\"ca_ES\" \/>\n<meta property=\"og:type\" content=\"article\" \/>\n<meta property=\"og:title\" content=\"Av\u00eds legal - Caralt i Conesa\" \/>\n<meta property=\"og:description\" content=\"En aquest Av\u00eds Legal, l\u2019Usuari pot trobar tota la informaci\u00f3 relativa a les condicions legals que defineixen la relaci\u00f3 entre els usuaris i la persona [&hellip;]\" \/>\n<meta property=\"og:url\" content=\"https:\/\/caralticonesa.com\/avisos-legales\/\" \/>\n<meta property=\"og:site_name\" content=\"Caralt i Conesa\" \/>\n<meta property=\"article:modified_time\" content=\"2023-03-20T14:55:25+00:00\" \/>\n<meta name=\"twitter:card\" content=\"summary_large_image\" \/>\n<meta name=\"twitter:label1\" content=\"Temps estimat de lectura\" \/>\n\t<meta name=\"twitter:data1\" content=\"8 minuts\" \/>\n<script type=\"application\/ld+json\" class=\"yoast-schema-graph\">{\"@context\":\"https:\/\/schema.org\",\"@graph\":[{\"@type\":\"WebPage\",\"@id\":\"https:\/\/caralticonesa.com\/avisos-legales\/\",\"url\":\"https:\/\/caralticonesa.com\/avisos-legales\/\",\"name\":\"Av\u00eds legal - Caralt i Conesa\",\"isPartOf\":{\"@id\":\"https:\/\/caralticonesa.com\/#website\"},\"datePublished\":\"2020-08-05T07:34:21+00:00\",\"dateModified\":\"2023-03-20T14:55:25+00:00\",\"breadcrumb\":{\"@id\":\"https:\/\/caralticonesa.com\/avisos-legales\/#breadcrumb\"},\"inLanguage\":\"ca\",\"potentialAction\":[{\"@type\":\"ReadAction\",\"target\":[\"https:\/\/caralticonesa.com\/avisos-legales\/\"]}]},{\"@type\":\"BreadcrumbList\",\"@id\":\"https:\/\/caralticonesa.com\/avisos-legales\/#breadcrumb\",\"itemListElement\":[{\"@type\":\"ListItem\",\"position\":1,\"name\":\"Portada\",\"item\":\"https:\/\/caralticonesa.com\/ca\/\"},{\"@type\":\"ListItem\",\"position\":2,\"name\":\"Av\u00eds legal\"}]},{\"@type\":\"WebSite\",\"@id\":\"https:\/\/caralticonesa.com\/#website\",\"url\":\"https:\/\/caralticonesa.com\/\",\"name\":\"Caralt i Conesa\",\"description\":\"Otro sitio realizado con WordPress\",\"potentialAction\":[{\"@type\":\"SearchAction\",\"target\":{\"@type\":\"EntryPoint\",\"urlTemplate\":\"https:\/\/caralticonesa.com\/?s={search_term_string}\"},\"query-input\":{\"@type\":\"PropertyValueSpecification\",\"valueRequired\":true,\"valueName\":\"search_term_string\"}}],\"inLanguage\":\"ca\"}]}<\/script>\n<!-- \/ Yoast SEO plugin. -->","yoast_head_json":{"title":"Av\u00eds legal - Caralt i Conesa","robots":{"index":"index","follow":"follow","max-snippet":"max-snippet:-1","max-image-preview":"max-image-preview:large","max-video-preview":"max-video-preview:-1"},"canonical":"https:\/\/caralticonesa.com\/avisos-legales\/","og_locale":"ca_ES","og_type":"article","og_title":"Av\u00eds legal - Caralt i Conesa","og_description":"En aquest Av\u00eds Legal, l\u2019Usuari pot trobar tota la informaci\u00f3 relativa a les condicions legals que defineixen la relaci\u00f3 entre els usuaris i la persona [&hellip;]","og_url":"https:\/\/caralticonesa.com\/avisos-legales\/","og_site_name":"Caralt i Conesa","article_modified_time":"2023-03-20T14:55:25+00:00","twitter_card":"summary_large_image","twitter_misc":{"Temps estimat de lectura":"8 minuts"},"schema":{"@context":"https:\/\/schema.org","@graph":[{"@type":"WebPage","@id":"https:\/\/caralticonesa.com\/avisos-legales\/","url":"https:\/\/caralticonesa.com\/avisos-legales\/","name":"Av\u00eds legal - Caralt i Conesa","isPartOf":{"@id":"https:\/\/caralticonesa.com\/#website"},"datePublished":"2020-08-05T07:34:21+00:00","dateModified":"2023-03-20T14:55:25+00:00","breadcrumb":{"@id":"https:\/\/caralticonesa.com\/avisos-legales\/#breadcrumb"},"inLanguage":"ca","potentialAction":[{"@type":"ReadAction","target":["https:\/\/caralticonesa.com\/avisos-legales\/"]}]},{"@type":"BreadcrumbList","@id":"https:\/\/caralticonesa.com\/avisos-legales\/#breadcrumb","itemListElement":[{"@type":"ListItem","position":1,"name":"Portada","item":"https:\/\/caralticonesa.com\/ca\/"},{"@type":"ListItem","position":2,"name":"Av\u00eds legal"}]},{"@type":"WebSite","@id":"https:\/\/caralticonesa.com\/#website","url":"https:\/\/caralticonesa.com\/","name":"Caralt i Conesa","description":"Otro sitio realizado con WordPress","potentialAction":[{"@type":"SearchAction","target":{"@type":"EntryPoint","urlTemplate":"https:\/\/caralticonesa.com\/?s={search_term_string}"},"query-input":{"@type":"PropertyValueSpecification","valueRequired":true,"valueName":"search_term_string"}}],"inLanguage":"ca"}]}},"_links":{"self":[{"href":"https:\/\/caralticonesa.com\/ca\/wp-json\/wp\/v2\/pages\/1224"}],"collection":[{"href":"https:\/\/caralticonesa.com\/ca\/wp-json\/wp\/v2\/pages"}],"about":[{"href":"https:\/\/caralticonesa.com\/ca\/wp-json\/wp\/v2\/types\/page"}],"author":[{"embeddable":true,"href":"https:\/\/caralticonesa.com\/ca\/wp-json\/wp\/v2\/users\/1"}],"replies":[{"embeddable":true,"href":"https:\/\/caralticonesa.com\/ca\/wp-json\/wp\/v2\/comments?post=1224"}],"version-history":[{"count":0,"href":"https:\/\/caralticonesa.com\/ca\/wp-json\/wp\/v2\/pages\/1224\/revisions"}],"wp:attachment":[{"href":"https:\/\/caralticonesa.com\/ca\/wp-json\/wp\/v2\/media?parent=1224"}],"curies":[{"name":"wp","href":"https:\/\/api.w.org\/{rel}","templated":true}]}}