{"id":1082,"date":"2020-07-27T11:11:59","date_gmt":"2020-07-27T11:11:59","guid":{"rendered":"http:\/\/caralticonesa.com\/?page_id=1082"},"modified":"2020-08-12T11:55:11","modified_gmt":"2020-08-12T11:55:11","slug":"vehicles","status":"publish","type":"page","link":"https:\/\/caralticonesa.com\/ca\/assegurances-autonoms\/vehicles\/","title":{"rendered":"VEHICLES PER AUT\u00d2NOMS I FLOTES"},"content":{"rendered":"<p>[vc_row][vc_column]\n\t\t\t<!-- START COCHE CAT REVOLUTION SLIDER 6.1.3 --><p class=\"rs-p-wp-fix\"><\/p>\n\t\t\t<rs-module-wrap id=\"rev_slider_44_1_wrapper\" data-source=\"gallery\" style=\"background:transparent;padding:0;margin:0px auto;margin-top:0;margin-bottom:0;background-image:url(http:\/\/caralticonesa.com\/wp-content\/uploads\/2020\/03\/Intro-1-1.png);background-repeat:no-repeat;background-size:cover;background-position:center center;\">\n\t\t\t\t<rs-module id=\"rev_slider_44_1\" style=\"display:none;\" data-version=\"6.1.3\">\n\t\t\t\t\t<rs-slides>\n\t\t\t\t\t\t<rs-slide data-key=\"rs-46\" data-title=\"Slide\" data-anim=\"ei:d;eo:d;s:1000;r:0;t:fade;sl:0;\">\n\t\t\t\t\t\t\t<img loading=\"lazy\" decoding=\"async\" src=\"\/\/caralticonesa.com\/wp-content\/uploads\/2020\/06\/coche-1.png\" title=\"coche (1)\" width=\"1493\" height=\"206\" class=\"rev-slidebg\" data-no-retina>\n<!--\n\t\t\t\t\t\t\t--><rs-layer\n\t\t\t\t\t\t\t\tid=\"slider-44-slide-46-layer-0\" \n\t\t\t\t\t\t\t\tdata-type=\"text\"\n\t\t\t\t\t\t\t\tdata-color=\"#ffffff\"\n\t\t\t\t\t\t\t\tdata-rsp_ch=\"on\"\n\t\t\t\t\t\t\t\tdata-xy=\"x:c;y:c;\"\n\t\t\t\t\t\t\t\tdata-text=\"w:normal;s:45;l:55;\"\n\t\t\t\t\t\t\t\tdata-frame_999=\"o:0;st:w;\"\n\t\t\t\t\t\t\t\tstyle=\"z-index:5;font-family:Roboto;\"\n\t\t\t\t\t\t\t>ASSEGURANCES DE VEHICLES \n\t\t\t\t\t\t\t<\/rs-layer><!--\n\n\t\t\t\t\t\t\t--><a\n\t\t\t\t\t\t\t\tid=\"slider-44-slide-46-layer-1\" \n\t\t\t\t\t\t\t\tclass=\"rs-layer\"\n\t\t\t\t\t\t\t\thref=\"tel:972336708\" target=\"_self\" rel=\"nofollow\"\n\t\t\t\t\t\t\t\tdata-type=\"image\"\n\t\t\t\t\t\t\t\tdata-rsp_ch=\"on\"\n\t\t\t\t\t\t\t\tdata-xy=\"x:r;y:c;\"\n\t\t\t\t\t\t\t\tdata-text=\"w:normal;\"\n\t\t\t\t\t\t\t\tdata-dim=\"w:40px;h:40px;\"\n\t\t\t\t\t\t\t\tdata-frame_999=\"o:0;st:w;\"\n\t\t\t\t\t\t\t\tstyle=\"z-index:6;font-family:Roboto;\"\n\t\t\t\t\t\t\t><img loading=\"lazy\" decoding=\"async\" src=\"\/\/caralticonesa.com\/wp-content\/uploads\/2020\/03\/Group-8.png\" width=\"40\" height=\"40\" data-no-retina> \n\t\t\t\t\t\t\t<\/a><!--\n-->\t\t\t\t\t\t<\/rs-slide>\n\t\t\t\t\t<\/rs-slides>\n\t\t\t\t\t<rs-progress class=\"rs-bottom\" style=\"visibility: hidden !important;\"><\/rs-progress>\n\t\t\t\t<\/rs-module>\n\t\t\t\t<script type=\"text\/javascript\">\n\t\t\t\t\tsetREVStartSize({c: 'rev_slider_44_1',rl:[1240,1024,778,480],el:[200],gw:[1240],gh:[200],layout:'fullwidth',mh:\"0\"});\n\t\t\t\t\tvar\trevapi44,\n\t\t\t\t\t\ttpj;\n\t\t\t\t\tjQuery(function() {\n\t\t\t\t\t\ttpj = jQuery;\n\t\t\t\t\t\tif(tpj(\"#rev_slider_44_1\").revolution == undefined){\n\t\t\t\t\t\t\trevslider_showDoubleJqueryError(\"#rev_slider_44_1\");\n\t\t\t\t\t\t}else{\n\t\t\t\t\t\t\trevapi44 = tpj(\"#rev_slider_44_1\").show().revolution({\n\t\t\t\t\t\t\t\tjsFileLocation:\"\/\/caralticonesa.com\/wp-content\/plugins\/revslider\/public\/assets\/js\/\",\n\t\t\t\t\t\t\t\tsliderLayout:\"fullwidth\",\n\t\t\t\t\t\t\t\tvisibilityLevels:\"1240,1024,778,480\",\n\t\t\t\t\t\t\t\tgridwidth:1240,\n\t\t\t\t\t\t\t\tgridheight:200,\n\t\t\t\t\t\t\t\tminHeight:\"\",\n\t\t\t\t\t\t\t\tspinner:\"spinner0\",\n\t\t\t\t\t\t\t\teditorheight:\"200,768,960,720\",\n\t\t\t\t\t\t\t\tresponsiveLevels:\"1240,1024,778,480\",\n\t\t\t\t\t\t\t\tdisableProgressBar:\"on\",\n\t\t\t\t\t\t\t\tnavigation: {\n\t\t\t\t\t\t\t\t\tonHoverStop:false\n\t\t\t\t\t\t\t\t},\n\t\t\t\t\t\t\t\tfallbacks: {\n\t\t\t\t\t\t\t\t\tallowHTML5AutoPlayOnAndroid:true\n\t\t\t\t\t\t\t\t},\n\t\t\t\t\t\t\t});\n\t\t\t\t\t\t}\n\t\t\t\t\t\t\n\t\t\t\t\t});\n\t\t\t\t<\/script>\n\t\t\t<\/rs-module-wrap>\n\t\t\t<!-- END REVOLUTION SLIDER -->\n[vc_empty_space height=&#8221;50px&#8221;][\/vc_column][\/vc_row][vc_row full_width=&#8221;stretch_row_content&#8221; equal_height=&#8221;yes&#8221; css=&#8221;.vc_custom_1585902987499{padding-right: 5% !important;padding-left: 5% !important;}&#8221;][vc_column width=&#8221;1\/3&#8243;][vc_single_image image=&#8221;527&#8243; img_size=&#8221;full&#8221;][\/vc_column][vc_column width=&#8221;2\/3&#8243; css=&#8221;.vc_custom_1585901377232{padding-right: 3% !important;}&#8221;][vc_column_text el_class=&#8221;intro-text&#8221;]Per donar suport als aut\u00f2noms i empreses en la gesti\u00f3 de les seves assegurances de vehicles les companyies creen productes molt flexibles a trav\u00e9s de contractes de flota, per:<\/p>\n<ul>\n<li>millorar les primes<\/li>\n<li>triar les cobertures depenent de les necessitats<\/li>\n<li>pactar els preus de renovaci\u00f3 per a propers exercicis<\/li>\n<\/ul>\n<p>[\/vc_column_text][vc_empty_space height=&#8221;50px&#8221;][\/vc_column][\/vc_row][vc_row full_width=&#8221;stretch_row&#8221; css=&#8221;.vc_custom_1585903095164{padding-right: 5% !important;padding-left: 5% !important;}&#8221;][vc_column][vc_empty_space][vc_column_text]<\/p>\n<h2 style=\"text-align: left;\">PREGUNTES FREQ\u00dcENTS<\/h2>\n<p>[\/vc_column_text][vc_empty_space][vc_tta_accordion][vc_tta_section title=&#8221;QU\u00c8 PASSA SI ELS VENCIMENTS DE LES P\u00d2LISSES NO COINCIDEIXEN?&#8221; tab_id=&#8221;1597217251934-d3c83bf2-43a3&#8243;][vc_column_text]Una p\u00f2lissa de flota vol dir que en un sol contracte, l&#8217;asseguradora cobreix el risc, \u00e9s a dir un sol inici i final de la p\u00f2lissa, per tant a mesura que es necessiti cobrir els vehicles entraran a la p\u00f2lissa col\u00b7lectiva, i venceran en la mateixa data .[\/vc_column_text][\/vc_tta_section][vc_tta_section title=&#8221;COM ACONSEGUIR EL MILLOR PREUS EN ASSEGURANCES DE FLOTA?&#8221; tab_id=&#8221;1597217251960-bcd3e9db-8bc0&#8243;][vc_column_text]Com m\u00e9s informaci\u00f3 disposi la companyia m, millor tarifa, ens podr\u00e0 oferir, tipus de conductors, per\u00edodes de transport, \u00e0mbits geogr\u00e0fics, tipus de mercaderies, destinacions.[\/vc_column_text][\/vc_tta_section][\/vc_tta_accordion][\/vc_column][\/vc_row][vc_row full_width=&#8221;stretch_row&#8221; css=&#8221;.vc_custom_1585903009089{padding-right: 5% !important;padding-left: 5% !important;background-color: #ffffff !important;}&#8221;][vc_column][vc_empty_space height=&#8221;60px&#8221;][\/vc_column][\/vc_row][vc_row full_width=&#8221;stretch_row&#8221; css=&#8221;.vc_custom_1585903009089{padding-right: 5% !important;padding-left: 5% !important;background-color: #ffffff !important;}&#8221;][vc_column][vc_column_text]<\/p>\n<h2 style=\"text-align: center;\">Necessites una altra asseguran\u00e7a?<\/h2>\n<p style=\"text-align: center;\">Cobrim tots els riscos que puguis tenir<\/p>\n<p>[\/vc_column_text][vc_empty_space height=&#8221;50px&#8221;][vc_btn title=&#8221;ASSEGURANCES D&#8217;EMPRESES&#8221; align=&#8221;center&#8221; link=&#8221;url:http%3A%2F%2Fcaralticonesa.com%2Fca%2Fassegurances-empreses%2F|title:Empreses||&#8221;][vc_empty_space height=&#8221;50px&#8221;][\/vc_column][\/vc_row]<\/p>\n","protected":false},"excerpt":{"rendered":"<p>[vc_row][vc_column][vc_empty_space height=&#8221;50px&#8221;][\/vc_column][\/vc_row][vc_row full_width=&#8221;stretch_row_content&#8221; equal_height=&#8221;yes&#8221; css=&#8221;.vc_custom_1585902987499{padding-right: 5% !important;padding-left: 5% !important;}&#8221;][vc_column width=&#8221;1\/3&#8243;][vc_single_image image=&#8221;527&#8243; img_size=&#8221;full&#8221;][\/vc_column][vc_column width=&#8221;2\/3&#8243; css=&#8221;.vc_custom_1585901377232{padding-right: 3% !important;}&#8221;][vc_column_text el_class=&#8221;intro-text&#8221;]Per donar suport als aut\u00f2noms i empreses en la [&hellip;]<\/p>\n","protected":false},"author":1,"featured_media":795,"parent":1151,"menu_order":0,"comment_status":"closed","ping_status":"closed","template":"","meta":{"footnotes":""},"class_list":["post-1082","page","type-page","status-publish","has-post-thumbnail","hentry"],"yoast_head":"<!-- This site is optimized with the Yoast SEO plugin v24.1 - https:\/\/yoast.com\/wordpress\/plugins\/seo\/ -->\n<title>VEHICLES PER AUT\u00d2NOMS I FLOTES - Caralt i Conesa<\/title>\n<meta name=\"robots\" content=\"index, follow, max-snippet:-1, max-image-preview:large, max-video-preview:-1\" \/>\n<link rel=\"canonical\" href=\"https:\/\/caralticonesa.com\/ca\/assegurances-autonoms\/vehicles\/\" \/>\n<meta property=\"og:locale\" content=\"ca_ES\" \/>\n<meta property=\"og:type\" content=\"article\" \/>\n<meta property=\"og:title\" content=\"VEHICLES PER AUT\u00d2NOMS I FLOTES - Caralt i Conesa\" \/>\n<meta property=\"og:description\" content=\"[vc_row][vc_column][vc_empty_space height=&#8221;50px&#8221;][\/vc_column][\/vc_row][vc_row full_width=&#8221;stretch_row_content&#8221; equal_height=&#8221;yes&#8221; css=&#8221;.vc_custom_1585902987499{padding-right: 5% !important;padding-left: 5% !important;}&#8221;][vc_column width=&#8221;1\/3&#8243;][vc_single_image image=&#8221;527&#8243; img_size=&#8221;full&#8221;][\/vc_column][vc_column width=&#8221;2\/3&#8243; css=&#8221;.vc_custom_1585901377232{padding-right: 3% !important;}&#8221;][vc_column_text el_class=&#8221;intro-text&#8221;]Per donar suport als aut\u00f2noms i empreses en la [&hellip;]\" \/>\n<meta property=\"og:url\" content=\"https:\/\/caralticonesa.com\/ca\/assegurances-autonoms\/vehicles\/\" \/>\n<meta property=\"og:site_name\" content=\"Caralt i Conesa\" \/>\n<meta property=\"article:modified_time\" content=\"2020-08-12T11:55:11+00:00\" \/>\n<meta property=\"og:image\" content=\"https:\/\/caralticonesa.com\/wp-content\/uploads\/2020\/06\/coche-1.png\" \/>\n\t<meta property=\"og:image:width\" content=\"1493\" \/>\n\t<meta property=\"og:image:height\" content=\"206\" \/>\n\t<meta property=\"og:image:type\" content=\"image\/png\" \/>\n<meta name=\"twitter:card\" content=\"summary_large_image\" \/>\n<meta name=\"twitter:label1\" content=\"Temps estimat de lectura\" \/>\n\t<meta name=\"twitter:data1\" content=\"2 minuts\" \/>\n<script type=\"application\/ld+json\" class=\"yoast-schema-graph\">{\"@context\":\"https:\/\/schema.org\",\"@graph\":[{\"@type\":\"WebPage\",\"@id\":\"https:\/\/caralticonesa.com\/ca\/assegurances-autonoms\/vehicles\/\",\"url\":\"https:\/\/caralticonesa.com\/ca\/assegurances-autonoms\/vehicles\/\",\"name\":\"VEHICLES PER AUT\u00d2NOMS I FLOTES - Caralt i Conesa\",\"isPartOf\":{\"@id\":\"https:\/\/caralticonesa.com\/#website\"},\"primaryImageOfPage\":{\"@id\":\"https:\/\/caralticonesa.com\/ca\/assegurances-autonoms\/vehicles\/#primaryimage\"},\"image\":{\"@id\":\"https:\/\/caralticonesa.com\/ca\/assegurances-autonoms\/vehicles\/#primaryimage\"},\"thumbnailUrl\":\"https:\/\/caralticonesa.com\/wp-content\/uploads\/2020\/06\/coche-1.png\",\"datePublished\":\"2020-07-27T11:11:59+00:00\",\"dateModified\":\"2020-08-12T11:55:11+00:00\",\"breadcrumb\":{\"@id\":\"https:\/\/caralticonesa.com\/ca\/assegurances-autonoms\/vehicles\/#breadcrumb\"},\"inLanguage\":\"ca\",\"potentialAction\":[{\"@type\":\"ReadAction\",\"target\":[\"https:\/\/caralticonesa.com\/ca\/assegurances-autonoms\/vehicles\/\"]}]},{\"@type\":\"ImageObject\",\"inLanguage\":\"ca\",\"@id\":\"https:\/\/caralticonesa.com\/ca\/assegurances-autonoms\/vehicles\/#primaryimage\",\"url\":\"https:\/\/caralticonesa.com\/wp-content\/uploads\/2020\/06\/coche-1.png\",\"contentUrl\":\"https:\/\/caralticonesa.com\/wp-content\/uploads\/2020\/06\/coche-1.png\",\"width\":1493,\"height\":206},{\"@type\":\"BreadcrumbList\",\"@id\":\"https:\/\/caralticonesa.com\/ca\/assegurances-autonoms\/vehicles\/#breadcrumb\",\"itemListElement\":[{\"@type\":\"ListItem\",\"position\":1,\"name\":\"Portada\",\"item\":\"https:\/\/caralticonesa.com\/ca\/\"},{\"@type\":\"ListItem\",\"position\":2,\"name\":\"Aut\u00f3nomos\",\"item\":\"https:\/\/caralticonesa.com\/ca\/assegurances-autonoms\/\"},{\"@type\":\"ListItem\",\"position\":3,\"name\":\"VEHICLES PER AUT\u00d2NOMS I FLOTES\"}]},{\"@type\":\"WebSite\",\"@id\":\"https:\/\/caralticonesa.com\/#website\",\"url\":\"https:\/\/caralticonesa.com\/\",\"name\":\"Caralt i Conesa\",\"description\":\"Otro sitio realizado con WordPress\",\"potentialAction\":[{\"@type\":\"SearchAction\",\"target\":{\"@type\":\"EntryPoint\",\"urlTemplate\":\"https:\/\/caralticonesa.com\/?s={search_term_string}\"},\"query-input\":{\"@type\":\"PropertyValueSpecification\",\"valueRequired\":true,\"valueName\":\"search_term_string\"}}],\"inLanguage\":\"ca\"}]}<\/script>\n<!-- \/ Yoast SEO plugin. -->","yoast_head_json":{"title":"VEHICLES PER AUT\u00d2NOMS I FLOTES - Caralt i Conesa","robots":{"index":"index","follow":"follow","max-snippet":"max-snippet:-1","max-image-preview":"max-image-preview:large","max-video-preview":"max-video-preview:-1"},"canonical":"https:\/\/caralticonesa.com\/ca\/assegurances-autonoms\/vehicles\/","og_locale":"ca_ES","og_type":"article","og_title":"VEHICLES PER AUT\u00d2NOMS I FLOTES - Caralt i Conesa","og_description":"[vc_row][vc_column][vc_empty_space height=&#8221;50px&#8221;][\/vc_column][\/vc_row][vc_row full_width=&#8221;stretch_row_content&#8221; equal_height=&#8221;yes&#8221; css=&#8221;.vc_custom_1585902987499{padding-right: 5% !important;padding-left: 5% !important;}&#8221;][vc_column width=&#8221;1\/3&#8243;][vc_single_image image=&#8221;527&#8243; img_size=&#8221;full&#8221;][\/vc_column][vc_column width=&#8221;2\/3&#8243; css=&#8221;.vc_custom_1585901377232{padding-right: 3% !important;}&#8221;][vc_column_text el_class=&#8221;intro-text&#8221;]Per donar suport als aut\u00f2noms i empreses en la [&hellip;]","og_url":"https:\/\/caralticonesa.com\/ca\/assegurances-autonoms\/vehicles\/","og_site_name":"Caralt i Conesa","article_modified_time":"2020-08-12T11:55:11+00:00","og_image":[{"width":1493,"height":206,"url":"https:\/\/caralticonesa.com\/wp-content\/uploads\/2020\/06\/coche-1.png","type":"image\/png"}],"twitter_card":"summary_large_image","twitter_misc":{"Temps estimat de lectura":"2 minuts"},"schema":{"@context":"https:\/\/schema.org","@graph":[{"@type":"WebPage","@id":"https:\/\/caralticonesa.com\/ca\/assegurances-autonoms\/vehicles\/","url":"https:\/\/caralticonesa.com\/ca\/assegurances-autonoms\/vehicles\/","name":"VEHICLES PER AUT\u00d2NOMS I FLOTES - Caralt i Conesa","isPartOf":{"@id":"https:\/\/caralticonesa.com\/#website"},"primaryImageOfPage":{"@id":"https:\/\/caralticonesa.com\/ca\/assegurances-autonoms\/vehicles\/#primaryimage"},"image":{"@id":"https:\/\/caralticonesa.com\/ca\/assegurances-autonoms\/vehicles\/#primaryimage"},"thumbnailUrl":"https:\/\/caralticonesa.com\/wp-content\/uploads\/2020\/06\/coche-1.png","datePublished":"2020-07-27T11:11:59+00:00","dateModified":"2020-08-12T11:55:11+00:00","breadcrumb":{"@id":"https:\/\/caralticonesa.com\/ca\/assegurances-autonoms\/vehicles\/#breadcrumb"},"inLanguage":"ca","potentialAction":[{"@type":"ReadAction","target":["https:\/\/caralticonesa.com\/ca\/assegurances-autonoms\/vehicles\/"]}]},{"@type":"ImageObject","inLanguage":"ca","@id":"https:\/\/caralticonesa.com\/ca\/assegurances-autonoms\/vehicles\/#primaryimage","url":"https:\/\/caralticonesa.com\/wp-content\/uploads\/2020\/06\/coche-1.png","contentUrl":"https:\/\/caralticonesa.com\/wp-content\/uploads\/2020\/06\/coche-1.png","width":1493,"height":206},{"@type":"BreadcrumbList","@id":"https:\/\/caralticonesa.com\/ca\/assegurances-autonoms\/vehicles\/#breadcrumb","itemListElement":[{"@type":"ListItem","position":1,"name":"Portada","item":"https:\/\/caralticonesa.com\/ca\/"},{"@type":"ListItem","position":2,"name":"Aut\u00f3nomos","item":"https:\/\/caralticonesa.com\/ca\/assegurances-autonoms\/"},{"@type":"ListItem","position":3,"name":"VEHICLES PER AUT\u00d2NOMS I FLOTES"}]},{"@type":"WebSite","@id":"https:\/\/caralticonesa.com\/#website","url":"https:\/\/caralticonesa.com\/","name":"Caralt i Conesa","description":"Otro sitio realizado con WordPress","potentialAction":[{"@type":"SearchAction","target":{"@type":"EntryPoint","urlTemplate":"https:\/\/caralticonesa.com\/?s={search_term_string}"},"query-input":{"@type":"PropertyValueSpecification","valueRequired":true,"valueName":"search_term_string"}}],"inLanguage":"ca"}]}},"_links":{"self":[{"href":"https:\/\/caralticonesa.com\/ca\/wp-json\/wp\/v2\/pages\/1082"}],"collection":[{"href":"https:\/\/caralticonesa.com\/ca\/wp-json\/wp\/v2\/pages"}],"about":[{"href":"https:\/\/caralticonesa.com\/ca\/wp-json\/wp\/v2\/types\/page"}],"author":[{"embeddable":true,"href":"https:\/\/caralticonesa.com\/ca\/wp-json\/wp\/v2\/users\/1"}],"replies":[{"embeddable":true,"href":"https:\/\/caralticonesa.com\/ca\/wp-json\/wp\/v2\/comments?post=1082"}],"version-history":[{"count":0,"href":"https:\/\/caralticonesa.com\/ca\/wp-json\/wp\/v2\/pages\/1082\/revisions"}],"up":[{"embeddable":true,"href":"https:\/\/caralticonesa.com\/ca\/wp-json\/wp\/v2\/pages\/1151"}],"wp:featuredmedia":[{"embeddable":true,"href":"https:\/\/caralticonesa.com\/ca\/wp-json\/wp\/v2\/media\/795"}],"wp:attachment":[{"href":"https:\/\/caralticonesa.com\/ca\/wp-json\/wp\/v2\/media?parent=1082"}],"curies":[{"name":"wp","href":"https:\/\/api.w.org\/{rel}","templated":true}]}}